{"id":7045,"date":"2024-02-07T19:07:48","date_gmt":"2024-02-07T18:07:48","guid":{"rendered":"https:\/\/www.alliancefrancaise.cz\/jiznicechy\/ateliers-pedagogiques\/"},"modified":"2025-08-20T14:48:30","modified_gmt":"2025-08-20T12:48:30","slug":"ateliers-pedagogiques","status":"publish","type":"page","link":"https:\/\/www.alliancefrancaise.cz\/jiznicechy\/fr\/ateliers-pedagogiques\/","title":{"rendered":"Ateliers p\u00e9dagogiques"},"content":{"rendered":"\n<figure class=\"wp-block-image size-large is-resized\"><img loading=\"lazy\" decoding=\"async\" width=\"1360\" height=\"765\" src=\"https:\/\/www.alliancefrancaise.cz\/jiznicechy\/wp-content\/uploads\/2024\/02\/Workshop-1360x765.png\" alt=\"\" class=\"wp-image-7388\" style=\"width:479px;height:auto\" srcset=\"https:\/\/www.alliancefrancaise.cz\/jiznicechy\/wp-content\/uploads\/2024\/02\/Workshop-1360x765.png 1360w, https:\/\/www.alliancefrancaise.cz\/jiznicechy\/wp-content\/uploads\/2024\/02\/Workshop-460x259.png 460w, https:\/\/www.alliancefrancaise.cz\/jiznicechy\/wp-content\/uploads\/2024\/02\/Workshop-768x432.png 768w, https:\/\/www.alliancefrancaise.cz\/jiznicechy\/wp-content\/uploads\/2024\/02\/Workshop.png 1920w\" sizes=\"auto, (max-width: 1360px) 100vw, 1360px\" \/><\/figure>\n\n<p><strong>Vous \u00eates professeur et vous souhaitez faire d\u00e9couvrir \u00e0 votre classe les cultures fran\u00e7aises et francophones ?<\/strong> Nous organisons des ateliers \u00e9ducatifs pour les \u00e9coles.<\/p>\n\n<p>Ces ateliers peuvent concerner \u00e0 la fois la culture fran\u00e7aise ou des pays francophones ou bien la langue fran\u00e7aise.<\/p>\n\n<p>Pour plus d\u2019information, contactez-nous \u00e0 <a href=\"mailto:jiznicechy@alliancefrancaise.cz\">jiznicechy@alliancefrancaise.cz<\/a><\/p>\n","protected":false},"excerpt":{"rendered":"<p>Vous \u00eates professeur et vous souhaitez faire d\u00e9couvrir \u00e0 votre classe les cultures fran\u00e7aises et francophones ? Nous organisons des ateliers \u00e9ducatifs pour les \u00e9coles. Ces ateliers peuvent&#8230;<\/p>\n","protected":false},"author":4,"featured_media":7389,"parent":0,"menu_order":0,"comment_status":"closed","ping_status":"closed","template":"","meta":{"_acf_changed":false,"footnotes":""},"class_list":["post-7045","page","type-page","status-publish","has-post-thumbnail","hentry"],"acf":[],"_links":{"self":[{"href":"https:\/\/www.alliancefrancaise.cz\/jiznicechy\/fr\/wp-json\/wp\/v2\/pages\/7045","targetHints":{"allow":["GET"]}}],"collection":[{"href":"https:\/\/www.alliancefrancaise.cz\/jiznicechy\/fr\/wp-json\/wp\/v2\/pages"}],"about":[{"href":"https:\/\/www.alliancefrancaise.cz\/jiznicechy\/fr\/wp-json\/wp\/v2\/types\/page"}],"author":[{"embeddable":true,"href":"https:\/\/www.alliancefrancaise.cz\/jiznicechy\/fr\/wp-json\/wp\/v2\/users\/4"}],"replies":[{"embeddable":true,"href":"https:\/\/www.alliancefrancaise.cz\/jiznicechy\/fr\/wp-json\/wp\/v2\/comments?post=7045"}],"version-history":[{"count":5,"href":"https:\/\/www.alliancefrancaise.cz\/jiznicechy\/fr\/wp-json\/wp\/v2\/pages\/7045\/revisions"}],"predecessor-version":[{"id":17320,"href":"https:\/\/www.alliancefrancaise.cz\/jiznicechy\/fr\/wp-json\/wp\/v2\/pages\/7045\/revisions\/17320"}],"wp:featuredmedia":[{"embeddable":true,"href":"https:\/\/www.alliancefrancaise.cz\/jiznicechy\/fr\/wp-json\/wp\/v2\/media\/7389"}],"wp:attachment":[{"href":"https:\/\/www.alliancefrancaise.cz\/jiznicechy\/fr\/wp-json\/wp\/v2\/media?parent=7045"}],"curies":[{"name":"wp","href":"https:\/\/api.w.org\/{rel}","templated":true}]}}