{"id":7262,"date":"2024-02-22T12:26:34","date_gmt":"2024-02-22T11:26:34","guid":{"rendered":"https:\/\/www.alliancefrancaise.cz\/jiznicechy\/cours-de-francais-pour-entreprises\/"},"modified":"2026-02-24T14:13:38","modified_gmt":"2026-02-24T13:13:38","slug":"cours-de-francais-pour-entreprises","status":"publish","type":"page","link":"https:\/\/www.alliancefrancaise.cz\/jiznicechy\/fr\/cours-de-francais-pour-entreprises\/","title":{"rendered":"Cours de fran\u00e7ais pour entreprises"},"content":{"rendered":"\n<p>Qui de mieux que l\u2019Alliance Fran\u00e7aise pour enseigner la langue fran\u00e7aise ? L\u2019Alliance Fran\u00e7aise de Boh\u00eame du Sud propose des cours sur mesure r\u00e9pondant aux besoins et objectifs des entreprises et des institutions. Optimisez votre communication avec vos coll\u00e8gues, partenaires et clients francophones !<\/p>\n\n<h5 class=\"wp-block-heading\">Pourquoi choisir l\u2019Alliance Fran\u00e7aise ?<\/h5>\n\n<h6 class=\"wp-block-heading\"><strong>Des formules v\u00e9ritablement sur mesure<\/strong><\/h6>\n\n<ul class=\"wp-block-list\">\n<li>Flexibilit\u00e9 des horaires et du rythme<\/li>\n\n\n\n<li>Choix du lieu et du format (en pr\u00e9sence, \u00e0 distance ou asynchrone)<\/li>\n\n\n\n<li>Construction d\u2019un programme r\u00e9pondant \u00e0 vos objectifs, \u00e0 la suite de la proc\u00e9dure des besoins<\/li>\n<\/ul>\n\n<h6 class=\"wp-block-heading\"><strong>Des formations de qualit\u00e9<\/strong><\/h6>\n\n<ul class=\"wp-block-list\">\n<li>Des enseignants comp\u00e9tent et au profil adapt\u00e9.<\/li>\n\n\n\n<li>L\u2019\u00e9tablissement d\u2019un contrat p\u00e9dagogique avec un programme pr\u00e9visionnel.<\/li>\n\n\n\n<li>Un suivi assur\u00e9 par l\u2019enseignant.<\/li>\n\n\n\n<li>La possibilit\u00e9 d\u2019activit\u00e9s compl\u00e9mentaires en autonomie.<\/li>\n<\/ul>\n\n<h6 class=\"wp-block-heading\"><strong>Un environnement francophone unique<\/strong><\/h6>\n\n<p>L\u2019Alliance Fran\u00e7aise propose r\u00e9guli\u00e8rement des activit\u00e9s culturelles et vous permet de b\u00e9n\u00e9ficier de tarifs r\u00e9duits sur les billets.<br\/>Acc\u00e8s gratuit \u00e0 des centaines de livres, CD et DVD ainsi qu\u2019\u00e0 la Cultureth\u00e8que, la biblioth\u00e8que num\u00e9rique de l\u2019Institut fran\u00e7ais.<\/p>\n\n<h6 class=\"wp-block-heading\"><strong>L\u2019acc\u00e8s \u00e0 un centre d\u2019examens de fran\u00e7ais<\/strong><\/h6>\n\n<p>L\u2019Institut Fran\u00e7ais et les Alliances Fran\u00e7aises sont les seuls centres d\u2019examen agr\u00e9\u00e9s en Tch\u00e9quie en mesure de vous proposer la passation des DELF\/ DALF.<\/p>\n\n<h5 class=\"wp-block-heading\">Quel type de cours pour quel type de besoin ?<\/h5>\n\n<h6 class=\"wp-block-heading\"><strong>Formation en fran\u00e7ais sur objectifs sp\u00e9cifiques<\/strong><\/h6>\n\n<p>Vous souhaitez pouvoir :<\/p>\n\n<ul class=\"wp-block-list\">\n<li>Comprendre des documents r\u00e9dig\u00e9s en fran\u00e7ais, usuels dans votre environnement professionnel?<\/li>\n\n\n\n<li>Comprendre une conversation en fran\u00e7ais, ou toute situation de communication orale professionnelle?<\/li>\n\n\n\n<li>Interagir en fran\u00e7ais dans un contexte professionnel sp\u00e9cifique?<\/li>\n\n\n\n<li>Savoir r\u00e9agir de mani\u00e8re ad\u00e9quate en face-\u00e0-face, gr\u00e2ce \u00e0 une connaissance des r\u00e8gles de communication socio-professionnelles en France ?<\/li>\n<\/ul>\n\n<p>Nous int\u00e9grons partiellement ou totalement ces comp\u00e9tences au programme de formation mis en place ensemble. Selon vos besoins, nous pouvons vous proposer une formation collective ou un enseignement individuel.<\/p>\n\n<h6 class=\"wp-block-heading\"><strong>Formation \u00e0 l\u2019interculturel<\/strong><\/h6>\n\n<p>Vous avez des clients ou des interlocuteurs francophones, et vous voudriez savoir quelles sont les erreurs \u00e0 ne pas commettre ou comprendre leurs r\u00e9actions, mais vous n\u2019avez pas le temps de suivre une formation linguistique compl\u00e8te ?<\/p>\n\n<p>Nous pouvons vous proposer une formation \u00e0 l\u2019interculturel en fran\u00e7ais ou en tch\u00e8que, pour une dur\u00e9e de votre choix.<\/p>\n\n<h6 class=\"wp-block-heading\"><strong>Formation \u00e0 l\u2019\u00e9cosyst\u00e8me professionnel fran\u00e7ais ou d&rsquo;un pays francophone<\/strong><\/h6>\n\n<p>Vous souhaitez conna\u00eetre le paysage \u00e9conomique de la France ou d&rsquo;un pays francophone ? Vous d\u00e9sirez conna\u00eetre les principales institutions fran\u00e7aises (Chambre de Commerce, Tr\u00e9sor public, etc.) et \/ ou les grands acteurs priv\u00e9s ?<\/p>\n\n<p>Nous pouvons mettre en place pour votre organisation de courtes conf\u00e9rences-discussions autour d\u2019un ou plusieurs de ces sujets en fran\u00e7ais ou en tch\u00e8que.<\/p>\n\n<h5 class=\"wp-block-heading\">Comment valoriser vos comp\u00e9tences en fran\u00e7ais ?<\/h5>\n\n<p>Pour valoriser vos comp\u00e9tences en fran\u00e7ais, dans un cadre professionnel, il est important de pouvoir justifier d\u2019un niveau gr\u00e2ce \u00e0 un test ou un dipl\u00f4me officiellement reconnu.<\/p>\n\n<p>Vous pouvez consulter notre page d\u00e9di\u00e9e aux tests et examens, pour conna\u00eetre l\u2019ensemble de ces tests. Le DELF \/ DALF sont des dipl\u00f4mes valables \u00e0 vie et d\u00e9livr\u00e9s dans plus de 160 pays et sont, par cons\u00e9quent, connus dans le monde entier.<\/p>\n\n<p>L\u2019\u00e9valuation des besoins par l\u2019Alliance Fran\u00e7aise est offerte ainsi que le test de placement linguistique des int\u00e9ress\u00e9s. Ecrivez-nous pour obtenir un devis personnalis\u00e9 !<\/p>\n<div class='fluentform ff-default fluentform_wrapper_2  ff_guten_block ff_guten_block-2 ffs_default_wrap'><form data-form_id=\"2\" id=\"fluentform_2\" class=\"frm-fluent-form fluent_form_2 ff-el-form-top ff_form_instance_2_1 ff-form-loading ffs_default\" data-form_instance=\"ff_form_instance_2_1\" method=\"POST\" ><fieldset  style=\"border: none!important;margin: 0!important;padding: 0!important;background-color: transparent!important;box-shadow: none!important;outline: none!important; min-inline-size: 100%;\">\n                    <legend class=\"ff_screen_reader_title\" style=\"display: block; margin: 0!important;padding: 0!important;height: 0!important;text-indent: -999999px;width: 0!important;overflow:hidden;\">Popt\u00e1vka<\/legend><input type='hidden' name='__fluent_form_embded_post_id' value='7262' \/><input type=\"hidden\" id=\"_fluentform_2_fluentformnonce\" name=\"_fluentform_2_fluentformnonce\" value=\"7c9a53428a\" \/><input type=\"hidden\" name=\"_wp_http_referer\" value=\"\/jiznicechy\/fr\/wp-json\/wp\/v2\/pages\/7262\" \/><div class='ff-el-group'><div class=\"ff-el-input--label asterisk-right\"><label for='ff_2_name' id='label_ff_2_name' >Jm\u00e9no<\/label><\/div><div class='ff-el-input--content'><input type=\"text\" name=\"name\" class=\"ff-el-form-control\" placeholder=\"Va\u0161e Jm\u00e9no\" data-name=\"name\" id=\"ff_2_name\"  aria-invalid=\"false\" aria-required=false><\/div><\/div><div class='ff-el-group'><div class=\"ff-el-input--label ff-el-is-required asterisk-right\"><label for='ff_2_email' id='label_ff_2_email' aria-label=\"E-mail\">E-mail<\/label><\/div><div class='ff-el-input--content'><input type=\"email\" name=\"email\" id=\"ff_2_email\" class=\"ff-el-form-control\" placeholder=\"vas@email.cz\" data-name=\"email\"  aria-invalid=\"false\" aria-required=true><\/div><\/div><div class='ff-el-group'><div class=\"ff-el-input--label ff-el-is-required asterisk-right\"><label for='ff_2_input_text' id='label_ff_2_input_text' aria-label=\"Telefon\">Telefon<\/label><\/div><div class='ff-el-input--content'><input type=\"text\" name=\"input_text\" class=\"ff-el-form-control\" placeholder=\"+420 ...\" data-name=\"input_text\" id=\"ff_2_input_text\"  aria-invalid=\"false\" aria-required=true><\/div><\/div><div class='ff-el-group'><div class=\"ff-el-input--label asterisk-right\"><label for='ff_2_description' id='label_ff_2_description' aria-label=\"Zpr\u00e1va\">Zpr\u00e1va<\/label><\/div><div class='ff-el-input--content'><textarea aria-required=\"false\" aria-labelledby=\"label_ff_2_description\" name=\"description\" id=\"ff_2_description\" class=\"ff-el-form-control\" placeholder=\"V\u00e1\u0161 dotaz\" rows=\"3\" cols=\"2\" data-name=\"description\" ><\/textarea><\/div><\/div><div class='ff-el-group  mt-2  ff-el-input--content'><div class='ff-el-form-check ff-el-tc'><label aria-label='Terms and Conditions: Souhlas\u00edm se zpracov\u00e1n\u00edm osobn\u00edch \u00fadaj\u016f Contains 1 link. Use tab navigation to review.' class='ff-el-form-check-label ff_tc_label' for=terms-n-condition_04e77b809d42464eb8268b3c4742fe51><span class='ff_tc_checkbox'><input type=\"checkbox\" name=\"terms-n-condition\" class=\"ff-el-form-check-input\" data-name=\"terms-n-condition\" id=\"terms-n-condition_04e77b809d42464eb8268b3c4742fe51\"  value='on' aria-invalid='false' aria-required=false><\/span> <div class='ff_t_c'><p>Souhlas\u00edm se zpracov\u00e1n\u00edm <a href=\"#\">osobn\u00edch \u00fadaj\u016f<\/a><\/p><\/div><\/label><\/div><\/div><div class='ff-el-group ff-text-center ff_submit_btn_wrapper ff_submit_btn_wrapper_custom'><button class=\"ff-btn ff-btn-submit ff-btn-md btn btn-primary mt-4 ff_btn_no_style\" type=\"submit\" name=\"custom_submit_button-2_1\" data-name=\"custom_submit_button-2_1\"  aria-label=\"Odeslat zpr\u00e1vu\">Odeslat zpr\u00e1vu<\/button><\/div><\/fieldset><\/form><div id='fluentform_2_errors' class='ff-errors-in-stack ff_form_instance_2_1 ff-form-loading_errors ff_form_instance_2_1_errors'><\/div><\/div>            <script type=\"text\/javascript\">\n                window.fluent_form_ff_form_instance_2_1 = {\"id\":\"2\",\"settings\":{\"layout\":{\"labelPlacement\":\"top\",\"helpMessagePlacement\":\"with_label\",\"errorMessagePlacement\":\"inline\",\"asteriskPlacement\":\"asterisk-right\"},\"restrictions\":{\"denyEmptySubmission\":{\"enabled\":false}}},\"form_instance\":\"ff_form_instance_2_1\",\"form_id_selector\":\"fluentform_2\",\"rules\":{\"name\":{\"required\":{\"value\":false,\"message\":\"This field is required\"}},\"email\":{\"required\":{\"value\":true,\"message\":\"Email je povinn\\u00fd\"},\"email\":{\"value\":true,\"message\":\"E-mail nen\\u00ed ve spr\\u00e1vn\\u00edm tvaru.\"}},\"input_text\":{\"required\":{\"value\":true,\"message\":\"Telefon je povinn\\u00fd\"}},\"description\":{\"required\":{\"value\":false,\"message\":\"This field is required\"}},\"terms-n-condition\":{\"required\":{\"value\":false,\"message\":\"This field is required\"}}},\"debounce_time\":300};\n                            <\/script>\n            ","protected":false},"excerpt":{"rendered":"<p>Qui de mieux que l\u2019Alliance Fran\u00e7aise pour enseigner la langue fran\u00e7aise ? L\u2019Alliance Fran\u00e7aise de Boh\u00eame du Sud propose des cours sur mesure r\u00e9pondant aux besoins et objectifs&#8230;<\/p>\n","protected":false},"author":4,"featured_media":7339,"parent":0,"menu_order":0,"comment_status":"closed","ping_status":"closed","template":"","meta":{"_acf_changed":false,"footnotes":""},"class_list":["post-7262","page","type-page","status-publish","has-post-thumbnail","hentry"],"acf":[],"_links":{"self":[{"href":"https:\/\/www.alliancefrancaise.cz\/jiznicechy\/fr\/wp-json\/wp\/v2\/pages\/7262","targetHints":{"allow":["GET"]}}],"collection":[{"href":"https:\/\/www.alliancefrancaise.cz\/jiznicechy\/fr\/wp-json\/wp\/v2\/pages"}],"about":[{"href":"https:\/\/www.alliancefrancaise.cz\/jiznicechy\/fr\/wp-json\/wp\/v2\/types\/page"}],"author":[{"embeddable":true,"href":"https:\/\/www.alliancefrancaise.cz\/jiznicechy\/fr\/wp-json\/wp\/v2\/users\/4"}],"replies":[{"embeddable":true,"href":"https:\/\/www.alliancefrancaise.cz\/jiznicechy\/fr\/wp-json\/wp\/v2\/comments?post=7262"}],"version-history":[{"count":7,"href":"https:\/\/www.alliancefrancaise.cz\/jiznicechy\/fr\/wp-json\/wp\/v2\/pages\/7262\/revisions"}],"predecessor-version":[{"id":18230,"href":"https:\/\/www.alliancefrancaise.cz\/jiznicechy\/fr\/wp-json\/wp\/v2\/pages\/7262\/revisions\/18230"}],"wp:featuredmedia":[{"embeddable":true,"href":"https:\/\/www.alliancefrancaise.cz\/jiznicechy\/fr\/wp-json\/wp\/v2\/media\/7339"}],"wp:attachment":[{"href":"https:\/\/www.alliancefrancaise.cz\/jiznicechy\/fr\/wp-json\/wp\/v2\/media?parent=7262"}],"curies":[{"name":"wp","href":"https:\/\/api.w.org\/{rel}","templated":true}]}}