{"id":7028,"date":"2024-02-07T19:02:32","date_gmt":"2024-02-07T18:02:32","guid":{"rendered":"https:\/\/www.alliancefrancaise.cz\/jiznicechy\/?page_id=7028"},"modified":"2026-02-23T13:00:30","modified_gmt":"2026-02-23T12:00:30","slug":"kurzy-francouzstiny","status":"publish","type":"page","link":"https:\/\/www.alliancefrancaise.cz\/jiznicechy\/kurzy-francouzstiny\/","title":{"rendered":"Kurzy francouz\u0161tiny"},"content":{"rendered":"\n<figure class=\"wp-block-image size-large is-resized\"><img loading=\"lazy\" decoding=\"async\" width=\"1360\" height=\"765\" src=\"https:\/\/www.alliancefrancaise.cz\/jiznicechy\/wp-content\/uploads\/2024\/02\/Cours-de-francais-1360x765.png\" alt=\"\" class=\"wp-image-7397\" style=\"width:476px;height:auto\" srcset=\"https:\/\/www.alliancefrancaise.cz\/jiznicechy\/wp-content\/uploads\/2024\/02\/Cours-de-francais-1360x765.png 1360w, https:\/\/www.alliancefrancaise.cz\/jiznicechy\/wp-content\/uploads\/2024\/02\/Cours-de-francais-460x259.png 460w, https:\/\/www.alliancefrancaise.cz\/jiznicechy\/wp-content\/uploads\/2024\/02\/Cours-de-francais-768x432.png 768w, https:\/\/www.alliancefrancaise.cz\/jiznicechy\/wp-content\/uploads\/2024\/02\/Cours-de-francais.png 1920w\" sizes=\"auto, (max-width: 1360px) 100vw, 1360px\" \/><\/figure>\n\n\n\n<p>Na\u0161e kurzy francouz\u0161tiny jsou vyu\u010dov\u00e1ny \u010desk\u00fdmi lektory a lektorkami s vysoko\u0161kolsk\u00fdm diplomem v oboru francouzsk\u00fd jazyk se zam\u011b\u0159en\u00edm na vzd\u011bl\u00e1n\u00ed nebo frankofonn\u00edmi rodil\u00fdmi mluv\u010d\u00edmi, co\u017e umo\u017e\u0148uje student\u016fm v\u00edce se pono\u0159it do frankofonn\u00ed kultury. N\u00e1\u0161 t\u00fdm v\u011bnuje zvl\u00e1\u0161tn\u00ed pozornost posouzen\u00ed pot\u0159eb studenta za \u00fa\u010delem spr\u00e1vn\u00e9ho ur\u010den\u00ed jeho \u00farovn\u011b a dosa\u017een\u00ed jeho c\u00edl\u016f. Z\u00e1rove\u0148 v\u00fduku p\u0159izp\u016fsobujeme tak, aby se student mohl zdokonalovat vlastn\u00edm tempem. Na\u0161i lekto\u0159i maj\u00ed k dispozici modern\u00ed pedagogick\u00e9 n\u00e1stroje, d\u00edky kter\u00fdm mohou nab\u00eddnout dynamickou v\u00fduku. \u0160kol\u00e1m v Jiho\u010desk\u00e9m kraji rovn\u011b\u017e nab\u00edz\u00edme mo\u017enost vyu\u017e\u00edt na\u0161e rodil\u00e9 mluv\u010d\u00ed k dopln\u011bn\u00ed v\u00fduky francouz\u0161tiny.<\/p>\n\n\n\n<p>Pro v\u00edce informac\u00ed n\u00e1m m\u016f\u017eete poslat e-mail na adresu <a href=\"mailto:  jiznicechy@alliancefrancaise.cz\">jiznicechy@alliancefrancaise.cz<\/a>.<\/p>\n","protected":false},"excerpt":{"rendered":"<p>Na\u0161e kurzy francouz\u0161tiny jsou vyu\u010dov\u00e1ny \u010desk\u00fdmi lektory a lektorkami s vysoko\u0161kolsk\u00fdm diplomem v oboru francouzsk\u00fd jazyk se zam\u011b\u0159en\u00edm na vzd\u011bl\u00e1n\u00ed nebo frankofonn\u00edmi rodil\u00fdmi mluv\u010d\u00edmi, co\u017e umo\u017e\u0148uje student\u016fm v\u00edce&#8230;<\/p>\n","protected":false},"author":4,"featured_media":7397,"parent":0,"menu_order":0,"comment_status":"closed","ping_status":"closed","template":"","meta":{"_acf_changed":false,"footnotes":""},"class_list":["post-7028","page","type-page","status-publish","has-post-thumbnail","hentry"],"acf":[],"_links":{"self":[{"href":"https:\/\/www.alliancefrancaise.cz\/jiznicechy\/wp-json\/wp\/v2\/pages\/7028","targetHints":{"allow":["GET"]}}],"collection":[{"href":"https:\/\/www.alliancefrancaise.cz\/jiznicechy\/wp-json\/wp\/v2\/pages"}],"about":[{"href":"https:\/\/www.alliancefrancaise.cz\/jiznicechy\/wp-json\/wp\/v2\/types\/page"}],"author":[{"embeddable":true,"href":"https:\/\/www.alliancefrancaise.cz\/jiznicechy\/wp-json\/wp\/v2\/users\/4"}],"replies":[{"embeddable":true,"href":"https:\/\/www.alliancefrancaise.cz\/jiznicechy\/wp-json\/wp\/v2\/comments?post=7028"}],"version-history":[{"count":3,"href":"https:\/\/www.alliancefrancaise.cz\/jiznicechy\/wp-json\/wp\/v2\/pages\/7028\/revisions"}],"predecessor-version":[{"id":18223,"href":"https:\/\/www.alliancefrancaise.cz\/jiznicechy\/wp-json\/wp\/v2\/pages\/7028\/revisions\/18223"}],"wp:featuredmedia":[{"embeddable":true,"href":"https:\/\/www.alliancefrancaise.cz\/jiznicechy\/wp-json\/wp\/v2\/media\/7397"}],"wp:attachment":[{"href":"https:\/\/www.alliancefrancaise.cz\/jiznicechy\/wp-json\/wp\/v2\/media?parent=7028"}],"curies":[{"name":"wp","href":"https:\/\/api.w.org\/{rel}","templated":true}]}}