{"id":6210,"date":"2023-06-20T16:07:16","date_gmt":"2023-06-20T14:07:16","guid":{"rendered":"https:\/\/www.alliancefrancaise.cz\/liberec\/?page_id=6210"},"modified":"2025-10-30T08:41:58","modified_gmt":"2025-10-30T07:41:58","slug":"terminy-registrace-cenik","status":"publish","type":"page","link":"https:\/\/www.alliancefrancaise.cz\/liberec\/terminy-registrace-cenik\/","title":{"rendered":"Term\u00edny, registrace a cen\u00edk"},"content":{"rendered":"\n<figure class=\"wp-block-image size-full is-resized\"><img loading=\"lazy\" decoding=\"async\" width=\"701\" height=\"540\" src=\"https:\/\/www.alliancefrancaise.cz\/liberec\/wp-content\/uploads\/2025\/10\/40-ans-DELF.jpg\" alt=\"\" class=\"wp-image-7519\" style=\"width:495px;height:auto\" srcset=\"https:\/\/www.alliancefrancaise.cz\/liberec\/wp-content\/uploads\/2025\/10\/40-ans-DELF.jpg 701w, https:\/\/www.alliancefrancaise.cz\/liberec\/wp-content\/uploads\/2025\/10\/40-ans-DELF-460x354.jpg 460w\" sizes=\"auto, (max-width: 701px) 100vw, 701px\" \/><\/figure>\n\n\n\n<div class=\"wp-block-group\"><div class=\"wp-block-group__inner-container is-layout-constrained wp-block-group-is-layout-constrained\">\n<p><strong>DELF<\/strong> &#8211; Diplome d\u2019\u00e9tudes en langue fran\u00e7aise \u2013 Diplom studi\u00ed francouzsk\u00e9ho jazyka<br><strong>DALF<\/strong> &#8211; Diplome approfondi de la langue fran\u00e7aise \u2013 Diplom hlub\u0161\u00edho studia francouzsk\u00e9ho jazyka<\/p>\n\n\n\n<p>DELF a DALF jsou ofici\u00e1ln\u00ed mezin\u00e1rodn\u00ed zkou\u0161ky z francouz\u0161tiny, kter\u00e9 vyd\u00e1v\u00e1 francouzsk\u00e9 ministerstvo \u0161kolstv\u00ed. Zkou\u0161ky jsou p\u0159ipravov\u00e1ny v souladu se Spole\u010dn\u00fdm evropsk\u00fdm referen\u010dn\u00edm r\u00e1mcem pro jazyky, kter\u00fd definuje \u0161est \u00farovn\u00ed jazyka od za\u010d\u00e1te\u010dn\u00edk\u016f po zku\u0161en\u00e9 mluv\u010d\u00ed.<\/p>\n\n\n\n<p>Diplomy jsou ud\u011blov\u00e1ny na z\u00e1klad\u011b \u00fasp\u011b\u0161n\u00e9ho zvl\u00e1dnut\u00ed zkou\u0161ky, kter\u00e1 se skl\u00e1d\u00e1 se ze \u010dty\u0159 povinn\u00fdch \u010d\u00e1st\u00ed: porozum\u011bn\u00ed mluven\u00e9mu slovu, \u010dten\u00e9mu textu, mluven\u00fd a p\u00edsemn\u00fd projev. Z\u00e1jemce o zkou\u0161ku si m\u016f\u017ee zvolit \u00farove\u0148 zkou\u0161ky dle sv\u00e9 pokro\u010dilosti, nen\u00ed t\u0159eba skl\u00e1dat v\u0161echny \u00farovn\u011b postupn\u011b.<\/p>\n\n\n\n<p><\/p>\n\n\n\n<h2 class=\"wp-block-heading\"><strong>Jak\u00e9 v\u00fdhody diplomy p\u0159in\u00e1\u0161ej\u00ed?<\/strong><\/h2>\n\n\n\n<p>\u00dasp\u011b\u0161n\u00e9 slo\u017een\u00ed zkou\u0161ek DELF &amp; DALF v\u00e1m umo\u017en\u00ed ofici\u00e1ln\u011b prok\u00e1zat va\u0161i \u00farove\u0148 ovl\u00e1dnut\u00ed francouz\u0161tiny. Platnost diplom\u016f je \u010dasov\u011b neomezen\u00e1 a jejich vyu\u017eit\u00ed naleznete po cel\u00e9m sv\u011bt\u011b. Ocen\u00edte jej p\u0159i \u017e\u00e1dostech o zam\u011bstn\u00e1n\u00ed \u010di p\u0159i vstupu na v\u011bt\u0161inu francouzsk\u00fdch \u010di frankofonn\u00edch univerzit.<\/p>\n\n\n\n<h4 class=\"wp-block-heading\"><strong>Jak\u00e9 existuj\u00ed typy DELF?<\/strong><\/h4>\n\n\n\n<p>Existuje v\u00edce typ\u016f diplom\u016f DELF, v\u0161echny v\u0161ak maj\u00ed stejnou hodnotu &#8211; DELF Junior ani DELF Scolaire nejsou pova\u017eov\u00e1ny za m\u00e9n\u011b v\u00fdznamn\u00e9, na diplomu nenaleznete \u017e\u00e1dn\u00e9 ozna\u010den\u00ed. V Alliance Fran\u00e7aise Liberec umo\u017e\u0148ujeme slo\u017eit celkem 3 druhy zkou\u0161ky DELF.<\/p>\n\n\n\n<p><em><strong>DELF tout public \u2013 \u0161irok\u00e1 ve\u0159ejnost<\/strong><\/em><\/p>\n\n\n\n<p>Je otev\u0159en\u00fd pro v\u0161echny z\u00e1jemce bez rozd\u00edlu v\u011bku. Ka\u017ed\u00fd si m\u016f\u017ee zvolit libovolnou \u00farove\u0148 dle sv\u00e9ho uv\u00e1\u017een\u00ed.<\/p>\n\n\n\n<p><em><strong>DELF Junior<\/strong><\/em><\/p>\n\n\n\n<p>Je ur\u010den pro studenty mezi 12 a 18 lety, kte\u0159\u00ed cht\u011bj\u00ed z\u00edskat sv\u00e9 prvn\u00ed osv\u011bd\u010den\u00ed je\u0161t\u011b na z\u00e1kladn\u00ed \u010di st\u0159edn\u00ed \u0161kole. V\u00fdstupn\u00ed diplom se neli\u0161\u00ed od toho pro \u0161irokou ve\u0159ejnost, rozd\u00edly jsou p\u0159edev\u0161\u00edm ve slovn\u00ed z\u00e1sob\u011b a v t\u00e9matick\u00fd okruz\u00edch, kter\u00e9 jsou p\u0159izp\u016fsobeny pro \u0161koln\u00ed studenty. Testy se skl\u00e1daj\u00ed v jazykov\u00fdch instituc\u00edch.<\/p>\n\n\n\n<p><em><strong>DELF Scolaire \u2013 \u017e\u00e1kovsk\u00fd<\/strong><\/em><\/p>\n\n\n\n<p>Odpov\u00edd\u00e1 svoj\u00ed formou DELF Junior, ale s rozd\u00edlem, \u017ee studenti se p\u0159ihla\u0161uj\u00ed a skl\u00e1daj\u00ed zkou\u0161ku na partnersk\u00e9 st\u0159edn\u00ed \u0161kole a jsou cenov\u011b zv\u00fdhodn\u011bni.<\/p>\n\n\n\n<p><\/p>\n\n\n\n<p><strong>Aktualizovan\u00fd cen\u00edk zkou\u0161ek konan\u00fdch v roce 2025.<\/strong><\/p>\n<\/div><\/div>\n\n\n\n<figure class=\"wp-block-table is-style-stripes\"><table><tbody><tr><td><strong><mark style=\"background-color:rgba(0, 0, 0, 0)\" class=\"has-inline-color has-red-color\">Zkou\u0161ka<\/mark><\/strong><\/td><td class=\"has-text-align-center\" data-align=\"center\"><strong><mark style=\"background-color:rgba(0, 0, 0, 0)\" class=\"has-inline-color has-red-color\">A1<\/mark><\/strong><\/td><td class=\"has-text-align-center\" data-align=\"center\"><strong><mark style=\"background-color:rgba(0, 0, 0, 0)\" class=\"has-inline-color has-red-color\">A2<\/mark><\/strong><\/td><td class=\"has-text-align-center\" data-align=\"center\"><strong><mark style=\"background-color:rgba(0, 0, 0, 0)\" class=\"has-inline-color has-red-color\">B1<\/mark><\/strong><\/td><td class=\"has-text-align-center\" data-align=\"center\"><strong><mark style=\"background-color:rgba(0, 0, 0, 0)\" class=\"has-inline-color has-red-color\">B2<\/mark><\/strong><\/td><td class=\"has-text-align-center\" data-align=\"center\"><strong><mark style=\"background-color:rgba(0, 0, 0, 0)\" class=\"has-inline-color has-red-color\">C1<\/mark><\/strong><\/td><td class=\"has-text-align-center\" data-align=\"center\"><strong><mark style=\"background-color:rgba(0, 0, 0, 0)\" class=\"has-inline-color has-red-color\">C2<\/mark><\/strong><\/td><\/tr><tr><td><strong>DELF tout public<\/strong> <\/td><td class=\"has-text-align-center\" data-align=\"center\">1600 K\u010d<\/td><td class=\"has-text-align-center\" data-align=\"center\">1700 K\u010d<\/td><td class=\"has-text-align-center\" data-align=\"center\">2700 K\u010d<\/td><td class=\"has-text-align-center\" data-align=\"center\">2800 K\u010d<\/td><td class=\"has-text-align-center\" data-align=\"center\">&#8211;<\/td><td class=\"has-text-align-center\" data-align=\"center\">&#8211;<\/td><\/tr><tr><td><strong>DELF junior\/scolaire<\/strong><\/td><td class=\"has-text-align-center\" data-align=\"center\">1100 K\u010d<\/td><td class=\"has-text-align-center\" data-align=\"center\">1200 K\u010d<\/td><td class=\"has-text-align-center\" data-align=\"center\">1800 K\u010d<\/td><td class=\"has-text-align-center\" data-align=\"center\">2000 K\u010d<\/td><td class=\"has-text-align-center\" data-align=\"center\">&#8211;<\/td><td class=\"has-text-align-center\" data-align=\"center\">&#8211;<\/td><\/tr><tr><td><strong>DALF<\/strong> <\/td><td class=\"has-text-align-center\" data-align=\"center\">&#8211;<\/td><td class=\"has-text-align-center\" data-align=\"center\">&#8211;<\/td><td class=\"has-text-align-center\" data-align=\"center\">&#8211;<\/td><td class=\"has-text-align-center\" data-align=\"center\">&#8211;<\/td><td class=\"has-text-align-center\" data-align=\"center\">3700 K\u010d<\/td><td class=\"has-text-align-center\" data-align=\"center\">3800 K\u010d<\/td><\/tr><\/tbody><\/table><figcaption class=\"wp-element-caption\"><br><strong><mark style=\"background-color:rgba(0, 0, 0, 0)\" class=\"has-inline-color has-red-color\">Term\u00edny zkou\u0161ek pro rok 2024<\/mark><\/strong><\/figcaption><\/figure>\n\n\n\n<p><strong><mark style=\"background-color:rgba(0, 0, 0, 0)\" class=\"has-inline-color has-black-color\">\u00danor 2025 &#8211; \u0161irok\u00e1 ve\u0159ejnost<\/mark><\/strong>&nbsp;(A1-B2)<\/p>\n\n\n\n<p>Z\u00e1pisy: 9.12. 24 &#8211; 24.1. 2025<\/p>\n\n\n\n<p><strong>Zkou\u0161ky: 3.2. &#8211; 5.2. 2025<\/strong><br><strong>A1, A2<\/strong>&nbsp;3.2.2025<\/p>\n\n\n\n<p><strong>B1<\/strong>&nbsp;4.2.2025<br><strong>B2<\/strong>&nbsp;5.2.2025<\/p>\n\n\n\n<p><strong><mark style=\"background-color:rgba(0, 0, 0, 0)\" class=\"has-inline-color has-black-color\">\u010cerven 2025 &#8211; Junior<\/mark><\/strong> (A1, A2)<\/p>\n\n\n\n<p>Z\u00e1pisy: 25.4. &#8211; 19.5. 2025<\/p>\n\n\n\n<p><strong>Zkou\u0161ky : 3.6. &#8211; 6.6. 2025<\/strong><\/p>\n\n\n\n<p><strong>A1<\/strong>&nbsp;3.6. 2025<br><strong>A2<\/strong>&nbsp;4.6. 2025<\/p>\n\n\n\n<p><strong>B1<\/strong>&nbsp;5.6.2025<br><strong>B2<\/strong>&nbsp;6.6.2025<\/p>\n\n\n\n<p><strong><mark style=\"background-color:rgba(0, 0, 0, 0)\" class=\"has-inline-color has-black-color\">\u010cerven 2025 &#8211; \u0161irok\u00e1 ve\u0159ejnost<\/mark><\/strong>&nbsp;(A1-B2)<\/p>\n\n\n\n<p>Z\u00e1pisy: 5.5. . 2.6.2025<\/p>\n\n\n\n<p><strong>Zkou\u0161ky: 16.6. &#8211; 18.6. 2025<\/strong><br><strong>A1, A2<\/strong>&nbsp;16.6.2025<\/p>\n\n\n\n<p><strong>B1<\/strong>&nbsp;17.6.2025<br><strong>B2<\/strong>&nbsp;18.6.2025<\/p>\n\n\n\n<p><strong><mark style=\"background-color:rgba(0, 0, 0, 0)\" class=\"has-inline-color has-black-color\">Z\u00e1\u0159\u00ed 2025 &#8211; \u0161irok\u00e1 ve\u0159ejnost<\/mark><\/strong> (A1-B2)<\/p>\n\n\n\n<p>Z\u00e1pisy: 7.7. &#8211; 29.8. 2025<\/p>\n\n\n\n<p><strong>Zkou\u0161ky: . 15. &#8211; 17.9. 2025<\/strong><\/p>\n\n\n\n<p><strong>A1, A2<\/strong>&nbsp;15.9.2025<\/p>\n\n\n\n<p><strong>B1<\/strong>&nbsp;16.9. 2025<br><strong>B2<\/strong>&nbsp;17.9. 2025<\/p>\n\n\n\n<p><strong><mark style=\"background-color:rgba(0, 0, 0, 0)\" class=\"has-inline-color has-black-color\">Listopad 2025 &#8211; DELF scolaire<\/mark><\/strong> (A1, A2, B1, B2)<\/p>\n\n\n\n<p>Z\u00e1pisy: 22.9. &#8211; 31. 10. 2025<\/p>\n\n\n\n<p><strong>Zkou\u0161ky : 18. 11. &#8211; 21.11. 2025<\/strong><\/p>\n\n\n\n<p><strong>A1<\/strong>&nbsp;18.11. 2025<br><strong>A2<\/strong>&nbsp;19.11.2025<\/p>\n\n\n\n<p><strong>B1<\/strong>&nbsp;20. 11.2025<br><strong>B2<\/strong>&nbsp;21. 11.2025<\/p>\n\n\n\n<h2 class=\"wp-block-heading\"><mark style=\"background-color:rgba(0, 0, 0, 0)\" class=\"has-inline-color has-color-text-color\">Dal\u0161\u00ed informace<\/mark><\/h2>\n\n\n\n<p>Bli\u017e\u0161\u00ed informace o zkou\u0161k\u00e1ch DELF a DALF z\u00edsk\u00e1te na webov\u00fdch str\u00e1nk\u00e1ch poskytovatele zkou\u0161ek <a href=\"https:\/\/www.france-education-international.fr\" target=\"_blank\" rel=\"noreferrer noopener\">France \u00c9ducation international<\/a> (p\u0159\u00edsp\u011bvkov\u00e1 organizace francouzsk\u00e9ho ministerstva \u0161kolstv\u00ed):<\/p>\n\n\n\n<ul class=\"wp-block-list\">\n<li><a href=\"https:\/\/www.france-education-international.fr\/diplome\/delf-tout-public\" target=\"_blank\" rel=\"noreferrer noopener\">DELF tout public<\/a><\/li>\n\n\n\n<li><a href=\"https:\/\/www.france-education-international.fr\/diplome\/delf-junior-scolaire\" target=\"_blank\" rel=\"noreferrer noopener\">DELF junior<\/a><\/li>\n\n\n\n<li><a href=\"https:\/\/www.france-education-international.fr\/diplome\/delf-junior-scolaire\" target=\"_blank\" rel=\"noreferrer noopener\">DELF scolaire<\/a><\/li>\n\n\n\n<li><a href=\"https:\/\/www.france-education-international.fr\/diplome\/dalf\" target=\"_blank\" rel=\"noreferrer noopener\">DALF<\/a><\/li>\n<\/ul>\n\n\n\n<div class=\"wp-block-file\"><a id=\"wp-block-file--media-0379e0b1-1e1b-4113-883a-a07cf158a7aa\" href=\"https:\/\/www.alliancefrancaise.cz\/liberec\/wp-content\/uploads\/2025\/10\/prihlaska_delf_scolaire_-_listopad_2025.docx\">prihlaska_delf_scolaire_-_listopad_2025<\/a><a href=\"https:\/\/www.alliancefrancaise.cz\/liberec\/wp-content\/uploads\/2025\/10\/prihlaska_delf_scolaire_-_listopad_2025.docx\" class=\"wp-block-file__button wp-element-button\" aria-describedby=\"wp-block-file--media-0379e0b1-1e1b-4113-883a-a07cf158a7aa\" download>St\u00e1hnout<\/a><\/div>\n\n\n\n<hr class=\"wp-block-separator has-alpha-channel-opacity\"\/>\n","protected":false},"excerpt":{"rendered":"<p>DELF &#8211; Diplome d\u2019\u00e9tudes en langue fran\u00e7aise \u2013 Diplom studi\u00ed francouzsk\u00e9ho jazykaDALF &#8211; Diplome approfondi de la langue fran\u00e7aise \u2013 Diplom hlub\u0161\u00edho studia francouzsk\u00e9ho jazyka DELF a DALF&#8230;<\/p>\n","protected":false},"author":1,"featured_media":0,"parent":0,"menu_order":0,"comment_status":"closed","ping_status":"closed","template":"","meta":{"_acf_changed":false,"footnotes":""},"class_list":["post-6210","page","type-page","status-publish","hentry"],"acf":[],"_links":{"self":[{"href":"https:\/\/www.alliancefrancaise.cz\/liberec\/wp-json\/wp\/v2\/pages\/6210","targetHints":{"allow":["GET"]}}],"collection":[{"href":"https:\/\/www.alliancefrancaise.cz\/liberec\/wp-json\/wp\/v2\/pages"}],"about":[{"href":"https:\/\/www.alliancefrancaise.cz\/liberec\/wp-json\/wp\/v2\/types\/page"}],"author":[{"embeddable":true,"href":"https:\/\/www.alliancefrancaise.cz\/liberec\/wp-json\/wp\/v2\/users\/1"}],"replies":[{"embeddable":true,"href":"https:\/\/www.alliancefrancaise.cz\/liberec\/wp-json\/wp\/v2\/comments?post=6210"}],"version-history":[{"count":12,"href":"https:\/\/www.alliancefrancaise.cz\/liberec\/wp-json\/wp\/v2\/pages\/6210\/revisions"}],"predecessor-version":[{"id":7529,"href":"https:\/\/www.alliancefrancaise.cz\/liberec\/wp-json\/wp\/v2\/pages\/6210\/revisions\/7529"}],"wp:attachment":[{"href":"https:\/\/www.alliancefrancaise.cz\/liberec\/wp-json\/wp\/v2\/media?parent=6210"}],"curies":[{"name":"wp","href":"https:\/\/api.w.org\/{rel}","templated":true}]}}