{"id":9995,"date":"2026-02-09T11:10:50","date_gmt":"2026-02-09T10:10:50","guid":{"rendered":"https:\/\/www.alliancefrancaise.cz\/ostrava\/?page_id=9995"},"modified":"2026-03-26T14:06:11","modified_gmt":"2026-03-26T13:06:11","slug":"festival-de-la-francophonie-2026-2","status":"publish","type":"page","link":"https:\/\/www.alliancefrancaise.cz\/ostrava\/fr\/festival-de-la-francophonie-2026-2\/","title":{"rendered":"Journ\u00e9es de la Francophonie 2026"},"content":{"rendered":"\n<p>\u00c0 l\u2019occasion des journ\u00e9es de la Francophonie, l\u2019<strong>Alliance Fran\u00e7aise d\u2019Ostrava<\/strong> vous propose une s\u00e9rie de rendez-vous conviviaux m\u00ealant <strong>langue, gastronomie, cin\u00e9ma, innovation et musique <\/strong>pour c\u00e9l\u00e9brer la Francophonie ensemble, tout au long du printemps.<\/p>\n\n\n\n<p>Pour toute information suppl\u00e9mentaire contacter : direction.ostrava@alliancefrancaise.cz<\/p>\n\n\n\n<p>Nos \u00e9v\u00e9nements :<\/p>\n\n\n\n<p><strong>Mercredi 18 mars \u2014 Concours de la Plume d\u2019Or<\/strong><\/p>\n\n\n\n<p>\ud83d\udd55 11h<br>\ud83d\udccd Alliance Fran\u00e7aise d\u2019Ostrava<br><\/p>\n\n\n\n<p><strong>Mercredi 18 mars \u2014 Conf\u00e9rence : Brigitte Bardot et ses \u201camis \u00e0 quatre pattes\u201d<\/strong><br>\ud83d\udc64 Par&nbsp;<strong>Mgr. Martin Jirou\u0161ek<\/strong>&nbsp;<em>(en tch\u00e8que)<\/em><br>\ud83d\udd61 18h30<br>\ud83d\udccd Alliance Fran\u00e7aise d\u2019Ostrava<br>\ud83c\udf9f\ufe0f 100 CZK<\/p>\n\n\n\n<p><strong>Jeudi 19 mars \u2014 Soir\u00e9e Maghreb (culinaire)<\/strong><br>\ud83d\udd55 18h<br>\ud83d\udccd Alliance Fran\u00e7aise d\u2019Ostrava<br>Une soir\u00e9e gourmande pour voyager et d\u00e9couvrir de nouvelles saveurs.<\/p>\n\n\n\n<p><strong>Mardi 31 mars \u2014 Introduction \u00e0 l\u2019IA (formation pour professeurs de langues)<\/strong><br>\ud83d\udc64 Assur\u00e9e par <strong>Lukas Musialek<\/strong> (en langue tch\u00e8que)<\/p>\n\n\n\n<p>\ud83d\udd55 16h<br>\ud83d\udccd Alliance Fran\u00e7aise d\u2019Ostrava<br>Un atelier pour comprendre les bases de l\u2019IA et explorer des usages concrets dans l\u2019enseignement des langues.<\/p>\n\n\n\n<p><strong>Jeudi 26 mars \u2014 Projection cin\u00e9ma : <em>En Corps<\/em> (C\u00e9dric Klapisch)<\/strong><br>\ud83d\udccd <strong>Minikino<\/strong> (cin\u00e9ma partenaire)<br>\ud83c\udf9f\ufe0f <strong>120 CZK<\/strong><\/p>\n\n\n\n<p>\ud83d\udd55 19h30<br>Une s\u00e9ance grand \u00e9cran pour d\u00e9couvrir un film \u00e9mouvant et lumineux.<\/p>\n\n\n\n<p><strong>Samedi 28 mars \u2014 Concours de p\u00e2tisserie<\/strong><br>\ud83d\udd51 14h<br>\ud83d\udccd Alliance Fran\u00e7aise d\u2019Ostrava<br>Un moment festif et sucr\u00e9, ouvert aux passionn\u00e9(e)s.<\/p>\n\n\n\n<div class=\"wp-block-file\"><a id=\"wp-block-file--media-8e7be294-b495-45f9-8e91-a7edaecc33dc\" href=\"https:\/\/www.alliancefrancaise.cz\/ostrava\/wp-content\/uploads\/2026\/02\/formulaire-6.docx\">formulaire<\/a><a href=\"https:\/\/www.alliancefrancaise.cz\/ostrava\/wp-content\/uploads\/2026\/02\/formulaire-6.docx\" class=\"wp-block-file__button wp-element-button\" download aria-describedby=\"wp-block-file--media-8e7be294-b495-45f9-8e91-a7edaecc33dc\">T\u00e9l\u00e9charger<\/a><\/div>\n\n\n\n<div data-wp-interactive=\"core\/file\" class=\"wp-block-file\"><object data-wp-bind--hidden=\"!state.hasPdfPreview\" hidden class=\"wp-block-file__embed\" data=\"https:\/\/www.alliancefrancaise.cz\/ostrava\/wp-content\/uploads\/2026\/02\/formulaire-3.pdf\" type=\"application\/pdf\" style=\"width:100%;height:600px\" aria-label=\"Contenu embarqu\u00e9 formulaire.\"><\/object><a id=\"wp-block-file--media-a968e628-f068-4a5c-8749-6aa05d5d01fb\" href=\"https:\/\/www.alliancefrancaise.cz\/ostrava\/wp-content\/uploads\/2026\/02\/formulaire-3.pdf\">formulaire<\/a><a href=\"https:\/\/www.alliancefrancaise.cz\/ostrava\/wp-content\/uploads\/2026\/02\/formulaire-3.pdf\" class=\"wp-block-file__button wp-element-button\" download aria-describedby=\"wp-block-file--media-a968e628-f068-4a5c-8749-6aa05d5d01fb\">T\u00e9l\u00e9charger<\/a><\/div>\n\n\n\n<div data-wp-interactive=\"core\/file\" class=\"wp-block-file\"><object data-wp-bind--hidden=\"!state.hasPdfPreview\" hidden class=\"wp-block-file__embed\" data=\"https:\/\/www.alliancefrancaise.cz\/ostrava\/wp-content\/uploads\/2026\/02\/reglement-5.pdf\" type=\"application\/pdf\" style=\"width:100%;height:600px\" aria-label=\"Contenu embarqu\u00e9 r\u00e8glement.\"><\/object><a id=\"wp-block-file--media-900039d4-c505-430d-8496-529d5338664b\" href=\"https:\/\/www.alliancefrancaise.cz\/ostrava\/wp-content\/uploads\/2026\/02\/reglement-5.pdf\">r\u00e8glement<\/a><a href=\"https:\/\/www.alliancefrancaise.cz\/ostrava\/wp-content\/uploads\/2026\/02\/reglement-5.pdf\" class=\"wp-block-file__button wp-element-button\" download aria-describedby=\"wp-block-file--media-900039d4-c505-430d-8496-529d5338664b\">T\u00e9l\u00e9charger<\/a><\/div>\n\n\n\n<p><strong>Vendredi 10 avril \u2014 Concours de la chanson francophone<\/strong><br>\ud83d\udccd <strong>Klub Parn\u00edk<\/strong><\/p>\n\n\n\n<p>\ud83d\udd55 12h<\/p>\n\n\n\n<div class=\"wp-block-file\"><a id=\"wp-block-file--media-9b4b9d2f-d1ab-4659-8cba-3434ef749caf\" href=\"https:\/\/www.alliancefrancaise.cz\/ostrava\/wp-content\/uploads\/2026\/02\/2026-registracni-formular-1-3.pages\">2026-registracni-formular<\/a><a href=\"https:\/\/www.alliancefrancaise.cz\/ostrava\/wp-content\/uploads\/2026\/02\/2026-registracni-formular-1-3.pages\" class=\"wp-block-file__button wp-element-button\" download aria-describedby=\"wp-block-file--media-9b4b9d2f-d1ab-4659-8cba-3434ef749caf\">T\u00e9l\u00e9charger<\/a><\/div>\n\n\n\n<div data-wp-interactive=\"core\/file\" class=\"wp-block-file\"><object data-wp-bind--hidden=\"!state.hasPdfPreview\" hidden class=\"wp-block-file__embed\" data=\"https:\/\/www.alliancefrancaise.cz\/ostrava\/wp-content\/uploads\/2026\/02\/Soutez-v-interpretaci-frankofonni-pisne-patek-10.dubna-2026-1-3.pdf\" type=\"application\/pdf\" style=\"width:100%;height:600px\" aria-label=\"Contenu embarqu\u00e9 Sout\u011b\u017e v interpretaci frankofonn\u00ed p\u00edsn\u011b - p\u00e1tek 10.dubna 2026 (1).\"><\/object><a id=\"wp-block-file--media-9564b377-4b27-491b-bd91-817dfe12dcd0\" href=\"https:\/\/www.alliancefrancaise.cz\/ostrava\/wp-content\/uploads\/2026\/02\/Soutez-v-interpretaci-frankofonni-pisne-patek-10.dubna-2026-1-3.pdf\">Sout\u011b\u017e v interpretaci frankofonn\u00ed p\u00edsn\u011b &#8211; p\u00e1tek 10.dubna 2026 (1)<\/a><a href=\"https:\/\/www.alliancefrancaise.cz\/ostrava\/wp-content\/uploads\/2026\/02\/Soutez-v-interpretaci-frankofonni-pisne-patek-10.dubna-2026-1-3.pdf\" class=\"wp-block-file__button wp-element-button\" download aria-describedby=\"wp-block-file--media-9564b377-4b27-491b-bd91-817dfe12dcd0\">T\u00e9l\u00e9charger<\/a><\/div>\n","protected":false},"excerpt":{"rendered":"<p>\u00c0 l\u2019occasion des journ\u00e9es de la Francophonie, l\u2019Alliance Fran\u00e7aise d\u2019Ostrava vous propose une s\u00e9rie de rendez-vous conviviaux m\u00ealant langue, gastronomie, cin\u00e9ma, innovation et musique pour c\u00e9l\u00e9brer la Francophonie&#8230;<\/p>\n","protected":false},"author":4,"featured_media":0,"parent":0,"menu_order":0,"comment_status":"closed","ping_status":"closed","template":"","meta":{"_acf_changed":false,"footnotes":""},"class_list":["post-9995","page","type-page","status-publish","hentry"],"acf":[],"_links":{"self":[{"href":"https:\/\/www.alliancefrancaise.cz\/ostrava\/fr\/wp-json\/wp\/v2\/pages\/9995","targetHints":{"allow":["GET"]}}],"collection":[{"href":"https:\/\/www.alliancefrancaise.cz\/ostrava\/fr\/wp-json\/wp\/v2\/pages"}],"about":[{"href":"https:\/\/www.alliancefrancaise.cz\/ostrava\/fr\/wp-json\/wp\/v2\/types\/page"}],"author":[{"embeddable":true,"href":"https:\/\/www.alliancefrancaise.cz\/ostrava\/fr\/wp-json\/wp\/v2\/users\/4"}],"replies":[{"embeddable":true,"href":"https:\/\/www.alliancefrancaise.cz\/ostrava\/fr\/wp-json\/wp\/v2\/comments?post=9995"}],"version-history":[{"count":11,"href":"https:\/\/www.alliancefrancaise.cz\/ostrava\/fr\/wp-json\/wp\/v2\/pages\/9995\/revisions"}],"predecessor-version":[{"id":10216,"href":"https:\/\/www.alliancefrancaise.cz\/ostrava\/fr\/wp-json\/wp\/v2\/pages\/9995\/revisions\/10216"}],"wp:attachment":[{"href":"https:\/\/www.alliancefrancaise.cz\/ostrava\/fr\/wp-json\/wp\/v2\/media?parent=9995"}],"curies":[{"name":"wp","href":"https:\/\/api.w.org\/{rel}","templated":true}]}}