{"id":6210,"date":"2023-06-20T16:07:16","date_gmt":"2023-06-20T14:07:16","guid":{"rendered":"https:\/\/www.alliancefrancaise.cz\/ostrava\/?page_id=6210"},"modified":"2026-04-22T13:19:08","modified_gmt":"2026-04-22T11:19:08","slug":"terminy-registrace-cenik","status":"publish","type":"page","link":"https:\/\/www.alliancefrancaise.cz\/ostrava\/terminy-registrace-cenik\/","title":{"rendered":"Term\u00edny, registrace a cen\u00edk 2026"},"content":{"rendered":"\n<div class=\"wp-block-group\"><div class=\"wp-block-group__inner-container is-layout-constrained wp-block-group-is-layout-constrained\">\n<h2 class=\"wp-block-heading\"><strong>Kalend\u00e1\u0159 zkou\u0161ek DELF<\/strong><\/h2>\n\n\n\n<p>Alliance fran\u00e7aise Ostrava je jedn\u00edm z osmi zku\u0161ebn\u00edch center DELF-DALF v \u010cesk\u00e9 republice. Ka\u017edoro\u010dn\u011b jsou na\u0161im student\u016fm nab\u00edzeny p\u0159\u00edpravn\u00e9 kurzy k t\u011bmto zkou\u0161k\u00e1m.<\/p>\n\n\n\n<p>Jako ka\u017ed\u00fd rok je v \u010cesk\u00e9 republice nab\u00edzeno n\u011bkolik zkou\u0161ek, z nich\u017e n\u011bkter\u00e9 organizuje Alliance fran\u00e7aise Ostrava.<\/p>\n\n\n\n<p>Chcete-li se dozv\u011bd\u011bt, zda se v Alliance fran\u00e7aise Ostrava kon\u00e1 n\u011bjak\u00e9 sezen\u00ed, kontaktujte n\u00e1s e-mailem nebo telefonicky, p\u0159\u00edpadn\u011b n\u00e1s nav\u0161tivte osobn\u011b v na\u0161ich kancel\u00e1\u0159\u00edch, poskytneme v\u00e1m ve\u0161ker\u00e9 pot\u0159ebn\u00e9 informace.<\/p>\n\n\n\n<div style=\"height:61px\" aria-hidden=\"true\" class=\"wp-block-spacer\"><\/div>\n\n\n\n<h2 class=\"wp-block-heading\">DELF-DALF Tout Public<\/h2>\n\n\n\n<figure class=\"wp-block-table is-style-stripes\"><table class=\"has-fixed-layout\"><tbody><tr><td class=\"has-text-align-center\" data-align=\"center\"><\/td><td class=\"has-text-align-center\" data-align=\"center\"><strong>2026-02-T<br>(\u00fanor)<\/strong><\/td><td class=\"has-text-align-center\" data-align=\"center\"><strong>2026-06-T<br>(\u010derven)<\/strong><\/td><td class=\"has-text-align-center\" data-align=\"center\"><strong>2026-09-T<br>(z\u00e1\u0159\u00ed)<\/strong><\/td><\/tr><tr><td class=\"has-text-align-center\" data-align=\"center\"><strong>\u00darovn\u011b<\/strong><\/td><td class=\"has-text-align-center\" data-align=\"center\">A1 \u2013 C2<\/td><td class=\"has-text-align-center\" data-align=\"center\">A1 \u2013 C2<\/td><td class=\"has-text-align-center\" data-align=\"center\">A1 \u2013 C2<\/td><\/tr><tr><td class=\"has-text-align-center\" data-align=\"center\"><strong>Registrace<\/strong><\/td><td class=\"has-text-align-center\" data-align=\"center\">16. prosince \u2013 09. ledna<\/td><td class=\"has-text-align-center\" data-align=\"center\">20. dubna \u2013 22. kv\u011btna<\/td><td class=\"has-text-align-center\" data-align=\"center\">06. \u010dervence \u2013 28. srpna<\/td><\/tr><tr><td class=\"has-text-align-center\" data-align=\"center\"><strong>Term\u00edny test\u016f<\/strong><\/td><td class=\"has-text-align-center\" data-align=\"center\">02. a\u017e 06. \u00fanora<\/td><td class=\"has-text-align-center\" data-align=\"center\">15. a\u017e 19. \u010dervna<\/td><td class=\"has-text-align-center\" data-align=\"center\">21. a\u017e 25. z\u00e1\u0159\u00ed<\/td><\/tr><\/tbody><\/table><\/figure>\n\n\n\n<div data-wp-interactive=\"core\/file\" class=\"wp-block-file\"><object data-wp-bind--hidden=\"!state.hasPdfPreview\" hidden class=\"wp-block-file__embed\" data=\"https:\/\/www.alliancefrancaise.cz\/ostrava\/wp-content\/uploads\/2025\/02\/Formulaire-dinscription-DELF-DALF.docx-2.pdf\" type=\"application\/pdf\" style=\"width:100%;height:200px\" aria-label=\"Vlo\u017eit z Registra\u010dn\u00ed formul\u00e1\u0159 DELF\/DALF.\"><\/object><a id=\"wp-block-file--media-74806d1d-99ab-4e4a-8250-c9a5ac9ca06d\" href=\"https:\/\/www.alliancefrancaise.cz\/ostrava\/wp-content\/uploads\/2025\/02\/Formulaire-dinscription-DELF-DALF.docx-2.pdf\">Registra\u010dn\u00ed formul\u00e1\u0159 DELF\/DALF<\/a><a href=\"https:\/\/www.alliancefrancaise.cz\/ostrava\/wp-content\/uploads\/2025\/02\/Formulaire-dinscription-DELF-DALF.docx-2.pdf\" class=\"wp-block-file__button wp-element-button\" download aria-describedby=\"wp-block-file--media-74806d1d-99ab-4e4a-8250-c9a5ac9ca06d\">T\u00e9l\u00e9charger<\/a><\/div>\n\n\n\n<hr class=\"wp-block-separator has-alpha-channel-opacity\"\/>\n\n\n\n<h2 class=\"wp-block-heading\">DELF Junior\/Scolaire<\/h2>\n\n\n\n<figure class=\"wp-block-table is-style-stripes\"><table class=\"has-fixed-layout\"><tbody><tr><td class=\"has-text-align-center\" data-align=\"center\"><\/td><td class=\"has-text-align-center\" data-align=\"center\"><strong>2026-03-J<br>(b\u0159ezen)<\/strong><\/td><td class=\"has-text-align-center\" data-align=\"center\"><strong>2026-06-J<br>(\u010derven)<\/strong><\/td><td class=\"has-text-align-center\" data-align=\"center\"><strong>2026-11-S<br>(listopad)<\/strong><\/td><\/tr><tr><td class=\"has-text-align-center\" data-align=\"center\"><strong>\u00darovn\u011b<\/strong><\/td><td class=\"has-text-align-center\" data-align=\"center\">A1 \u2013 B2<\/td><td class=\"has-text-align-center\" data-align=\"center\">A1 \u2013 B2<\/td><td class=\"has-text-align-center\" data-align=\"center\">A1 \u2013 B2<\/td><\/tr><tr><td class=\"has-text-align-center\" data-align=\"center\"><strong>Registrace<\/strong><\/td><td class=\"has-text-align-center\" data-align=\"center\">02. \u00fanora \u2013 8. b\u0159ezna<\/td><td class=\"has-text-align-center\" data-align=\"center\"><br>20. dubna \u2013 15. kv\u011btna<br><strong>P\u0159ihl\u00e1\u0161ky otev\u0159eny<\/strong><\/td><td class=\"has-text-align-center\" data-align=\"center\">14. z\u00e1\u0159\u00ed \u2013 9. \u0159\u00edjna<\/td><\/tr><tr><td class=\"has-text-align-center\" data-align=\"center\"><strong>Term\u00edny test\u016f<\/strong><\/td><td class=\"has-text-align-center\" data-align=\"center\">16. a\u017e 18. b\u0159ezna<\/td><td class=\"has-text-align-center\" data-align=\"center\">02. a\u017e 5. \u010dervna<\/td><td class=\"has-text-align-center\" data-align=\"center\">10. a\u017e 13. listopadu<\/td><\/tr><\/tbody><\/table><\/figure>\n\n\n\n<div data-wp-interactive=\"core\/file\" class=\"wp-block-file\"><object data-wp-bind--hidden=\"!state.hasPdfPreview\" hidden class=\"wp-block-file__embed\" data=\"https:\/\/www.alliancefrancaise.cz\/ostrava\/wp-content\/uploads\/2025\/02\/Formulaire-dinscription-DELF-DALF.docx-2.pdf\" type=\"application\/pdf\" style=\"width:100%;height:200px\" aria-label=\"Vlo\u017eit z Registra\u010dn\u00ed formul\u00e1\u0159 DELF\/DALF.\"><\/object><a id=\"wp-block-file--media-74806d1d-99ab-4e4a-8250-c9a5ac9ca06d\" href=\"https:\/\/www.alliancefrancaise.cz\/ostrava\/wp-content\/uploads\/2025\/02\/Formulaire-dinscription-DELF-DALF.docx-2.pdf\">Registra\u010dn\u00ed formul\u00e1\u0159 DELF\/DALF<\/a><a href=\"https:\/\/www.alliancefrancaise.cz\/ostrava\/wp-content\/uploads\/2025\/02\/Formulaire-dinscription-DELF-DALF.docx-2.pdf\" class=\"wp-block-file__button wp-element-button\" download aria-describedby=\"wp-block-file--media-74806d1d-99ab-4e4a-8250-c9a5ac9ca06d\">T\u00e9l\u00e9charge<\/a><\/div>\n\n\n\n<h2 class=\"wp-block-heading\"><\/h2>\n\n\n\n<h2 class=\"wp-block-heading\">Cen\u00edk zkousek<\/h2>\n\n\n\n<p>Aktualizovan\u00fd cen\u00edk zkou\u0161ek konan\u00fdch v roce 2026<\/p>\n\n\n\n<figure class=\"wp-block-table is-style-stripes\"><table class=\"has-fixed-layout\"><tbody><tr><td class=\"has-text-align-center\" data-align=\"center\"><\/td><td class=\"has-text-align-center\" data-align=\"center\"><strong>A1.1<\/strong><\/td><td class=\"has-text-align-center\" data-align=\"center\"><strong>A1<\/strong><\/td><td class=\"has-text-align-center\" data-align=\"center\"><strong>A2<\/strong><\/td><td class=\"has-text-align-center\" data-align=\"center\"><strong>B1<\/strong><\/td><td class=\"has-text-align-center\" data-align=\"center\"><strong>B2<\/strong><\/td><td class=\"has-text-align-center\" data-align=\"center\"><strong>C1<\/strong><\/td><td class=\"has-text-align-center\" data-align=\"center\"><strong>C2<\/strong><\/td><\/tr><tr><td class=\"has-text-align-center\" data-align=\"center\">DELF-DALF<br>Tout Public<\/td><td class=\"has-text-align-center\" data-align=\"center\">\u2013<\/td><td class=\"has-text-align-center\" data-align=\"center\">1 600 K\u010d<\/td><td class=\"has-text-align-center\" data-align=\"center\">1 700 K\u010d<\/td><td class=\"has-text-align-center\" data-align=\"center\">2 900 K\u010d<\/td><td class=\"has-text-align-center\" data-align=\"center\">3 100 K\u010d<\/td><td class=\"has-text-align-center\" data-align=\"center\">4 000 K\u010d<\/td><td class=\"has-text-align-center\" data-align=\"center\">4 200 K\u010d<\/td><\/tr><tr><td class=\"has-text-align-center\" data-align=\"center\">DELF<br>Junior\/Scolaire<\/td><td class=\"has-text-align-center\" data-align=\"center\">\u2013<\/td><td class=\"has-text-align-center\" data-align=\"center\">1 300 K\u010d<\/td><td class=\"has-text-align-center\" data-align=\"center\">1 400 K\u010d<\/td><td class=\"has-text-align-center\" data-align=\"center\">2 000 K\u010d<\/td><td class=\"has-text-align-center\" data-align=\"center\">2 200 K\u010d<\/td><td class=\"has-text-align-center\" data-align=\"center\">\u2013<\/td><td class=\"has-text-align-center\" data-align=\"center\">\u2013<\/td><\/tr><\/tbody><\/table><\/figure>\n<\/div><\/div>\n\n\n\n<h3 class=\"wp-block-heading\"><mark style=\"background-color:rgba(0, 0, 0, 0)\" class=\"has-inline-color has-color-text-color\">Dal\u0161\u00ed informace<\/mark><\/h3>\n\n\n\n<p>Bli\u017e\u0161\u00ed informace o zkou\u0161k\u00e1ch DELF a DALF z\u00edsk\u00e1te na webov\u00fdch str\u00e1nk\u00e1ch poskytovatele zkou\u0161ek <a href=\"https:\/\/www.france-education-international.fr\" target=\"_blank\" rel=\"noreferrer noopener\">France \u00c9ducation international<\/a> (p\u0159\u00edsp\u011bvkov\u00e1 organizace francouzsk\u00e9ho ministerstva \u0161kolstv\u00ed):<\/p>\n\n\n\n<ul class=\"wp-block-list\">\n<li><a href=\"https:\/\/www.france-education-international.fr\/diplome\/delf-tout-public\" target=\"_blank\" rel=\"noreferrer noopener\">DELF tout public<\/a><\/li>\n\n\n\n<li><a href=\"https:\/\/www.france-education-international.fr\/diplome\/delf-junior-scolaire\" target=\"_blank\" rel=\"noreferrer noopener\">DELF junior<\/a><\/li>\n\n\n\n<li><a href=\"https:\/\/www.france-education-international.fr\/diplome\/delf-junior-scolaire\" target=\"_blank\" rel=\"noreferrer noopener\">DELF scolaire<\/a><\/li>\n\n\n\n<li><a href=\"https:\/\/www.france-education-international.fr\/diplome\/dalf\" target=\"_blank\" rel=\"noreferrer noopener\">DALF<\/a><\/li>\n<\/ul>\n\n\n\n<hr class=\"wp-block-separator has-alpha-channel-opacity\"\/>\n","protected":false},"excerpt":{"rendered":"<p>Kalend\u00e1\u0159 zkou\u0161ek DELF Alliance fran\u00e7aise Ostrava je jedn\u00edm z osmi zku\u0161ebn\u00edch center DELF-DALF v \u010cesk\u00e9 republice. Ka\u017edoro\u010dn\u011b jsou na\u0161im student\u016fm nab\u00edzeny p\u0159\u00edpravn\u00e9 kurzy k t\u011bmto zkou\u0161k\u00e1m. Jako ka\u017ed\u00fd&#8230;<\/p>\n","protected":false},"author":1,"featured_media":0,"parent":0,"menu_order":0,"comment_status":"closed","ping_status":"closed","template":"","meta":{"_acf_changed":false,"footnotes":""},"class_list":["post-6210","page","type-page","status-publish","hentry"],"acf":[],"_links":{"self":[{"href":"https:\/\/www.alliancefrancaise.cz\/ostrava\/wp-json\/wp\/v2\/pages\/6210","targetHints":{"allow":["GET"]}}],"collection":[{"href":"https:\/\/www.alliancefrancaise.cz\/ostrava\/wp-json\/wp\/v2\/pages"}],"about":[{"href":"https:\/\/www.alliancefrancaise.cz\/ostrava\/wp-json\/wp\/v2\/types\/page"}],"author":[{"embeddable":true,"href":"https:\/\/www.alliancefrancaise.cz\/ostrava\/wp-json\/wp\/v2\/users\/1"}],"replies":[{"embeddable":true,"href":"https:\/\/www.alliancefrancaise.cz\/ostrava\/wp-json\/wp\/v2\/comments?post=6210"}],"version-history":[{"count":20,"href":"https:\/\/www.alliancefrancaise.cz\/ostrava\/wp-json\/wp\/v2\/pages\/6210\/revisions"}],"predecessor-version":[{"id":10265,"href":"https:\/\/www.alliancefrancaise.cz\/ostrava\/wp-json\/wp\/v2\/pages\/6210\/revisions\/10265"}],"wp:attachment":[{"href":"https:\/\/www.alliancefrancaise.cz\/ostrava\/wp-json\/wp\/v2\/media?parent=6210"}],"curies":[{"name":"wp","href":"https:\/\/api.w.org\/{rel}","templated":true}]}}