{"id":6287,"date":"2023-06-26T10:32:59","date_gmt":"2023-06-26T08:32:59","guid":{"rendered":"https:\/\/www.alliancefrancaise.cz\/ostrava\/?page_id=6287"},"modified":"2026-02-18T11:21:03","modified_gmt":"2026-02-18T10:21:03","slug":"nasi-lektori","status":"publish","type":"page","link":"https:\/\/www.alliancefrancaise.cz\/ostrava\/nasi-lektori\/","title":{"rendered":"N\u00e1\u0161 t\u00fdm"},"content":{"rendered":"\n<div class=\"wp-block-media-text is-stacked-on-mobile\"><figure class=\"wp-block-media-text__media\"><img loading=\"lazy\" decoding=\"async\" width=\"1088\" height=\"1360\" src=\"https:\/\/www.alliancefrancaise.cz\/ostrava\/wp-content\/uploads\/2026\/02\/PHOTO-2026-02-18-11-14-21-1-1088x1360.jpg\" alt=\"\" class=\"wp-image-10152 size-full\" srcset=\"https:\/\/www.alliancefrancaise.cz\/ostrava\/wp-content\/uploads\/2026\/02\/PHOTO-2026-02-18-11-14-21-1-1088x1360.jpg 1088w, https:\/\/www.alliancefrancaise.cz\/ostrava\/wp-content\/uploads\/2026\/02\/PHOTO-2026-02-18-11-14-21-1-368x460.jpg 368w, https:\/\/www.alliancefrancaise.cz\/ostrava\/wp-content\/uploads\/2026\/02\/PHOTO-2026-02-18-11-14-21-1-768x960.jpg 768w, https:\/\/www.alliancefrancaise.cz\/ostrava\/wp-content\/uploads\/2026\/02\/PHOTO-2026-02-18-11-14-21-1.jpg 1638w\" sizes=\"auto, (max-width: 1088px) 100vw, 1088px\" \/><\/figure><div class=\"wp-block-media-text__content\">\n<h3 class=\"wp-block-heading\">Loris Vivarelli<\/h3>\n\n\n\n<h4 class=\"wp-block-heading\">\u0158editel<\/h4>\n\n\n\n<p><\/p>\n\n\n\n<p>Poch\u00e1z\u00edm z Bordeaux, kde jsem studoval jazyky, a pot\u00e9 z\u00edskal i magistersk\u00fd titul v oboru FLE (francouz\u0161tiny jako ciz\u00edho jazyka). Po \u0159ad\u011b st\u00e1\u017e\u00ed a odborn\u00fdch zku\u0161enost\u00ed v zahrani\u010d\u00ed (Japonsko, Ukrajina, Portugalsko, Spojen\u00e9 st\u00e1ty) jsem tak\u00e9 dva roky pracoval na Francouzsk\u00e9m velvyslanectv\u00ed v Jord\u00e1nsku.<\/p>\n\n\n\n<p>C\u00edlem na\u0161\u00ed Aliance je nab\u00edzet kurzy francouz\u0161tiny, po\u0159\u00e1dat zkou\u0161ky DELF\/DALF a propagovat francouzskou kulturu, tedy to, co spojuje tento kr\u00e1sn\u00fd jazyk. Jsem odhodl\u00e1n se do t\u00e9to ostravsk\u00e9 mise co nejv\u00edce zapojit.<\/p>\n\n\n\n<p>Tou\u017eil jsem se vr\u00e1tit do Evropy a obnovit sv\u00e9 vazby na s\u00ed\u0165 Alliances Fran\u00e7aises, a tak jsem se rozhodl p\u0159est\u011bhovat do \u010cesk\u00e9 republiky, do zem\u011b, kterou velmi obdivuji.<\/p>\n<\/div><\/div>\n\n\n\n<div class=\"wp-block-group\"><div class=\"wp-block-group__inner-container is-layout-constrained wp-block-group-is-layout-constrained\">\n<div class=\"wp-block-media-text has-media-on-the-right is-stacked-on-mobile\"><div class=\"wp-block-media-text__content\">\n<h3 class=\"wp-block-heading\">Miroslava Pavl\u00ednkov\u00e1<\/h3>\n\n\n\n<h4 class=\"wp-block-heading\">Pr\u00e9sidente<\/h4>\n\n\n\n<p>Jsem jedn\u00edm ze zakl\u00e1daj\u00edc\u00edch \u010dlen\u016f Alliance Fran\u00e7aise d&#8217;Ostrava. Od sam\u00e9ho po\u010d\u00e1tku jsem jako prvn\u00ed lektor francouz\u0161tiny uv\u00e1d\u011bla studenty do sv\u011bta tohoto kr\u00e1sn\u00e9ho jazyka.<\/p>\n<\/div><figure class=\"wp-block-media-text__media\"><img loading=\"lazy\" decoding=\"async\" width=\"400\" height=\"400\" src=\"https:\/\/www.alliancefrancaise.cz\/ostrava\/wp-content\/uploads\/2025\/05\/mrk.png\" alt=\"\" class=\"wp-image-8807 size-full\" srcset=\"https:\/\/www.alliancefrancaise.cz\/ostrava\/wp-content\/uploads\/2025\/05\/mrk.png 400w, https:\/\/www.alliancefrancaise.cz\/ostrava\/wp-content\/uploads\/2025\/05\/mrk-150x150.png 150w\" sizes=\"auto, (max-width: 400px) 100vw, 400px\" \/><\/figure><\/div>\n<\/div><\/div>\n\n\n\n<div class=\"wp-block-media-text is-stacked-on-mobile\"><figure class=\"wp-block-media-text__media\"><img loading=\"lazy\" decoding=\"async\" width=\"400\" height=\"400\" src=\"https:\/\/www.alliancefrancaise.cz\/ostrava\/wp-content\/uploads\/2025\/05\/mime.png\" alt=\"\" class=\"wp-image-8810 size-full\" srcset=\"https:\/\/www.alliancefrancaise.cz\/ostrava\/wp-content\/uploads\/2025\/05\/mime.png 400w, https:\/\/www.alliancefrancaise.cz\/ostrava\/wp-content\/uploads\/2025\/05\/mime-150x150.png 150w\" sizes=\"auto, (max-width: 400px) 100vw, 400px\" \/><\/figure><div class=\"wp-block-media-text__content\">\n<h3 class=\"wp-block-heading\">Maxime Marsault<\/h3>\n\n\n\n<h4 class=\"wp-block-heading\">\u010clen v\u00fdboru Alliance Fran\u00e7aise Ostrava <\/h4>\n\n\n\n<p><\/p>\n\n\n\n<p>Alliance Fran\u00e7aise Ostrava se ji\u017e v\u00edce ne\u017e 30 let pod\u00edl\u00ed na kulturn\u00edm a frankofonn\u00edm \u017eivot\u011b Moravskoslezsk\u00e9ho kraje. V pr\u016fb\u011bhu let z\u00edskala \u0159adu partner\u016f, v\u010detn\u011b francouzsk\u00e9 spole\u010dnosti Veolia, kter\u00e1 m\u00e1 v Ostrav\u011b sv\u00e9 zastoupen\u00ed.<\/p>\n<\/div><\/div>\n\n\n\n<p><\/p>\n\n\n\n<div class=\"wp-block-media-text has-media-on-the-right is-stacked-on-mobile\"><div class=\"wp-block-media-text__content\">\n<h3 class=\"wp-block-heading\">Luk\u00e1\u0161 Musialek<\/h3>\n\n\n\n<p>M\u00e9 dobrodru\u017estv\u00ed s francouz\u0161tinou za\u010dalo v letech 2007-2008 jako student Alliance Fran\u00e7aise, pokra\u010dovalo na brn\u011bnsk\u00e9 univerzit\u011b a b\u011bhem dvoulet\u00e9ho pobytu ve Francii. Francouz\u0161tina se stala mou opravdovou v\u00e1\u0161n\u00ed, kterou nyn\u00ed p\u0159ed\u00e1v\u00e1m jako u\u010ditel ve skupinov\u00fdch i individu\u00e1ln\u00edch lekc\u00edch. R\u00e1d motivuji sv\u00e9 studenty t\u00edm, \u017ee jim pom\u00e1h\u00e1m objevovat jazyk a bohatstv\u00ed francouzsky mluv\u00edc\u00edho sv\u011bta. Jako viceprezident chci aktivn\u011b p\u0159isp\u00edvat k rozvoji Francouzsk\u00e9&nbsp;aliance.<\/p>\n<\/div><figure class=\"wp-block-media-text__media\"><img loading=\"lazy\" decoding=\"async\" width=\"1020\" height=\"1360\" src=\"https:\/\/www.alliancefrancaise.cz\/ostrava\/wp-content\/uploads\/2025\/06\/photo-lukas-1-1020x1360.jpg\" alt=\"\" class=\"wp-image-8992 size-full\" srcset=\"https:\/\/www.alliancefrancaise.cz\/ostrava\/wp-content\/uploads\/2025\/06\/photo-lukas-1-1020x1360.jpg 1020w, https:\/\/www.alliancefrancaise.cz\/ostrava\/wp-content\/uploads\/2025\/06\/photo-lukas-1-345x460.jpg 345w, https:\/\/www.alliancefrancaise.cz\/ostrava\/wp-content\/uploads\/2025\/06\/photo-lukas-1-768x1024.jpg 768w, https:\/\/www.alliancefrancaise.cz\/ostrava\/wp-content\/uploads\/2025\/06\/photo-lukas-1.jpg 1536w\" sizes=\"auto, (max-width: 1020px) 100vw, 1020px\" \/><\/figure><\/div>\n\n\n\n<hr class=\"wp-block-separator has-alpha-channel-opacity\"\/>\n\n\n\n<h2 class=\"wp-block-heading\">Na\u0161i lekto\u0159i<\/h2>\n\n\n\n<div class=\"wp-block-media-text is-stacked-on-mobile\"><figure class=\"wp-block-media-text__media\"><img loading=\"lazy\" decoding=\"async\" width=\"400\" height=\"400\" src=\"https:\/\/www.alliancefrancaise.cz\/ostrava\/wp-content\/uploads\/2025\/05\/nadia.png\" alt=\"\" class=\"wp-image-8796 size-full\" srcset=\"https:\/\/www.alliancefrancaise.cz\/ostrava\/wp-content\/uploads\/2025\/05\/nadia.png 400w, https:\/\/www.alliancefrancaise.cz\/ostrava\/wp-content\/uploads\/2025\/05\/nadia-150x150.png 150w\" sizes=\"auto, (max-width: 400px) 100vw, 400px\" \/><\/figure><div class=\"wp-block-media-text__content\">\n<h3 class=\"wp-block-heading\">Nadia Senhadji<\/h3>\n\n\n\n<p><\/p>\n\n\n\n<p>Dobr\u00fd den ! Jmenuji se Nadia a jsem Francouzka. V sou\u010dasn\u00e9 dob\u011b u\u010d\u00edm na Ostravsk\u00e9 univerzit\u011b na kated\u0159e rom\u00e1nsk\u00fdch jazyk\u016f. M\u00fdm oborem je\u2026 Komunikace ve francouz\u0161tin\u011b. Radost z mluven\u00ed francouzsky je pro m\u011b z\u00e1sadn\u00ed.<\/p>\n<\/div><\/div>\n\n\n\n<div class=\"wp-block-media-text has-media-on-the-right is-stacked-on-mobile\"><div class=\"wp-block-media-text__content\">\n<h3 class=\"wp-block-heading\">Jakub Rube\u0161<\/h3>\n\n\n\n<p><\/p>\n\n\n\n<p>Vzhledem k tomu, \u017ee jsem d\u00edky sv\u00e9mu vysoko\u0161kolsk\u00e9mu vzd\u011bl\u00e1n\u00ed a n\u011bkolika dlouhodob\u00fdm pobyt\u016fm ve Francii z\u00edskal dobrou znalost francouz\u0161tiny, jsem r\u00e1d, \u017ee mohu p\u0159isp\u011bt k podpo\u0159e francouzsk\u00e9ho jazyka a kultury.<\/p>\n\n\n\n<p><\/p>\n<\/div><figure class=\"wp-block-media-text__media\"><img loading=\"lazy\" decoding=\"async\" width=\"400\" height=\"400\" src=\"https:\/\/www.alliancefrancaise.cz\/ostrava\/wp-content\/uploads\/2025\/05\/jakub.png\" alt=\"\" class=\"wp-image-8798 size-full\" srcset=\"https:\/\/www.alliancefrancaise.cz\/ostrava\/wp-content\/uploads\/2025\/05\/jakub.png 400w, https:\/\/www.alliancefrancaise.cz\/ostrava\/wp-content\/uploads\/2025\/05\/jakub-150x150.png 150w\" sizes=\"auto, (max-width: 400px) 100vw, 400px\" \/><\/figure><\/div>\n\n\n\n<div class=\"wp-block-media-text is-stacked-on-mobile\"><figure class=\"wp-block-media-text__media\"><img loading=\"lazy\" decoding=\"async\" width=\"400\" height=\"400\" src=\"https:\/\/www.alliancefrancaise.cz\/ostrava\/wp-content\/uploads\/2025\/05\/dagmar.png\" alt=\"\" class=\"wp-image-8802 size-full\" srcset=\"https:\/\/www.alliancefrancaise.cz\/ostrava\/wp-content\/uploads\/2025\/05\/dagmar.png 400w, https:\/\/www.alliancefrancaise.cz\/ostrava\/wp-content\/uploads\/2025\/05\/dagmar-150x150.png 150w\" sizes=\"auto, (max-width: 400px) 100vw, 400px\" \/><\/figure><div class=\"wp-block-media-text__content\">\n<h3 class=\"wp-block-heading\">Dagmar \u0160tencov\u00e1<\/h3>\n\n\n\n<p><\/p>\n\n\n\n<p>Francouz\u0161tina a Francie jsou moje celo\u017eivotn\u00ed l\u00e1sky. Tento n\u00e1dhern\u00fd jazyk jsem u\u010dila na st\u0159edn\u00ed \u0161kole. M\u00e1m tu \u010dest spolupracovat se skv\u011bl\u00fdm t\u00fdmem Alliance Fran\u00e7aise v Ostrav\u011b. Vedu ve\u010dern\u00ed kurzy a individu\u00e1ln\u00ed lekce.<\/p>\n<\/div><\/div>\n\n\n\n<div class=\"wp-block-media-text has-media-on-the-right is-stacked-on-mobile\"><div class=\"wp-block-media-text__content\">\n<h3 class=\"wp-block-heading\">Radim Hor\u00e1k<\/h3>\n\n\n\n<p><\/p>\n\n\n\n<p>S francouz\u0161tinou jsem se setkal poprv\u00e9 v patn\u00e1cti letech, jako st\u0159edo\u0161kol\u00e1k. Po maturit\u011b jsem ve studiu pokra\u010doval na Ostravsk\u00e9 univerzit\u011b, kde jsem z\u00edskal aprobaci pro v\u00fduku francouzsk\u00e9ho a \u010desk\u00e9ho jazyka. P\u0159esto m\u00e9 prvn\u00ed profesn\u00ed kroky vedly na Francouzskou alianci v Ostrav\u011b. Po deseti letech, kdy jsem vyu\u010doval na Jazykov\u00e9m gymn\u00e1ziu Pavla Tigrida, jsem se s chut\u00ed pono\u0159il do mezin\u00e1rodn\u00edho prost\u0159ed\u00ed a p\u016fsobil na Evropsk\u00e9 \u0161kole v Bruselu.&nbsp;<\/p>\n\n\n\n<p>Zaj\u00edm\u00e1m se o divadlo, film, \u017eurnalistiku a ciz\u00ed jazyky, \u010dasto chod\u00edm do hor a do p\u0159\u00edrody. R\u00e1d se znovu po letech vr\u00e1t\u00edm do Francouzsk\u00e9 aliance v Ostrav\u011b, abych se s t\u011bmi, kte\u0159\u00ed maj\u00ed pro studium francouz\u0161tiny zna\u010dnou motivaci, pod\u011blil o sv\u00e9 zku\u0161enosti.<\/p>\n<\/div><figure class=\"wp-block-media-text__media\"><img loading=\"lazy\" decoding=\"async\" width=\"400\" height=\"400\" src=\"https:\/\/www.alliancefrancaise.cz\/ostrava\/wp-content\/uploads\/2025\/05\/rdim.png\" alt=\"\" class=\"wp-image-8804 size-full\" srcset=\"https:\/\/www.alliancefrancaise.cz\/ostrava\/wp-content\/uploads\/2025\/05\/rdim.png 400w, https:\/\/www.alliancefrancaise.cz\/ostrava\/wp-content\/uploads\/2025\/05\/rdim-150x150.png 150w\" sizes=\"auto, (max-width: 400px) 100vw, 400px\" \/><\/figure><\/div>\n","protected":false},"excerpt":{"rendered":"<p>Loris Vivarelli \u0158editel Poch\u00e1z\u00edm z Bordeaux, kde jsem studoval jazyky, a pot\u00e9 z\u00edskal i magistersk\u00fd titul v oboru FLE (francouz\u0161tiny jako ciz\u00edho jazyka). Po \u0159ad\u011b st\u00e1\u017e\u00ed a odborn\u00fdch&#8230;<\/p>\n","protected":false},"author":1,"featured_media":0,"parent":0,"menu_order":0,"comment_status":"closed","ping_status":"closed","template":"","meta":{"_acf_changed":false,"footnotes":""},"class_list":["post-6287","page","type-page","status-publish","hentry"],"acf":[],"_links":{"self":[{"href":"https:\/\/www.alliancefrancaise.cz\/ostrava\/wp-json\/wp\/v2\/pages\/6287","targetHints":{"allow":["GET"]}}],"collection":[{"href":"https:\/\/www.alliancefrancaise.cz\/ostrava\/wp-json\/wp\/v2\/pages"}],"about":[{"href":"https:\/\/www.alliancefrancaise.cz\/ostrava\/wp-json\/wp\/v2\/types\/page"}],"author":[{"embeddable":true,"href":"https:\/\/www.alliancefrancaise.cz\/ostrava\/wp-json\/wp\/v2\/users\/1"}],"replies":[{"embeddable":true,"href":"https:\/\/www.alliancefrancaise.cz\/ostrava\/wp-json\/wp\/v2\/comments?post=6287"}],"version-history":[{"count":20,"href":"https:\/\/www.alliancefrancaise.cz\/ostrava\/wp-json\/wp\/v2\/pages\/6287\/revisions"}],"predecessor-version":[{"id":10154,"href":"https:\/\/www.alliancefrancaise.cz\/ostrava\/wp-json\/wp\/v2\/pages\/6287\/revisions\/10154"}],"wp:attachment":[{"href":"https:\/\/www.alliancefrancaise.cz\/ostrava\/wp-json\/wp\/v2\/media?parent=6287"}],"curies":[{"name":"wp","href":"https:\/\/api.w.org\/{rel}","templated":true}]}}