{"id":6870,"date":"2024-04-03T10:18:07","date_gmt":"2024-04-03T08:18:07","guid":{"rendered":"https:\/\/www.alliancefrancaise.cz\/ostrava\/?page_id=6870"},"modified":"2024-11-13T13:04:12","modified_gmt":"2024-11-13T12:04:12","slug":"partnerske-instituce","status":"publish","type":"page","link":"https:\/\/www.alliancefrancaise.cz\/ostrava\/partnerske-instituce\/","title":{"rendered":"PARTNERSK\u00c9 INSTITUCE"},"content":{"rendered":"\n<p>Moravskoslezsk\u00fd kraj poskytl dotaci na realizaci projektu \u201eFrancouzsk\u00fd podzim v Ostrav\u011b v roce francouzsk\u00e9ho a \u010desk\u00e9ho p\u0159edsednictv\u00ed v EU\u201c<\/p>\n\n\n\n<figure class=\"wp-block-image size-full is-resized\"><img loading=\"lazy\" decoding=\"async\" width=\"340\" height=\"104\" src=\"https:\/\/www.alliancefrancaise.cz\/ostrava\/wp-content\/uploads\/2024\/04\/image.png\" alt=\"\" class=\"wp-image-7060\" style=\"width:314px;height:auto\"\/><\/figure>\n\n\n\n<p><a href=\"http:\/\/www.kr-moravskoslezsky.cz\/\" rel=\"noreferrer noopener\" target=\"_blank\">MORAVSKOSLEZSK\u00dd KRAJ<\/a><\/p>\n\n\n\n<hr class=\"wp-block-separator has-alpha-channel-opacity\"\/>\n\n\n\n<h2 class=\"wp-block-heading\">Ostrava!!!<\/h2>\n\n\n\n<figure class=\"wp-block-image size-full is-resized\"><img loading=\"lazy\" decoding=\"async\" width=\"520\" height=\"134\" src=\"https:\/\/www.alliancefrancaise.cz\/ostrava\/wp-content\/uploads\/2024\/11\/image-1.png\" alt=\"\" class=\"wp-image-7782\" style=\"width:358px;height:auto\" srcset=\"https:\/\/www.alliancefrancaise.cz\/ostrava\/wp-content\/uploads\/2024\/11\/image-1.png 520w, https:\/\/www.alliancefrancaise.cz\/ostrava\/wp-content\/uploads\/2024\/11\/image-1-460x119.png 460w\" sizes=\"auto, (max-width: 520px) 100vw, 520px\" \/><\/figure>\n\n\n\n<p><a href=\"https:\/\/www.ostrava.cz\/cs\" target=\"_blank\" rel=\"noopener\">M\u011aSTO OSTRAVA<\/a><\/p>\n\n\n\n<hr class=\"wp-block-separator has-alpha-channel-opacity\"\/>\n\n\n\n<h2 class=\"wp-block-heading\">Francouzsk\u00e9 velvyslanectv\u00ed v Praze<\/h2>\n\n\n\n<figure class=\"wp-block-image size-full is-resized\"><img loading=\"lazy\" decoding=\"async\" width=\"1038\" height=\"822\" src=\"https:\/\/www.alliancefrancaise.cz\/ostrava\/wp-content\/uploads\/2024\/04\/image-1.png\" alt=\"\" class=\"wp-image-7062\" style=\"width:325px;height:auto\" srcset=\"https:\/\/www.alliancefrancaise.cz\/ostrava\/wp-content\/uploads\/2024\/04\/image-1.png 1038w, https:\/\/www.alliancefrancaise.cz\/ostrava\/wp-content\/uploads\/2024\/04\/image-1-460x364.png 460w, https:\/\/www.alliancefrancaise.cz\/ostrava\/wp-content\/uploads\/2024\/04\/image-1-768x608.png 768w\" sizes=\"auto, (max-width: 1038px) 100vw, 1038px\" \/><\/figure>\n\n\n\n<p><a href=\"https:\/\/cz.ambafrance.org\/\" target=\"_blank\" rel=\"noreferrer noopener\">FRANCOUZSK\u00c9 VELVYSLANECTV\u00cd<\/a><\/p>\n\n\n\n<hr class=\"wp-block-separator has-alpha-channel-opacity\"\/>\n\n\n\n<h2 class=\"wp-block-heading\">Francouzsk\u00fd Institut v Praze<\/h2>\n\n\n\n<figure class=\"wp-block-image size-full is-resized\"><img loading=\"lazy\" decoding=\"async\" width=\"852\" height=\"631\" src=\"https:\/\/www.alliancefrancaise.cz\/ostrava\/wp-content\/uploads\/2024\/04\/image-2.png\" alt=\"\" class=\"wp-image-7064\" style=\"width:288px;height:auto\" srcset=\"https:\/\/www.alliancefrancaise.cz\/ostrava\/wp-content\/uploads\/2024\/04\/image-2.png 852w, https:\/\/www.alliancefrancaise.cz\/ostrava\/wp-content\/uploads\/2024\/04\/image-2-460x341.png 460w, https:\/\/www.alliancefrancaise.cz\/ostrava\/wp-content\/uploads\/2024\/04\/image-2-768x569.png 768w\" sizes=\"auto, (max-width: 852px) 100vw, 852px\" \/><\/figure>\n\n\n\n<p><a href=\"http:\/\/www.ifp.cz\/\" target=\"_blank\" rel=\"noreferrer noopener\">FRANCOUZSK\u00dd INSTITUT<\/a><\/p>\n\n\n\n<hr class=\"wp-block-separator has-alpha-channel-opacity\"\/>\n\n\n\n<h2 class=\"wp-block-heading\">Ostravsk\u00e1 univerzita<\/h2>\n\n\n\n<figure class=\"wp-block-image size-full\"><img loading=\"lazy\" decoding=\"async\" width=\"214\" height=\"235\" src=\"https:\/\/www.alliancefrancaise.cz\/ostrava\/wp-content\/uploads\/2024\/04\/image-4.png\" alt=\"\" class=\"wp-image-7068\"\/><\/figure>\n\n\n\n<p><a href=\"http:\/\/www.osu.cz\/\" rel=\"noreferrer noopener\" target=\"_blank\">OSTRAVSK\u00c1 UNIVERZITA<\/a><\/p>\n\n\n\n<hr class=\"wp-block-separator has-alpha-channel-opacity\"\/>\n\n\n\n<h2 class=\"wp-block-heading\">MOaP<\/h2>\n\n\n\n<figure class=\"wp-block-image size-full is-resized\"><img loading=\"lazy\" decoding=\"async\" width=\"600\" height=\"120\" src=\"https:\/\/www.alliancefrancaise.cz\/ostrava\/wp-content\/uploads\/2024\/04\/image-5.png\" alt=\"\" class=\"wp-image-7070\" style=\"width:515px;height:auto\" srcset=\"https:\/\/www.alliancefrancaise.cz\/ostrava\/wp-content\/uploads\/2024\/04\/image-5.png 600w, https:\/\/www.alliancefrancaise.cz\/ostrava\/wp-content\/uploads\/2024\/04\/image-5-460x92.png 460w\" sizes=\"auto, (max-width: 600px) 100vw, 600px\" \/><\/figure>\n\n\n\n<p><a href=\"http:\/\/www.moap.cz\/\" rel=\"noreferrer noopener\" target=\"_blank\">M\u011aSTSK\u00dd OBVOD MORAVSK\u00c1 OSTRAVA A P\u0158\u00cdVOZ<\/a><\/p>\n\n\n\n<hr class=\"wp-block-separator has-alpha-channel-opacity\"\/>\n\n\n\n<h2 class=\"wp-block-heading\">Lotrinsk\u00fd region<\/h2>\n\n\n\n<figure class=\"wp-block-image size-full is-resized\"><img loading=\"lazy\" decoding=\"async\" width=\"471\" height=\"107\" src=\"https:\/\/www.alliancefrancaise.cz\/ostrava\/wp-content\/uploads\/2024\/04\/image-6.png\" alt=\"\" class=\"wp-image-7072\" style=\"width:379px;height:auto\" srcset=\"https:\/\/www.alliancefrancaise.cz\/ostrava\/wp-content\/uploads\/2024\/04\/image-6.png 471w, https:\/\/www.alliancefrancaise.cz\/ostrava\/wp-content\/uploads\/2024\/04\/image-6-460x105.png 460w\" sizes=\"auto, (max-width: 471px) 100vw, 471px\" \/><\/figure>\n\n\n\n<p><a href=\"http:\/\/www.cr-lorraine.fr\/jahia\/Jahia\/pid\/172\" rel=\"noreferrer noopener\" target=\"_blank\">LOTRINSK\u00dd REGION<\/a><\/p>\n\n\n\n<hr class=\"wp-block-separator has-alpha-channel-opacity\"\/>\n\n\n\n<h2 class=\"wp-block-heading\">Gymn\u00e1zia<\/h2>\n\n\n\n<p><strong><a href=\"https:\/\/www.jazgym.cz\/\" target=\"_blank\" rel=\"noopener\">Jazykov\u00e9 gymn\u00e1zium Pavla Tigrida<\/a>&nbsp;<\/strong>se nach\u00e1z\u00ed v Ostrav\u011b \u2013 Porub\u011b a od roku 1991 nab\u00edz\u00ed studijn\u00ed obor s roz\u0161\u00ed\u0159enou v\u00fdukou ciz\u00edch jazyk\u016f. Od roku 2008 otev\u00edr\u00e1 tak\u00e9 francouzskou t\u0159\u00eddu (tzv. evropskou sekci), ve kter\u00e9 studenti absolvuj\u00ed nejen intenzivn\u00ed v\u00fduku francouz\u0161tiny, ale i hodiny zem\u011bpisu a d\u011bjepisu ve francouz\u0161tin\u011b, veden\u00e9 rodil\u00fdmi mluv\u010d\u00edmi.<\/p>\n\n\n\n<p>Od roku 2009 Alliance fran\u00e7aise Ostrava po\u0159\u00e1d\u00e1 Alliance francaise Ostrava spolu s Gymn\u00e1ziem Pavla Tigrida, Mati\u010dn\u00edm gymn\u00e1ziem, Slezsk\u00fdm gymn\u00e1ziem, Gymn\u00e1ziem Nov\u00fd Ji\u010d\u00edn, Slovansk\u00fdm gymn\u00e1ziem v Olomouci a Gymn\u00e1ziem J.\u0160kody v P\u0159erov\u011b zkou\u0161kov\u00fd okruh \u00ab&nbsp;\u017d\u00e1kovsk\u00fd&nbsp;\u00bb DELF, ur\u010den\u00fd pro studenty severn\u00ed a st\u0159edn\u00ed Moravy.<\/p>\n\n\n\n<div style=\"height:34px\" aria-hidden=\"true\" class=\"wp-block-spacer\"><\/div>\n\n\n\n<p><strong><a href=\"https:\/\/mgo.cz\/jj\/\" target=\"_blank\" rel=\"noopener\">Mati\u010dn\u00ed gymn\u00e1zium Ostrava<\/a><\/strong>, zalo\u017een\u00e9 Matic\u00ed ostravskou r. 1897 jako prvn\u00ed \u010desk\u00e1 \u0161kola v ryze n\u011bmeck\u00e9m prost\u0159ed\u00ed Rakousko-uhersk\u00e9 \u0159\u00ed\u0161e, hr\u00e1lo velmi d\u016fle\u017eitou roli v rozvoji \u010desk\u00e9 kultury.<\/p>\n\n\n\n<p>Mati\u010dn\u00ed gymn\u00e1zium m\u00e1 nejen dlouhou tradici, ale tak\u00e9 renom\u00e9 jedn\u00e9 z nejlep\u0161\u00edch st\u0159edn\u00edch \u0161kol regionu. Je to v\u0161eobecn\u011b vzd\u011bl\u00e1vac\u00ed gymn\u00e1zium s osmilet\u00fdm i \u010dty\u0159let\u00fdm cyklem, \u0161irokou \u0161k\u00e1lou voliteln\u00fdch p\u0159edm\u011bt\u016f a m\u00e1 kolem 650 student\u016f.<\/p>\n\n\n\n<p>S Alliance Fran\u00e7aise Ostrava spolupracuje Mati\u010dn\u00ed gymn\u00e1zium u\u017e v\u00edce ne\u017e t\u0159icet let. Jeho studenti se pravideln\u011b \u00fa\u010dastn\u00ed kulturn\u00edch i vzd\u011bl\u00e1vac\u00edch akc\u00ed po\u0159\u00e1dan\u00fdch Alliance Fran\u00e7aise Ostrava.<\/p>\n","protected":false},"excerpt":{"rendered":"<p>Moravskoslezsk\u00fd kraj poskytl dotaci na realizaci projektu \u201eFrancouzsk\u00fd podzim v Ostrav\u011b v roce francouzsk\u00e9ho a \u010desk\u00e9ho p\u0159edsednictv\u00ed v EU\u201c MORAVSKOSLEZSK\u00dd KRAJ Ostrava!!! M\u011aSTO OSTRAVA Francouzsk\u00e9 velvyslanectv\u00ed v Praze&#8230;<\/p>\n","protected":false},"author":4,"featured_media":0,"parent":0,"menu_order":0,"comment_status":"closed","ping_status":"closed","template":"","meta":{"_acf_changed":false,"footnotes":""},"class_list":["post-6870","page","type-page","status-publish","hentry"],"acf":[],"_links":{"self":[{"href":"https:\/\/www.alliancefrancaise.cz\/ostrava\/wp-json\/wp\/v2\/pages\/6870","targetHints":{"allow":["GET"]}}],"collection":[{"href":"https:\/\/www.alliancefrancaise.cz\/ostrava\/wp-json\/wp\/v2\/pages"}],"about":[{"href":"https:\/\/www.alliancefrancaise.cz\/ostrava\/wp-json\/wp\/v2\/types\/page"}],"author":[{"embeddable":true,"href":"https:\/\/www.alliancefrancaise.cz\/ostrava\/wp-json\/wp\/v2\/users\/4"}],"replies":[{"embeddable":true,"href":"https:\/\/www.alliancefrancaise.cz\/ostrava\/wp-json\/wp\/v2\/comments?post=6870"}],"version-history":[{"count":8,"href":"https:\/\/www.alliancefrancaise.cz\/ostrava\/wp-json\/wp\/v2\/pages\/6870\/revisions"}],"predecessor-version":[{"id":7785,"href":"https:\/\/www.alliancefrancaise.cz\/ostrava\/wp-json\/wp\/v2\/pages\/6870\/revisions\/7785"}],"wp:attachment":[{"href":"https:\/\/www.alliancefrancaise.cz\/ostrava\/wp-json\/wp\/v2\/media?parent=6870"}],"curies":[{"name":"wp","href":"https:\/\/api.w.org\/{rel}","templated":true}]}}