{"id":6878,"date":"2024-04-03T09:46:20","date_gmt":"2024-04-03T07:46:20","guid":{"rendered":"https:\/\/www.alliancefrancaise.cz\/ostrava\/?page_id=6878"},"modified":"2024-09-17T13:03:56","modified_gmt":"2024-09-17T11:03:56","slug":"kulturni-partneri","status":"publish","type":"page","link":"https:\/\/www.alliancefrancaise.cz\/ostrava\/kulturni-partneri\/","title":{"rendered":"KULTURN\u00cd PARTNE\u0158I"},"content":{"rendered":"\n<h2 class=\"wp-block-heading\">Jan\u00e1\u010dkova konzervato\u0159 v Ostrav\u011b<\/h2>\n\n\n\n<figure class=\"wp-block-image size-full\"><img loading=\"lazy\" decoding=\"async\" width=\"209\" height=\"125\" src=\"https:\/\/www.alliancefrancaise.cz\/ostrava\/wp-content\/uploads\/2024\/04\/images.jpeg\" alt=\"\" class=\"wp-image-7016\"\/><\/figure>\n\n\n\n<p><a href=\"http:\/\/www.jko.cz\/\" rel=\"noreferrer noopener\" target=\"_blank\">JAN\u00c1\u010cKOVA KONZERVATO\u0158 V OSTRAV\u011a<\/a><\/p>\n\n\n\n<hr class=\"wp-block-separator has-alpha-channel-opacity\"\/>\n\n\n\n<h2 class=\"wp-block-heading\">Knihovna m\u011bsta Ostravy<\/h2>\n\n\n\n<figure class=\"wp-block-image size-full\"><img loading=\"lazy\" decoding=\"async\" width=\"600\" height=\"63\" src=\"https:\/\/www.alliancefrancaise.cz\/ostrava\/wp-content\/uploads\/2024\/04\/telechargement-3.png\" alt=\"\" class=\"wp-image-7018\" srcset=\"https:\/\/www.alliancefrancaise.cz\/ostrava\/wp-content\/uploads\/2024\/04\/telechargement-3.png 600w, https:\/\/www.alliancefrancaise.cz\/ostrava\/wp-content\/uploads\/2024\/04\/telechargement-3-460x48.png 460w\" sizes=\"auto, (max-width: 600px) 100vw, 600px\" \/><\/figure>\n\n\n\n<p><a href=\"http:\/\/www.kmo.cz\/\" rel=\"noreferrer noopener\" target=\"_blank\">KNIHOVNA M\u011aSTA OSTRAVY<\/a><\/p>\n\n\n\n<hr class=\"wp-block-separator has-alpha-channel-opacity\"\/>\n\n\n\n<h2 class=\"wp-block-heading\">Babylon Caf\u00e9<\/h2>\n\n\n\n<figure class=\"wp-block-image size-full\"><img loading=\"lazy\" decoding=\"async\" width=\"180\" height=\"180\" src=\"https:\/\/www.alliancefrancaise.cz\/ostrava\/wp-content\/uploads\/2024\/04\/telechargement.jpeg\" alt=\"\" class=\"wp-image-7020\" srcset=\"https:\/\/www.alliancefrancaise.cz\/ostrava\/wp-content\/uploads\/2024\/04\/telechargement.jpeg 180w, https:\/\/www.alliancefrancaise.cz\/ostrava\/wp-content\/uploads\/2024\/04\/telechargement-150x150.jpeg 150w\" sizes=\"auto, (max-width: 180px) 100vw, 180px\" \/><\/figure>\n\n\n\n<p><a href=\"https:\/\/www.facebook.com\/babylonCafeOstrava\/\" rel=\"noreferrer noopener\" target=\"_blank\">BABYLON CAF\u00c9<\/a><\/p>\n\n\n\n<hr class=\"wp-block-separator has-alpha-channel-opacity\"\/>\n\n\n\n<h2 class=\"wp-block-heading\">Klub Parn\u00edk<\/h2>\n\n\n\n<figure class=\"wp-block-image size-full\"><img loading=\"lazy\" decoding=\"async\" width=\"800\" height=\"532\" src=\"https:\/\/www.alliancefrancaise.cz\/ostrava\/wp-content\/uploads\/2024\/04\/6703d6560e83702ae61f8b4360bf688527964506_Klub-Parnik-2.jpeg\" alt=\"\" class=\"wp-image-7022\" srcset=\"https:\/\/www.alliancefrancaise.cz\/ostrava\/wp-content\/uploads\/2024\/04\/6703d6560e83702ae61f8b4360bf688527964506_Klub-Parnik-2.jpeg 800w, https:\/\/www.alliancefrancaise.cz\/ostrava\/wp-content\/uploads\/2024\/04\/6703d6560e83702ae61f8b4360bf688527964506_Klub-Parnik-2-460x306.jpeg 460w, https:\/\/www.alliancefrancaise.cz\/ostrava\/wp-content\/uploads\/2024\/04\/6703d6560e83702ae61f8b4360bf688527964506_Klub-Parnik-2-768x511.jpeg 768w, https:\/\/www.alliancefrancaise.cz\/ostrava\/wp-content\/uploads\/2024\/04\/6703d6560e83702ae61f8b4360bf688527964506_Klub-Parnik-2-440x294.jpeg 440w\" sizes=\"auto, (max-width: 800px) 100vw, 800px\" \/><\/figure>\n\n\n\n<p><a href=\"https:\/\/www.klub-parnik.cz\/\" target=\"_blank\" rel=\"noreferrer noopener\">KLUB PARN\u00cdK<\/a><\/p>\n\n\n\n<hr class=\"wp-block-separator has-alpha-channel-opacity\"\/>\n\n\n\n<h2 class=\"wp-block-heading\">La Petite Conversation<\/h2>\n\n\n\n<figure class=\"wp-block-image size-full\"><img loading=\"lazy\" decoding=\"async\" width=\"474\" height=\"85\" src=\"https:\/\/www.alliancefrancaise.cz\/ostrava\/wp-content\/uploads\/2024\/04\/lapeco-logo-stit.png\" alt=\"\" class=\"wp-image-7024\" srcset=\"https:\/\/www.alliancefrancaise.cz\/ostrava\/wp-content\/uploads\/2024\/04\/lapeco-logo-stit.png 474w, https:\/\/www.alliancefrancaise.cz\/ostrava\/wp-content\/uploads\/2024\/04\/lapeco-logo-stit-460x82.png 460w\" sizes=\"auto, (max-width: 474px) 100vw, 474px\" \/><\/figure>\n\n\n\n<p><a href=\"http:\/\/www.lapeco.cz\/\" target=\"_blank\" rel=\"noreferrer noopener\">LAPECO<\/a><\/p>\n\n\n\n<hr class=\"wp-block-separator has-alpha-channel-opacity\"\/>\n\n\n\n<h2 class=\"wp-block-heading\">Minikinokav\u00e1rna<\/h2>\n\n\n\n<figure class=\"wp-block-image size-full\"><img loading=\"lazy\" decoding=\"async\" width=\"900\" height=\"600\" src=\"https:\/\/www.alliancefrancaise.cz\/ostrava\/wp-content\/uploads\/2024\/04\/9d98f3c0090a48f6fb0c202a34e26dcc19f787dd_Minikino_900x600.jpeg\" alt=\"\" class=\"wp-image-7026\" srcset=\"https:\/\/www.alliancefrancaise.cz\/ostrava\/wp-content\/uploads\/2024\/04\/9d98f3c0090a48f6fb0c202a34e26dcc19f787dd_Minikino_900x600.jpeg 900w, https:\/\/www.alliancefrancaise.cz\/ostrava\/wp-content\/uploads\/2024\/04\/9d98f3c0090a48f6fb0c202a34e26dcc19f787dd_Minikino_900x600-460x307.jpeg 460w, https:\/\/www.alliancefrancaise.cz\/ostrava\/wp-content\/uploads\/2024\/04\/9d98f3c0090a48f6fb0c202a34e26dcc19f787dd_Minikino_900x600-768x512.jpeg 768w, https:\/\/www.alliancefrancaise.cz\/ostrava\/wp-content\/uploads\/2024\/04\/9d98f3c0090a48f6fb0c202a34e26dcc19f787dd_Minikino_900x600-440x294.jpeg 440w\" sizes=\"auto, (max-width: 900px) 100vw, 900px\" \/><\/figure>\n\n\n\n<p><a href=\"http:\/\/www.minikino.cz\/\" target=\"_blank\" rel=\"noreferrer noopener\">MINIKINOKAV\u00c1RNA<\/a><\/p>\n","protected":false},"excerpt":{"rendered":"<p>Jan\u00e1\u010dkova konzervato\u0159 v Ostrav\u011b JAN\u00c1\u010cKOVA KONZERVATO\u0158 V OSTRAV\u011a Knihovna m\u011bsta Ostravy KNIHOVNA M\u011aSTA OSTRAVY Babylon Caf\u00e9 BABYLON CAF\u00c9 Klub Parn\u00edk KLUB PARN\u00cdK La Petite Conversation LAPECO Minikinokav\u00e1rna MINIKINOKAV\u00c1RNA<\/p>\n","protected":false},"author":4,"featured_media":0,"parent":0,"menu_order":0,"comment_status":"closed","ping_status":"closed","template":"","meta":{"_acf_changed":false,"footnotes":""},"class_list":["post-6878","page","type-page","status-publish","hentry"],"acf":[],"_links":{"self":[{"href":"https:\/\/www.alliancefrancaise.cz\/ostrava\/wp-json\/wp\/v2\/pages\/6878","targetHints":{"allow":["GET"]}}],"collection":[{"href":"https:\/\/www.alliancefrancaise.cz\/ostrava\/wp-json\/wp\/v2\/pages"}],"about":[{"href":"https:\/\/www.alliancefrancaise.cz\/ostrava\/wp-json\/wp\/v2\/types\/page"}],"author":[{"embeddable":true,"href":"https:\/\/www.alliancefrancaise.cz\/ostrava\/wp-json\/wp\/v2\/users\/4"}],"replies":[{"embeddable":true,"href":"https:\/\/www.alliancefrancaise.cz\/ostrava\/wp-json\/wp\/v2\/comments?post=6878"}],"version-history":[{"count":3,"href":"https:\/\/www.alliancefrancaise.cz\/ostrava\/wp-json\/wp\/v2\/pages\/6878\/revisions"}],"predecessor-version":[{"id":7523,"href":"https:\/\/www.alliancefrancaise.cz\/ostrava\/wp-json\/wp\/v2\/pages\/6878\/revisions\/7523"}],"wp:attachment":[{"href":"https:\/\/www.alliancefrancaise.cz\/ostrava\/wp-json\/wp\/v2\/media?parent=6878"}],"curies":[{"name":"wp","href":"https:\/\/api.w.org\/{rel}","templated":true}]}}