{"id":6952,"date":"2024-03-26T15:48:31","date_gmt":"2024-03-26T14:48:31","guid":{"rendered":"https:\/\/www.alliancefrancaise.cz\/ostrava\/?page_id=6952"},"modified":"2025-06-13T11:27:32","modified_gmt":"2025-06-13T09:27:32","slug":"studovat-ve-francouzstine","status":"publish","type":"page","link":"https:\/\/www.alliancefrancaise.cz\/ostrava\/studovat-ve-francouzstine\/","title":{"rendered":"Studovat ve francouz\u0161tin\u011b"},"content":{"rendered":"\n<p>Interaktivn\u00ed mapa francouz\u0161tiny v \u010cesk\u00e9 republice : \u00a0<a href=\"https:\/\/muni.maps.arcgis.com\/apps\/instant\/nearby\/index.html?appid=a2d29a3c33c345bcb91dfe86198cd257\" target=\"_blank\" rel=\"noreferrer noopener\"><\/a><a href=\"https:\/\/muni.maps.arcgis.com\/apps\/instant\/nearby\/index.html?appid=a2d29a3c33c345bcb91dfe86198cd257\" target=\"_blank\" rel=\"noreferrer noopener\">Mapa francouz\u0161tiny v \u010cR<\/a><\/p>\n\n\n\n<p><\/p>\n\n\n\n<h3 class=\"wp-block-heading\">\u010cesk\u00e9 sekce ve Francii<\/h3>\n\n\n\n<p>Od dvac\u00e1t\u00fdch let 20. stolet\u00ed existuj\u00ed ve Francii dv\u011b \u010desk\u00e9 sekce: <\/p>\n\n\n\n<ul class=\"wp-block-list\">\n<li><a href=\"http:\/\/lyc21-carnot.ac-dijon.fr\/\" target=\"_blank\" rel=\"noreferrer noopener\">Lyc\u00e9e Carnot<\/a>, Dijon (ke studiu jsou p\u0159ij\u00edm\u00e1n\u00ed chlapci i d\u00edvky)<\/li>\n\n\n\n<li><a href=\"https:\/\/lyc-daudet-nimes.ac-montpellier.fr\/\" target=\"_blank\" rel=\"noreferrer noopener\">Lyc\u00e9e Alphonse Daudet<\/a>, N\u00eemes (ke studiu jsou p\u0159ij\u00edm\u00e1ny pouze d\u00edvky)<\/li>\n<\/ul>\n\n\n\n<p>Tyto sekce p\u0159ij\u00edmaj\u00ed \u010desk\u00e9 st\u0159edo\u0161kol\u00e1ky, kte\u0159\u00ed ve Francii studuj\u00ed t\u0159i roky (od seconde po terminale). Na konci studia jsou tito mlad\u00ed lid\u00e9 dvojjazy\u010dn\u00ed a pln\u011b si uv\u011bdomuj\u00ed kulturn\u00ed rozd\u00edly mezi na\u0161imi dv\u011bma zem\u011bmi, co\u017e z nich \u010din\u00ed d\u016fle\u017eitou spojnici mezi Franci\u00ed a \u010ceskou republikou.<\/p>\n\n\n\n<p><a href=\"https:\/\/dijon-nimes.eu\/\" target=\"_blank\" rel=\"noopener\">Dijon &amp; N\u00eemes \u2013 \u010cesk\u00e9 sekce ve Francii<\/a><\/p>\n\n\n\n<div class=\"wp-block-button\"><form style=\"text-align: center;\"><a class=\"wp-block-button__link has-background wp-element-button\" href=\"https:\/\/www.ifp.cz\/cz\/ceske-sekce-ve-francii#\/\" style=\"background-color:#ffce6d\" target=\"_blank\" rel=\"noreferrer noopener\">V\u00edce informac\u00ed<\/a><\/div>\n\n\n\n<hr class=\"wp-block-separator has-alpha-channel-opacity\"\/>\n\n\n\n<h2 class=\"wp-block-heading\">Program Rok ve Francii<\/h2>\n\n\n\n<p>\u010ce\u0161t\u00ed st\u0159edo\u0161kol\u00e1ci maj\u00ed mo\u017enost str\u00e1vit akademick\u00fd rok na partnersk\u00e9 st\u0159edn\u00ed \u0161kole ve Francii. P\u0159es t\u00fdden jsou zpravidla ubytov\u00e1ni na intern\u00e1t\u011b lycea a v\u00edkend tr\u00e1v\u00ed v hostitelsk\u00e9 rodin\u011b. Studuj\u00ed ve druh\u00e9m ro\u010dn\u00edku francouzsk\u00e9ho lycea (t\u0159\u00edda \u201ePremi\u00e8re\u201c), nav\u0161t\u011bvuj\u00ed stejn\u00e9 t\u0159\u00eddy jako jejich francouz\u0161t\u00ed vrstevn\u00edci a dost\u00e1vaj\u00ed vysv\u011bd\u010den\u00ed.<\/p>\n\n\n\n<p><strong>Rok ve Francii, to je unik\u00e1tn\u00ed mo\u017enost\u2026<\/strong><\/p>\n\n\n\n<ul class=\"wp-block-list\">\n<li>\u00a0Vycestovat, poznat zemi a jej\u00ed kulturu<\/li>\n\n\n\n<li>\u00a0Zlep\u0161it si francouz\u0161tinu a poznat francouzsk\u00fd vzd\u011bl\u00e1vac\u00ed syst\u00e9m<\/li>\n\n\n\n<li>\u00a0Z\u00edskat zku\u0161enost, osamostatnit se a nau\u010dit se zodpov\u011bdnosti<\/li>\n\n\n\n<li>\u00a0Nav\u00e1zat zaj\u00edmav\u00e9 kontakty se spolu\u017e\u00e1ky, hostitelsk\u00fdmi rodinami a profesory<\/li>\n<\/ul>\n\n\n\n<p><strong>Na rok do Francie m\u016f\u017ee\u0161 vyjet, pokud:<\/strong><\/p>\n\n\n\n<ul class=\"wp-block-list\">\n<li>\u00a0Je ti 15 \u2013 17 let<\/li>\n\n\n\n<li>\u00a0Studuje\u0161 ide\u00e1ln\u011b v 1. nebo 2. ro\u010dn\u00edku st\u0159edn\u00ed \u0161koly pop\u0159. v odpov\u00eddaj\u00edc\u00edch ro\u010dn\u00edch v\u00edcelet\u00e9ho gymn\u00e1zia, je\u017e je za\u0159azeno do s\u00edt\u011b \u0161kol M\u0160MT<\/li>\n\n\n\n<li>\u00a0Jsi ob\u010danem Evropsk\u00e9 unie<\/li>\n\n\n\n<li>\u00a0Tv\u00e1 francouz\u0161tina je minim\u00e1ln\u011b na \u00farovni A2, potvrzen\u00e1 \u00fasp\u011b\u0161n\u00fdm slo\u017een\u00edm jazykov\u00e9 zkou\u0161ky DELF<\/li>\n\n\n\n<li>\u00a0Studuje\u0161 dal\u0161\u00ed ciz\u00ed jazyk (angli\u010dtina, n\u011bm\u010dina, \u0161pan\u011bl\u0161tina)<\/li>\n\n\n\n<li>\u00a0Chce\u0161 skute\u010dn\u011b odjet, pozn\u00e1vat nov\u00e9 lidi a v\u011bci, zlep\u0161it si jazyky<\/li>\n\n\n\n<li>\u00a0Jsi samostatn\u00e1\/\u00fd, m\u00e1\u0161 smysl pro zodpov\u011bdnost a um\u00ed\u0161 se adaptovat na nov\u00e9 prost\u0159ed\u00ed<\/li>\n\n\n\n<li>\u00a0Jsi odhodlan\u00e1\/\u00fd doh\u00e1n\u011bt u\u010divo z \u010desk\u00e9 \u0161koly a tv\u00e1 rodina t\u011b v rozhodnut\u00ed podporuje<\/li>\n<\/ul>\n\n\n\n<div class=\"wp-block-button\"><form style=\"text-align: center;\"><a class=\"wp-block-button__link has-background wp-element-button\" href=\"https:\/\/www.ifp.cz\/cz\/rok-ve-francii#\/\" style=\"background-color:#ffce6d\" target=\"_blank\" rel=\"noreferrer noopener\">V\u00edce informac\u00ed<\/a><\/div>\n\n\n\n<hr class=\"wp-block-separator has-alpha-channel-opacity\"\/>\n\n\n\n<h3 class=\"wp-block-heading\">Partnerstv\u00ed s univerzitami<\/h3>\n\n\n\n<p>Studium francouz\u0161tiny je mo\u017en\u00e9 na vysok\u00fdch \u0161kol\u00e1ch v \u010cesk\u00e9 republice. C\u00edlem t\u011bchto kurz\u016f je p\u0159ipravit studenty v dan\u00e9m oboru, kte\u0159\u00ed z\u00e1rove\u0148 z\u00edskaj\u00ed dobr\u00e9 znalosti francouzsk\u00e9ho jazyka a kultury.<\/p>\n\n\n\n<ul class=\"wp-block-list\">\n<li>&nbsp;<a href=\"http:\/\/iftg.vse.cz\/\" rel=\"noreferrer noopener\" target=\"_blank\">Institut Franco-Tch\u00e8que de Gestion (IFTG<\/a>)&nbsp;: Universit\u00e9 d\u00b4Economie de Prague (V\u0160E) &amp; Institut d\u2019Administration des Entreprises (IAE) de Lyon<\/li>\n\n\n\n<li>&nbsp;<a href=\"http:\/\/www.econ.muni.cz\/mftap\" rel=\"noreferrer noopener\" target=\"_blank\">Master franco-tch\u00e8que d\u2019administration publique<\/a>&nbsp;: Universit\u00e9 Masaryk de Brno &amp; Universit\u00e9 Rennes 1<\/li>\n\n\n\n<li>&nbsp;<a href=\"mailto:rovna@mbox.fsv.cuni.cz\">Etudes europ\u00e9ennes francophones en sciences humaines et sociales<\/a>&nbsp;: Universit\u00e9 Charles de Prague &amp; Universit\u00e9 Paris III &#8211; Panth\u00e9on-Sorbonne<\/li>\n\n\n\n<li>\u00a0<a href=\"mailto:gabriela.achtenova@fs.cvut.cz\">Master G\u00e9nie Automobile \u010cVUT<\/a>\u00a0: Universit\u00e9 Technique de Prague, ENSIETA de Brest &amp; Universit\u00e9 HAN de Arnhem (NL)<\/li>\n<\/ul>\n\n\n\n<h3 class=\"wp-block-heading\">Campus France<\/h3>\n\n\n\n<p>Studujete v sou\u010dasn\u00e9 dob\u011b francouz\u0161tinu a cht\u011bli byste za\u010d\u00edt nebo pokra\u010dovat ve studiu ve Francii? Zpravodajov\u00e9 Campus France v \u010cesk\u00e9 republice v\u00e1m pomohou a poskytnou v\u00e1m ve\u0161ker\u00e9 informace, kter\u00e9 pot\u0159ebujete k uskute\u010dn\u011bn\u00ed sv\u00fdch pl\u00e1n\u016f, jako\u017e i individu\u00e1ln\u00ed podporu.<\/p>\n\n\n\n<p>kontakt : prague@campusfrance.org<br>Institut fran\u00e7ais de Prague \u0160t\u011bp\u00e1nsk\u00e1 35, 111 21 Praha 1<\/p>\n\n\n\n<div class=\"wp-block-button\"><form style=\"text-align: center;\"><a class=\"wp-block-button__link has-background wp-element-button\" href=\"https:\/\/www.republiquetcheque.campusfrance.org\/fr\" style=\"background-color:#ffce6d\" target=\"_blank\" rel=\"noreferrer noopener\">V\u00edce informac\u00ed<\/a><\/div>\n\n\n\n<hr class=\"wp-block-separator has-alpha-channel-opacity\"\/>\n\n\n\n<h3 class=\"wp-block-heading\">U\u017dITE\u010cN\u00c9 ODKAZY<\/h3>\n\n\n\n<p>V\u00edce informac\u00ed o vzd\u011bl\u00e1v\u00e1n\u00ed a v\u00fdzkumu na webov\u00fdch str\u00e1nk\u00e1ch&nbsp;<a href=\"http:\/\/www.france.cz\/\" target=\"_blank\" rel=\"noreferrer noopener\">l\u2019Ambassade de France<\/a><\/p>\n\n\n\n<p>Hled\u00e1te \u0161kolu\/centrum, kde se m\u016f\u017eete zlep\u0161it ve francouz\u0161tin\u011b ve Francii? Jedna adresa :&nbsp;<a href=\"http:\/\/www.fle.fr\/\" target=\"_blank\" rel=\"noreferrer noopener\">www.fle.fr<\/a>&nbsp;!<\/p>\n","protected":false},"excerpt":{"rendered":"<p>Interaktivn\u00ed mapa francouz\u0161tiny v \u010cesk\u00e9 republice : \u00a0Mapa francouz\u0161tiny v \u010cR \u010cesk\u00e9 sekce ve Francii Od dvac\u00e1t\u00fdch let 20. stolet\u00ed existuj\u00ed ve Francii dv\u011b \u010desk\u00e9 sekce: Tyto sekce&#8230;<\/p>\n","protected":false},"author":4,"featured_media":0,"parent":0,"menu_order":0,"comment_status":"closed","ping_status":"closed","template":"","meta":{"_acf_changed":false,"footnotes":""},"class_list":["post-6952","page","type-page","status-publish","hentry"],"acf":[],"_links":{"self":[{"href":"https:\/\/www.alliancefrancaise.cz\/ostrava\/wp-json\/wp\/v2\/pages\/6952","targetHints":{"allow":["GET"]}}],"collection":[{"href":"https:\/\/www.alliancefrancaise.cz\/ostrava\/wp-json\/wp\/v2\/pages"}],"about":[{"href":"https:\/\/www.alliancefrancaise.cz\/ostrava\/wp-json\/wp\/v2\/types\/page"}],"author":[{"embeddable":true,"href":"https:\/\/www.alliancefrancaise.cz\/ostrava\/wp-json\/wp\/v2\/users\/4"}],"replies":[{"embeddable":true,"href":"https:\/\/www.alliancefrancaise.cz\/ostrava\/wp-json\/wp\/v2\/comments?post=6952"}],"version-history":[{"count":12,"href":"https:\/\/www.alliancefrancaise.cz\/ostrava\/wp-json\/wp\/v2\/pages\/6952\/revisions"}],"predecessor-version":[{"id":9017,"href":"https:\/\/www.alliancefrancaise.cz\/ostrava\/wp-json\/wp\/v2\/pages\/6952\/revisions\/9017"}],"wp:attachment":[{"href":"https:\/\/www.alliancefrancaise.cz\/ostrava\/wp-json\/wp\/v2\/media?parent=6952"}],"curies":[{"name":"wp","href":"https:\/\/api.w.org\/{rel}","templated":true}]}}