{"id":9568,"date":"2025-10-17T12:37:01","date_gmt":"2025-10-17T10:37:01","guid":{"rendered":"https:\/\/www.alliancefrancaise.cz\/ostrava\/?page_id=9568"},"modified":"2025-10-17T12:38:39","modified_gmt":"2025-10-17T10:38:39","slug":"festival-francouzskeho-filmu","status":"publish","type":"page","link":"https:\/\/www.alliancefrancaise.cz\/ostrava\/festival-francouzskeho-filmu\/","title":{"rendered":"FESTIVAL FRANCOUZSK\u00c9HO FILMU"},"content":{"rendered":"\n<figure class=\"wp-block-image size-full\"><img loading=\"lazy\" decoding=\"async\" width=\"1125\" height=\"633\" src=\"https:\/\/www.alliancefrancaise.cz\/ostrava\/wp-content\/uploads\/2025\/10\/Cover_FB_OVA_1125x633-1.jpg\" alt=\"\" class=\"wp-image-9569\" srcset=\"https:\/\/www.alliancefrancaise.cz\/ostrava\/wp-content\/uploads\/2025\/10\/Cover_FB_OVA_1125x633-1.jpg 1125w, https:\/\/www.alliancefrancaise.cz\/ostrava\/wp-content\/uploads\/2025\/10\/Cover_FB_OVA_1125x633-1-460x259.jpg 460w, https:\/\/www.alliancefrancaise.cz\/ostrava\/wp-content\/uploads\/2025\/10\/Cover_FB_OVA_1125x633-1-768x432.jpg 768w\" sizes=\"auto, (max-width: 1125px) 100vw, 1125px\" \/><\/figure>\n\n\n\n<p>28. Festival francouzsk\u00e9ho filmu kone\u010dn\u011b odhaluje sv\u016fj kompletn\u00ed program!<\/p>\n\n\n\n<p>Nov\u00fd ro\u010dn\u00edk Festivalu francouzsk\u00e9ho filmu se uskute\u010dn\u00ed od 20. do 23. listopadu 2025!<\/p>\n\n\n\n<p>Od \u010dtvrtka 20. do ned\u011ble 23. listopadu bude Minikino hostit 10 francouzsky mluven\u00fdch film\u016f, kter\u00e9 budou prom\u00edt\u00e1ny poprv\u00e9. V\u0161echny filmy budou v p\u016fvodn\u00edm francouzsk\u00e9m zn\u011bn\u00ed s \u010desk\u00fdmi titulky! Festival nab\u00edz\u00ed \u0161irokou \u0161k\u00e1lu \u017e\u00e1nr\u016f, od \u017eivotopisn\u00fdch dramat p\u0159es komedie a\u017e po hudebn\u00ed filmy&nbsp;a&nbsp;dokumenty.<\/p>\n\n\n\n<div class=\"wp-block-button\"><form style=\"text-align: center;\"><a class=\"wp-block-button__link has-background wp-element-button\" href=\"https:\/\/www.festivalff.cz\/fr\/programme-7\/?af=;;19#events-1324\" style=\"background-color:#e60012\" target=\"_blank\" rel=\"noreferrer noopener\">P\u0159\u00edstup k programu a pokladn\u011b<\/a><\/div>\n\n\n\n<div style=\"height:100px\" aria-hidden=\"true\" class=\"wp-block-spacer\"><\/div>\n\n\n\n<h2 class=\"wp-block-heading\">Festival vzd\u00e1 hold Alainu Delonovi \u2013 herci a filmov\u00e9 ikon\u011b<\/h2>\n\n\n\n<p>Pra\u017esk\u00e1 \u010d\u00e1st Festivalu francouzsk\u00e9ho filmu letos vzd\u00e1 hold legend\u00e1rn\u00edmu herci Alainu Delonovi, kter\u00fd by letos oslavil 90. narozeniny. Publikum se m\u016f\u017ee t\u011b\u0161it na \u010dty\u0159i sn\u00edmky, je\u017e p\u0159ipom\u00ednaj\u00ed jeho charisma, hereckou v\u0161estrannost a v\u00fdznam v historii francouzsk\u00e9 kinematografie. Festival uvede klasickou detektivku<strong>&nbsp;<\/strong><strong>Henriho Verneuile<\/strong>&nbsp;<em>Melodie podzem\u00ed<\/em>&nbsp;(1963), kde Delon exceluje po boku Jeana Gabina, kultovn\u00ed thriller&nbsp;<strong>Ren\u00e9 Cl\u00e9menta<\/strong>&nbsp;<em>Ko\u010dky<\/em>&nbsp;(1964) s Jane Fondovou, dobrodru\u017en\u00fd historick\u00fd sn\u00edmek&nbsp;<em>\u010cern\u00fd tulip\u00e1n<\/em>&nbsp;(1964) re\u017eis\u00e9ra&nbsp;<strong>Christiana-Jacqua<\/strong>, v n\u011bm\u017e Delon ztv\u00e1rnil dvojroli, a drama&nbsp;<strong>Jacquese Deraye<\/strong>&nbsp;<em>Baz\u00e9n<\/em>&nbsp;(1969), kde se v dusn\u00e9 letn\u00ed atmosf\u00e9\u0159e \u017e\u00e1rlivosti a nev\u011bry setk\u00e1v\u00e1 s Romy Schneider.<\/p>\n\n\n\n<p>Alain Delon byl nejenom charismatick\u00fdm hercem, jeho\u017e filmov\u00e9 role se nesmazateln\u011b zapsaly do d\u011bjin evropsk\u00e9ho filmu, ale p\u016fsobil tak\u00e9 jako producent a p\u0159\u00edle\u017eitostn\u011b re\u017eis\u00e9r, \u010d\u00edm\u017e potvrdil svou v\u0161estrannost a vliv na francouzsk\u00fd film.<\/p>\n\n\n\n<h2 class=\"wp-block-heading\">Nab\u00eddka koln\u00edch projek\u010d\u00ed vr\u00e1mci festivalu francouzsk\u00e9ho film<\/h2>\n\n\n\n<p>Krom\u011b ofici\u00e1ln\u00edho programu festivalu, kter\u00fd zahrnuje p\u0159edpremi\u00e9ry nov\u00fdch film\u016f leto\u0161n\u00edho ro\u010dn\u00edku, se budou konat tak\u00e9 projekce pro \u0161koln\u00ed t\u0159\u00eddy.<\/p>\n\n\n\n<p>\u0160koln\u00ed projekce si m\u016f\u017eete rezervovat prost\u0159ednictv\u00edm Minikina. P\u0159i rezervaci uve\u010fte n\u00e1zev vybran\u00e9ho filmu, datum a \u010das prom\u00edt\u00e1n\u00ed a po\u010det \u00fa\u010dastn\u00edk\u016f.<\/p>\n\n\n\n<p><strong><em>Ostrava MINIKINO \u2013 www.minikino.cz | (+420) 604 777 537<\/em><\/strong><\/p>\n\n\n\n<p>Na programu \u0161koln\u00edch projekc\u00ed&nbsp;je&nbsp;5&nbsp;film\u016f :<\/p>\n\n\n\n<div class=\"wp-block-columns is-layout-flex wp-container-core-columns-is-layout-9d6595d7 wp-block-columns-is-layout-flex\">\n<div class=\"wp-block-column is-layout-flow wp-block-column-is-layout-flow\">\n<figure class=\"wp-block-image size-full is-resized\"><img loading=\"lazy\" decoding=\"async\" width=\"310\" height=\"420\" src=\"https:\/\/www.alliancefrancaise.cz\/ostrava\/wp-content\/uploads\/2025\/10\/f5523e15c97af96169bdc93479553602-1.webp\" alt=\"\" class=\"wp-image-9571\" style=\"width:433px;height:auto\"\/><\/figure>\n<\/div>\n\n\n\n<div class=\"wp-block-column is-layout-flow wp-block-column-is-layout-flow\">\n<h3 class=\"wp-block-heading has-text-align-center\">LE CHANT DES FOR\u00caTS \/ \u0160EPOT LESA<\/h3>\n\n\n\n<p><strong><em>Re\u017eie: Vincent Munier<\/em>&nbsp;| 2025<\/strong><\/p>\n\n\n\n<p><strong><em>\u017d\u00e1nr<\/em><\/strong> <strong><em>: Documentaire | 93 min<\/em><\/strong><\/p>\n\n\n\n<p><strong><em>Vstupn\u00e9<\/em><\/strong> <strong><em>: 100 CZK<\/em><\/strong><\/p>\n\n\n\n<p>Francouzsk\u00e9 zn\u011bn\u00ed s \u010desk\u00fdmi titulky \/ \u010cesk\u00e9 zn\u011bn\u00ed<\/p>\n\n\n\n<p>Vhodn\u00e9 od 7 let.<\/p>\n\n\n\n<p>Po Sn\u011b\u017en\u00e9m levhartu n\u00e1s Vincent Munier zve do vog\u00e9zsk\u00fdch les\u016f. Pr\u00e1v\u011b tady se u\u010dil u sv\u00e9ho otce Michela, p\u0159\u00edrodov\u011bdce, kter\u00fd str\u00e1vil cel\u00fd \u017eivot pozorov\u00e1n\u00edm lesa. A ted&#8216; p\u0159i\u0161el \u010das p\u0159edat sv\u00e9 znalosti Simonovi, Vincentov\u011b synovi. T\u0159i pohledy, t\u0159i generace a stejn\u00e1 fascinace divokou p\u0159\u00edrodou.<\/p>\n\n\n\n<p><\/p>\n\n\n\n<p><strong>Film je dostupn\u00fd od 20. 11. do 30. 3.<\/strong><\/p>\n<\/div>\n<\/div>\n\n\n\n<hr class=\"wp-block-separator has-alpha-channel-opacity\"\/>\n\n\n\n<div class=\"wp-block-columns is-layout-flex wp-container-core-columns-is-layout-9d6595d7 wp-block-columns-is-layout-flex\">\n<div class=\"wp-block-column is-layout-flow wp-block-column-is-layout-flow\">\n<h3 class=\"wp-block-heading has-text-align-center\">PARAPL\u00cd\u010cKA Z CHERBOURGU \/ LES PARAPLUIES DE CHERBOURG<\/h3>\n\n\n\n<p><strong><em>Re\u017eie: Jacques Demy<\/em><\/strong> <strong>| 1964<\/strong><\/p>\n\n\n\n<p><strong><em>\u017d\u00e1nr<\/em><\/strong> <strong><em>: Muzik\u00e1l| 93 min<\/em><\/strong><\/p>\n\n\n\n<p><strong><em>Vstupn\u00e9<\/em><\/strong> <strong><em>: 100 CZK<\/em><\/strong><\/p>\n\n\n\n<p>Francouzsk\u00e9 zn\u011bn\u00ed s \u010desk\u00fdmi titulky. <\/p>\n\n\n\n<p>Vhodn\u00e9 od 12 let.<\/p>\n\n\n\n<p>Listopad roku 1957. Genevi\u00e8ve \u00c9mery \u017eije se svou matkou, chudou vdovou, kter\u00e1 vede kr\u00e1mek s parapl\u00ed\u010dky v Cherbourgu. D\u00edvka se k mat\u010din\u011b nelibosti zamiluje do automechanika Guye Foucheta. Mlad\u00fd p\u00e1r si slibuje v\u011b\u010dnou l\u00e1sku a sn\u00ed o spole\u010dn\u00e9 budoucnosti. Jen\u017ee Guy mus\u00ed narukovat a odj\u00ed\u017ed\u00ed bojovat do Al\u017e\u00edrska. Ve\u010der p\u0159ed odjezdem str\u00e1v\u00ed s Genevi\u00e8ve jejich prvn\u00ed spole\u010dnou noc.<\/p>\n\n\n\n<p><strong>Film je dostupn\u00fd od 1. 10. do 30. 11.<\/strong><\/p>\n<\/div>\n\n\n\n<div class=\"wp-block-column is-layout-flow wp-block-column-is-layout-flow\">\n<figure class=\"wp-block-image size-full is-resized\"><img loading=\"lazy\" decoding=\"async\" width=\"409\" height=\"280\" src=\"https:\/\/www.alliancefrancaise.cz\/ostrava\/wp-content\/uploads\/2025\/10\/Capture-decran_17-10-2025_112641_www.afbrno.cz_-1.jpeg\" alt=\"\" class=\"wp-image-9574\" style=\"width:534px;height:auto\"\/><\/figure>\n<\/div>\n<\/div>\n\n\n\n<hr class=\"wp-block-separator has-alpha-channel-opacity\"\/>\n\n\n\n<div class=\"wp-block-columns is-layout-flex wp-container-core-columns-is-layout-9d6595d7 wp-block-columns-is-layout-flex\">\n<div class=\"wp-block-column is-layout-flow wp-block-column-is-layout-flow\">\n<figure class=\"wp-block-image size-full is-resized\"><img loading=\"lazy\" decoding=\"async\" width=\"420\" height=\"287\" src=\"https:\/\/www.alliancefrancaise.cz\/ostrava\/wp-content\/uploads\/2025\/10\/Capture-decran_17-10-2025_113036_www.afbrno.cz_-1.jpeg\" alt=\"\" class=\"wp-image-9579\" style=\"width:534px;height:auto\"\/><\/figure>\n<\/div>\n\n\n\n<div class=\"wp-block-column is-layout-flow wp-block-column-is-layout-flow\">\n<h3 class=\"wp-block-heading has-text-align-center\">BRAT\u0158I LUMI\u00c8ROV\u00c9 DOBRODRU\u017dSTV\u00cd POKRA\u010cUJE \/ LUMI\u00c8RE, L\u2019AVENTURE CONTINUE<\/h3>\n\n\n\n<p><strong><em>Re\u017eie: Thierry Fr\u00e9maux<\/em><\/strong> <strong>| 2024<\/strong><\/p>\n\n\n\n<p><strong><em>\u017d\u00e1nr<\/em><\/strong> <strong><em>: Dokument\u00e1rn\u00ed film<\/em><\/strong> <strong><em>| 106 min<\/em><\/strong><\/p>\n\n\n\n<p><strong><em>Vstupn\u00e9<\/em><\/strong> <strong><em>: 100 CZK<\/em><\/strong><\/p>\n\n\n\n<p>Francouzsk\u00e9 zn\u011bn\u00ed s \u010desk\u00fdmi titulky. <\/p>\n\n\n\n<p>Vhodn\u00e9 od 12 let.<\/p>\n\n\n\n<p>P\u0159ed 130 lety vynalezli brat\u0159i Lumi\u00e8rov\u00e9 kinematografii. Z\u00e1b\u011bry, travelling, dramata, komedie, pr\u00e1ce s herci \u2013 to v\u0161echno u\u017e tam bylo. D\u00edky zrestaurovan\u00fdm verz\u00edm dal\u0161\u00ed stovky jejich dosud nezn\u00e1m\u00fdch film\u016f dost\u00e1v\u00e1 div\u00e1k p\u0159\u00edle\u017eitost zhl\u00e9dnout dokonal\u00e9 p\u0159edstaven\u00ed o sv\u011bt\u011b na po\u010d\u00e1tku 20. stolet\u00ed a vydat se na cestu k za\u010d\u00e1tk\u016fm filmov\u00e9ho um\u011bn\u00ed, p\u0159\u00edb\u011bhu, kter\u00fd st\u00e1le pokra\u010duje.<\/p>\n\n\n\n<p><strong>Film je dostupn\u00fd od 20. 11. do 30. 03.<\/strong><\/p>\n<\/div>\n<\/div>\n\n\n\n<hr class=\"wp-block-separator has-alpha-channel-opacity\"\/>\n\n\n\n<div class=\"wp-block-columns is-layout-flex wp-container-core-columns-is-layout-9d6595d7 wp-block-columns-is-layout-flex\">\n<div class=\"wp-block-column is-layout-flow wp-block-column-is-layout-flow\">\n<h3 class=\"wp-block-heading has-text-align-center\">POTOPA \/ LE D\u00c9LUGE<\/h3>\n\n\n\n<p>POSLEDN\u00cd DNY LUDV\u00cdKA XVI. A MARIE ANTOINETTY \/LES DERNIERS JOURS DE LOUIS XVI. ET DE MARIE-ANTOINETTE<\/p>\n\n\n\n<p><strong><em>Re\u017eie: Gianluca Jodice<\/em><\/strong> <strong>| 2024<\/strong><\/p>\n\n\n\n<p><strong><em>\u017d\u00e1nr<\/em><\/strong> <strong><em>: Historick\u00e9 drama<\/em><\/strong> <strong><em>| 102 min<\/em><\/strong><\/p>\n\n\n\n<p><strong><em>Vstupn\u00e9<\/em><\/strong> <strong><em>: 100 CZK<\/em><\/strong><\/p>\n\n\n\n<p>Francouzsk\u00e9 zn\u011bn\u00ed s \u010desk\u00fdmi titulky.<\/p>\n\n\n\n<p>Vhodn\u00e9 od 15 let.<\/p>\n\n\n\n<p>Rok 1792, ve Francii kon\u010d\u00ed star\u00fd re\u017eim. Ludv\u00edk XVI. a jeho man\u017eelka Marie Antoinetta jsou zat\u010deni a uv\u011bzn\u011bni v pa\u0159\u00ed\u017esk\u00e9m Templu. Voln\u011b inspirov\u00e1no z\u00e1pisky Cl\u00e9ryho, kr\u00e1lova komorn\u00edka, kter\u00fd s n\u00edm z\u016fstal a\u017e do jeho smrti.<\/p>\n\n\n\n<p><strong>Film je dostupn\u00fd od 20. 11. do 30. 03.<\/strong><\/p>\n<\/div>\n\n\n\n<div class=\"wp-block-column is-layout-flow wp-block-column-is-layout-flow\">\n<figure class=\"wp-block-image size-full is-resized\"><img loading=\"lazy\" decoding=\"async\" width=\"412\" height=\"285\" src=\"https:\/\/www.alliancefrancaise.cz\/ostrava\/wp-content\/uploads\/2025\/10\/Capture-decran_17-10-2025_113628_www.afbrno.cz_-1.jpeg\" alt=\"\" class=\"wp-image-9581\" style=\"width:534px;height:auto\"\/><\/figure>\n<\/div>\n<\/div>\n\n\n\n<hr class=\"wp-block-separator has-alpha-channel-opacity\"\/>\n\n\n\n<div class=\"wp-block-columns is-layout-flex wp-container-core-columns-is-layout-9d6595d7 wp-block-columns-is-layout-flex\">\n<div class=\"wp-block-column is-layout-flow wp-block-column-is-layout-flow\">\n<figure class=\"wp-block-image size-full is-resized\"><img loading=\"lazy\" decoding=\"async\" width=\"409\" height=\"284\" src=\"https:\/\/www.alliancefrancaise.cz\/ostrava\/wp-content\/uploads\/2025\/10\/Capture-decran_17-10-2025_11400_www.afbrno.cz_-1.jpeg\" alt=\"\" class=\"wp-image-9583\" style=\"width:534px;height:auto\"\/><\/figure>\n<\/div>\n\n\n\n<div class=\"wp-block-column is-layout-flow wp-block-column-is-layout-flow\">\n<h3 class=\"wp-block-heading has-text-align-center\">BO\u017dSK\u00c1 SARAH BERNHARDT \/ SARAH BERNHARDT, LA DIVINE<\/h3>\n\n\n\n<p><strong><em>Re\u017eie: Guillaume Nicloux<\/em>| 2024<\/strong><\/p>\n\n\n\n<p><strong><em>\u017d\u00e1nr<\/em><\/strong> <strong><em>: Historick\u00e9 drama<\/em><\/strong> <strong><em>| 99 min<\/em><\/strong><\/p>\n\n\n\n<p><strong><em>Vstupn\u00e9<\/em><\/strong> <strong><em>: 100 CZK<\/em><\/strong><\/p>\n\n\n\n<p>Francouzsk\u00e9 zn\u011bn\u00ed s \u010desk\u00fdmi titulky.<\/p>\n\n\n\n<p>Vhodn\u00e9 od 15 let.<\/p>\n\n\n\n<p>Pa\u0159\u00ed\u017e, rok 1896. Sarah Bernhardt je na vrcholu sv\u00e9 sl\u00e1vy. Je ikonou sv\u00e9 doby a prvn\u00ed sv\u011btovou hv\u011bzdou, ale z\u00e1rove\u0148, i zamilovanou, svobodnou a modern\u00ed \u017eenou, kter\u00e1 bo\u0159\u00ed konvence. Poznejte osobnost ukr\u00fdvaj\u00edc\u00ed se za legendou.<\/p>\n<\/div>\n<\/div>\n\n\n\n<p><\/p>\n\n\n\n<p><strong>St\u00e1hnout :<\/strong> <a href=\"https:\/\/www.afbrno.cz\/wp-content\/uploads\/2025\/09\/FFF-2025-skolni-projekce.pdf\" target=\"_blank\" rel=\"noopener\">S\u00e9ances scolaires FFF2025 (kopie)<\/a><\/p>\n\n\n\n<p><\/p>\n","protected":false},"excerpt":{"rendered":"<p>28. Festival francouzsk\u00e9ho filmu kone\u010dn\u011b odhaluje sv\u016fj kompletn\u00ed program! Nov\u00fd ro\u010dn\u00edk Festivalu francouzsk\u00e9ho filmu se uskute\u010dn\u00ed od 20. do 23. listopadu 2025! Od \u010dtvrtka 20. do ned\u011ble 23&#8230;.<\/p>\n","protected":false},"author":4,"featured_media":0,"parent":0,"menu_order":0,"comment_status":"closed","ping_status":"closed","template":"","meta":{"_acf_changed":false,"footnotes":""},"class_list":["post-9568","page","type-page","status-publish","hentry"],"acf":[],"_links":{"self":[{"href":"https:\/\/www.alliancefrancaise.cz\/ostrava\/wp-json\/wp\/v2\/pages\/9568","targetHints":{"allow":["GET"]}}],"collection":[{"href":"https:\/\/www.alliancefrancaise.cz\/ostrava\/wp-json\/wp\/v2\/pages"}],"about":[{"href":"https:\/\/www.alliancefrancaise.cz\/ostrava\/wp-json\/wp\/v2\/types\/page"}],"author":[{"embeddable":true,"href":"https:\/\/www.alliancefrancaise.cz\/ostrava\/wp-json\/wp\/v2\/users\/4"}],"replies":[{"embeddable":true,"href":"https:\/\/www.alliancefrancaise.cz\/ostrava\/wp-json\/wp\/v2\/comments?post=9568"}],"version-history":[{"count":6,"href":"https:\/\/www.alliancefrancaise.cz\/ostrava\/wp-json\/wp\/v2\/pages\/9568\/revisions"}],"predecessor-version":[{"id":9587,"href":"https:\/\/www.alliancefrancaise.cz\/ostrava\/wp-json\/wp\/v2\/pages\/9568\/revisions\/9587"}],"wp:attachment":[{"href":"https:\/\/www.alliancefrancaise.cz\/ostrava\/wp-json\/wp\/v2\/media?parent=9568"}],"curies":[{"name":"wp","href":"https:\/\/api.w.org\/{rel}","templated":true}]}}