{"id":20127,"date":"2024-06-27T17:01:57","date_gmt":"2024-06-27T15:01:57","guid":{"rendered":"https:\/\/www.alliancefrancaise.cz\/pardubice\/?post_type=kultura&#038;p=20127"},"modified":"2025-02-11T14:03:05","modified_gmt":"2025-02-11T13:03:05","slug":"bonjour-pardubice-2024","status":"publish","type":"kultura","link":"https:\/\/www.alliancefrancaise.cz\/pardubice\/fr\/kultura\/bonjour-pardubice-2024\/","title":{"rendered":"Bonjour Pardubice 2024"},"content":{"rendered":"\n<h2 class=\"wp-block-heading\">Program<\/h2>\n\n\n\n<p class=\"has-black-color has-text-color has-link-color wp-elements-c89b3b21623ba3b4d21c3ff2245d07df\">Festival <strong>BONJOUR PARDUBICE<\/strong> je tady! A op\u011bt s pestr\u00fdm programem:&nbsp;<\/p>\n\n\n\n<p><strong>9. 10.<\/strong> &#8211; Vernis\u00e1\u017e fotografa Jind\u0159icha \u0160treita a Caf\u00e9 fran\u00e7ais v Klubu 29 od 19 hodin \ud83d\udcf8<\/p>\n\n\n\n<p><strong>12. 10<\/strong>. &#8211; Pop\/rockov\u00fd koncert Gwendala Whitea v Klubu 29 od 19 hodin \ud83c\udfa4<\/p>\n\n\n\n<p><strong>14. 10.<\/strong> &#8211; P\u00e9tanque za zmrzlin\u00e1rnou u zdymadla od 16 hodin \u26be\ufe0f<\/p>\n\n\n\n<p><strong>16. 10.<\/strong> &#8211; P\u0159edn\u00e1\u0161ka o \u010desk\u00fdch architektech ve Francii ve Westie Coffee od 17 hodin \ud83c\udf75<\/p>\n\n\n\n<p><strong>17. 10.<\/strong> &#8211; Ochutn\u00e1vka nejen francouzsk\u00fdch v\u00edn ve Vino-th\u00e9-ce od 18 hodin \ud83c\udf77<\/p>\n\n\n\n<p><strong>18. 10.<\/strong> &#8211; Workshop francouzsk\u00e9ho va\u0159en\u00ed na Z\u00e1kladn\u00ed \u0161kole Bratranc\u016f Veverk\u016f od 16 hodin \ud83d\udc69\u200d\ud83c\udf73<\/p>\n\n\n\n<p><strong>19. 10.<\/strong> &#8211; Koncert popul\u00e1rn\u00edch p\u00edsn\u00ed a n\u00e1sledn\u00e9 prom\u00edt\u00e1n\u00ed filmu v Petrkov\u011b  \ud83c\udfb6\ud83c\udfa5<\/p>\n\n\n\n<p class=\"has-black-color has-text-color has-link-color wp-elements-41cd2e8ce7fcf38499fc4e01cb6469c4\">Tak brzy na vid\u011bnou!&nbsp;<\/p>\n\n\n\n<p><\/p>\n\n\n\n<h2 class=\"wp-block-heading\">Vernis\u00e1\u017e plak\u00e1t\u016f Jind\u0159icha \u0160treita<\/h2>\n\n\n\n<div class=\"wp-block-media-text is-stacked-on-mobile is-vertically-aligned-top\"><figure class=\"wp-block-media-text__media\"><img loading=\"lazy\" decoding=\"async\" width=\"1080\" height=\"1080\" src=\"https:\/\/www.alliancefrancaise.cz\/pardubice\/wp-content\/uploads\/2024\/06\/image2x3.png\" alt=\"\" class=\"wp-image-20380 size-full\" srcset=\"https:\/\/www.alliancefrancaise.cz\/pardubice\/wp-content\/uploads\/2024\/06\/image2x3.png 1080w, https:\/\/www.alliancefrancaise.cz\/pardubice\/wp-content\/uploads\/2024\/06\/image2x3-460x460.png 460w, https:\/\/www.alliancefrancaise.cz\/pardubice\/wp-content\/uploads\/2024\/06\/image2x3-150x150.png 150w, https:\/\/www.alliancefrancaise.cz\/pardubice\/wp-content\/uploads\/2024\/06\/image2x3-768x768.png 768w, https:\/\/www.alliancefrancaise.cz\/pardubice\/wp-content\/uploads\/2024\/06\/image2x3-440x440.png 440w\" sizes=\"auto, (max-width: 1080px) 100vw, 1080px\" \/><\/figure><div class=\"wp-block-media-text__content\">\n<p class=\"has-black-color has-text-color has-link-color wp-elements-2d7f3cf2d914d5a0d0d987c0a01434ed\">Alliance Fran\u00e7aise v\u00e1s srde\u010dn\u011b zve na vernis\u00e1\u017e proslul\u00e9ho fotografa Jind\u0159icha \u0160treita s n\u00e1zvem \u201ePlak\u00e1ty z francouzk\u00fdch v\u00fdstav\u201d. Skrze plak\u00e1ty sv\u00fdch v\u00fdstav n\u00e1s Jindrich \u0160treit zavede po cel\u00e9 Francii a umo\u017en\u00ed n\u00e1m poznat m\u00edstn\u00ed obyvatele.<\/p>\n\n\n\n<p class=\"has-black-color has-text-color has-link-color wp-elements-29d63ed0ee8960c3ab8794547fea7731\">\ud83d\udece 9. \u0159\u00edjna 2024<\/p>\n\n\n\n<p class=\"has-black-color has-text-color has-link-color wp-elements-ec4f3e6ce895488eba88a5b92c7ec92d\">\ud83c\udfe0 Klub 29, sv. Ane\u017eky \u010cesk\u00e9 29, 530 02 Pardubice<\/p>\n\n\n\n<p class=\"has-black-color has-text-color has-link-color wp-elements-88eaeec9d1c52bb6c4736252475b0000\">\ud83d\udd70  Od 19 hodin<\/p>\n\n\n\n<p class=\"has-black-color has-text-color has-link-color wp-elements-bac85f7cd1a60fc42e996a9380a77e9e\">\ud83c\udf9f Vstup zdarma<\/p>\n<\/div><\/div>\n\n\n\n<h2 class=\"wp-block-heading\">Caf\u00e9 fran\u00e7ais<\/h2>\n\n\n\n<div class=\"wp-block-media-text is-stacked-on-mobile is-vertically-aligned-top\"><figure class=\"wp-block-media-text__media\"><img loading=\"lazy\" decoding=\"async\" width=\"1080\" height=\"1080\" src=\"https:\/\/www.alliancefrancaise.cz\/pardubice\/wp-content\/uploads\/2024\/06\/image1x3.png\" alt=\"\" class=\"wp-image-20383 size-full\" srcset=\"https:\/\/www.alliancefrancaise.cz\/pardubice\/wp-content\/uploads\/2024\/06\/image1x3.png 1080w, https:\/\/www.alliancefrancaise.cz\/pardubice\/wp-content\/uploads\/2024\/06\/image1x3-460x460.png 460w, https:\/\/www.alliancefrancaise.cz\/pardubice\/wp-content\/uploads\/2024\/06\/image1x3-150x150.png 150w, https:\/\/www.alliancefrancaise.cz\/pardubice\/wp-content\/uploads\/2024\/06\/image1x3-768x768.png 768w, https:\/\/www.alliancefrancaise.cz\/pardubice\/wp-content\/uploads\/2024\/06\/image1x3-440x440.png 440w\" sizes=\"auto, (max-width: 1080px) 100vw, 1080px\" \/><\/figure><div class=\"wp-block-media-text__content\">\n<p class=\"has-black-color has-text-color has-link-color wp-elements-35613656610aaaa43de119e477821f46\">Chcete si popov\u00eddat francouzsky u k\u00e1vy nebo skleni\u010dky? A\u0165 u\u017e jste bilingvn\u00ed, nebo um\u00edte \u0159\u00edct jen \u201coui oui baguette\u201d\ud83e\udd56, jste v\u00edt\u00e1ni! T\u011b\u0161\u00edme se na setk\u00e1n\u00ed s v\u00e1mi! \ud83c\udf7b<\/p>\n\n\n\n<p class=\"has-black-color has-text-color has-link-color wp-elements-29d63ed0ee8960c3ab8794547fea7731\">\ud83d\udece 9. \u0159\u00edjna 2024<\/p>\n\n\n\n<p class=\"has-black-color has-text-color has-link-color wp-elements-ec4f3e6ce895488eba88a5b92c7ec92d\">\ud83c\udfe0 Klub 29, sv. Ane\u017eky \u010cesk\u00e9 29, 530 02 Pardubice<\/p>\n\n\n\n<p class=\"has-black-color has-text-color has-link-color wp-elements-88eaeec9d1c52bb6c4736252475b0000\">\ud83d\udd70  Od 19 hodin<\/p>\n\n\n\n<p class=\"has-black-color has-text-color has-link-color wp-elements-bac85f7cd1a60fc42e996a9380a77e9e\">\ud83c\udf9f Vstup zdarma<\/p>\n<\/div><\/div>\n\n\n\n<h2 class=\"wp-block-heading\">Koncert Gwendala Whitea<\/h2>\n\n\n\n<div class=\"wp-block-media-text is-stacked-on-mobile is-vertically-aligned-top\"><figure class=\"wp-block-media-text__media\"><img loading=\"lazy\" decoding=\"async\" width=\"1080\" height=\"1080\" src=\"https:\/\/www.alliancefrancaise.cz\/pardubice\/wp-content\/uploads\/2024\/06\/image3x1-1.png\" alt=\"\" class=\"wp-image-20435 size-full\" srcset=\"https:\/\/www.alliancefrancaise.cz\/pardubice\/wp-content\/uploads\/2024\/06\/image3x1-1.png 1080w, https:\/\/www.alliancefrancaise.cz\/pardubice\/wp-content\/uploads\/2024\/06\/image3x1-1-460x460.png 460w, https:\/\/www.alliancefrancaise.cz\/pardubice\/wp-content\/uploads\/2024\/06\/image3x1-1-150x150.png 150w, https:\/\/www.alliancefrancaise.cz\/pardubice\/wp-content\/uploads\/2024\/06\/image3x1-1-768x768.png 768w, https:\/\/www.alliancefrancaise.cz\/pardubice\/wp-content\/uploads\/2024\/06\/image3x1-1-440x440.png 440w\" sizes=\"auto, (max-width: 1080px) 100vw, 1080px\" \/><\/figure><div class=\"wp-block-media-text__content\">\n<p class=\"has-black-color has-text-color has-link-color wp-elements-6f3b9fc0dcbeb93cb9948407bc8e2f2b\">P\u0159ij\u010fte si poslechnout francouzk\u00fd rock do Klubu 29. U\u017eijete si koncert Gwendala Whitea, energick\u00e9ho zp\u011bv\u00e1ka, kter\u00fd v\u00e1s svou pop-rockovou hudbou vezme na nezapomenutelnou cestu. \ud83c\udfb6\ud83e\udd1f<\/p>\n\n\n\n<p class=\"has-black-color has-text-color has-link-color wp-elements-0e940cbb0720443d33bdc787d1a37589\">\ud83d\udece 12. \u0159\u00edjna 2024<\/p>\n\n\n\n<p class=\"has-black-color has-text-color has-link-color wp-elements-ec4f3e6ce895488eba88a5b92c7ec92d\">\ud83c\udfe0 Klub 29, sv. Ane\u017eky \u010cesk\u00e9 29, 530 02 Pardubice<\/p>\n\n\n\n<p class=\"has-black-color has-text-color has-link-color wp-elements-69d924850244579ba1709dd9ad06cc57\">\ud83d\udd70 Od 19 hodin<\/p>\n\n\n\n<p class=\"has-black-color has-text-color has-link-color wp-elements-b267b6ac821c27c8df80cd37a63fb296\">\ud83c\udf9f Dobrovoln\u00e9 vstupn\u00e9<\/p>\n<\/div><\/div>\n\n\n\n<h2 class=\"wp-block-heading\"><strong>Ochutn\u00e1vka (nejen) francouzsk\u00fdch v\u00edn<\/strong><\/h2>\n\n\n\n<div class=\"wp-block-media-text is-stacked-on-mobile is-vertically-aligned-top\"><figure class=\"wp-block-media-text__media\"><img loading=\"lazy\" decoding=\"async\" width=\"1080\" height=\"1080\" src=\"https:\/\/www.alliancefrancaise.cz\/pardubice\/wp-content\/uploads\/2024\/06\/image3x2.png\" alt=\"\" class=\"wp-image-20388 size-full\" srcset=\"https:\/\/www.alliancefrancaise.cz\/pardubice\/wp-content\/uploads\/2024\/06\/image3x2.png 1080w, https:\/\/www.alliancefrancaise.cz\/pardubice\/wp-content\/uploads\/2024\/06\/image3x2-460x460.png 460w, https:\/\/www.alliancefrancaise.cz\/pardubice\/wp-content\/uploads\/2024\/06\/image3x2-150x150.png 150w, https:\/\/www.alliancefrancaise.cz\/pardubice\/wp-content\/uploads\/2024\/06\/image3x2-768x768.png 768w, https:\/\/www.alliancefrancaise.cz\/pardubice\/wp-content\/uploads\/2024\/06\/image3x2-440x440.png 440w\" sizes=\"auto, (max-width: 1080px) 100vw, 1080px\" \/><\/figure><div class=\"wp-block-media-text__content\">\n<p class=\"has-black-color has-text-color has-link-color wp-elements-2ce79f53724bff8aee940907fa6fb1ad\">Bordeaux, Burgundsko, Chardonnay\u2026 n\u00e1zvy v\u00edn, kter\u00e9 jsou ve skute\u010dnosti francouzsk\u00e9 ! Jak l\u00e9pe poznat (nejen) francouzsk\u00e9 v\u00edno ne\u017e p\u0159i degustaci. \ud83c\udf77\ud83c\udf77<\/p>\n\n\n\n<p class=\"has-black-color has-text-color has-link-color wp-elements-18b47337689a1e3df700f4556f546f1c\">\ud83d\udece 17. \u0159\u00edjna 2024<\/p>\n\n\n\n<p class=\"has-black-color has-text-color has-link-color wp-elements-a4c604a7e3b5daf37d203ee36e06fdcb\">\ud83d\udd70 Od 18:30&nbsp;<\/p>\n\n\n\n<p class=\"has-black-color has-text-color has-link-color wp-elements-c111a76b3c9b5abe06688ec8d67b0e3d\"><strong>Prostory jsou kapacitn\u011b omezen\u00e9<\/strong>, proto rezervace m\u00edst je mo\u017en\u00e1 pouze po p\u0159ihl\u00e1\u0161en\u00ed (nejl\u00e9pe e-mailem nebo telefonicky) a n\u00e1sledn\u00e9m uhrazen\u00ed \u00fa\u010dastnick\u00e9ho poplatku.<br><strong>Cena degustace: 480 K\u010d.<\/strong><strong><br><\/strong>Cena zahrnuje degusta\u010dn\u00ed list, \u0159\u00edzenou degustaci 10 vzork\u016f s v\u00fdkladem a drobn\u00e9 ob\u010derstven\u00ed (chl\u00e9b, s\u00fdr).<\/p>\n\n\n\n<p class=\"has-black-color has-text-color has-link-color wp-elements-4b69c061c64645e3576c7052ecf49217\">\ud83d\udcc5 <strong>Rezervace a platba:<\/strong><strong><br><\/strong>\u010c. \u00fa\u010dtu: 2600335516\/2010<\/p>\n\n\n\n<p class=\"has-black-color has-text-color has-link-color wp-elements-a61b54902856557ec63234cfad2d628b\">Pros\u00edme \u00fa\u010dastn\u00edky, aby p\u0159i \u00fa\u010dasti na ochutn\u00e1vce <strong>nepou\u017e\u00edvali parf\u00e9my<\/strong>.<\/p>\n\n\n\n<p class=\"has-black-color has-text-color has-link-color wp-elements-4c714595123ec9e26a2c9d6de3f73019\">\ud83d\udccd <strong>Vino-th\u00e9-ka, Pern\u0161t\u00fdnsk\u00e1 40, Pardubice<\/strong><strong><br><\/strong>\ud83d\udce7 info@vino-the-ka.cz<br>\ud83c\udf10<a href=\"http:\/\/www.vino-the-ka.cz\" target=\"_blank\" rel=\"noopener\"> www.vino-the-ka.cz<br><\/a>\ud83d\udcde Tel.: 603 724 899<\/p>\n<\/div><\/div>\n\n\n\n<h2 class=\"wp-block-heading\"><strong>\u010ce\u0161t\u00ed architekti ve Francii &#8211; p\u0159edn\u00e1\u0161ka Ad\u00e9ly Bric\u00ednov\u00e9<\/strong><\/h2>\n\n\n\n<div class=\"wp-block-media-text is-stacked-on-mobile is-vertically-aligned-top\"><figure class=\"wp-block-media-text__media\"><img loading=\"lazy\" decoding=\"async\" width=\"1080\" height=\"1080\" src=\"https:\/\/www.alliancefrancaise.cz\/pardubice\/wp-content\/uploads\/2024\/06\/image2x2.png\" alt=\"\" class=\"wp-image-20390 size-full\" srcset=\"https:\/\/www.alliancefrancaise.cz\/pardubice\/wp-content\/uploads\/2024\/06\/image2x2.png 1080w, https:\/\/www.alliancefrancaise.cz\/pardubice\/wp-content\/uploads\/2024\/06\/image2x2-460x460.png 460w, https:\/\/www.alliancefrancaise.cz\/pardubice\/wp-content\/uploads\/2024\/06\/image2x2-150x150.png 150w, https:\/\/www.alliancefrancaise.cz\/pardubice\/wp-content\/uploads\/2024\/06\/image2x2-768x768.png 768w, https:\/\/www.alliancefrancaise.cz\/pardubice\/wp-content\/uploads\/2024\/06\/image2x2-440x440.png 440w\" sizes=\"auto, (max-width: 1080px) 100vw, 1080px\" \/><\/figure><div class=\"wp-block-media-text__content\">\n<p class=\"has-black-color has-text-color has-link-color wp-elements-03209dff31df8e790d2f473069658197\">Alliance Fran\u00e7aise s pot\u011b\u0161en\u00edm p\u0159iv\u00edt\u00e1 Ad\u00e9lu Bric\u00ednovou, doktorantku architektury na CEFRES, kter\u00e1 bude v kav\u00e1rn\u011b Westie p\u0159edn\u00e1\u0161et o p\u016fsoben\u00ed \u010desk\u00fdch architekt\u016f ve Francii v druh\u00e9 polovin\u011b 19. stolet\u00ed.<\/p>\n\n\n\n<p class=\"has-black-color has-text-color has-link-color wp-elements-e0cca437dc60b2799cc2553a8df45799\">\ud83d\udece 16. \u0159\u00edjna 2024<\/p>\n\n\n\n<p class=\"has-black-color has-text-color has-link-color wp-elements-4e48d6293d780c9a88fb3452cf4e1749\">\ud83c\udfe0 Westie Coffee : Smilova 1904, 530 02 Pardubice<\/p>\n\n\n\n<p class=\"has-black-color has-text-color has-link-color wp-elements-4efa977d5ed79a21541cc4e10884b42d\">\ud83d\udd70 Od 17 hodin<\/p>\n\n\n\n<p class=\"has-black-color has-text-color has-link-color wp-elements-e7380759c095d85a942f5fb9fe81b994\">\ud83c\udf9f Vstup zdarma, mo\u017en\u00fd i pro psy<\/p>\n<\/div><\/div>\n\n\n\n<h2 class=\"wp-block-heading\">P\u00e9tanque<\/h2>\n\n\n\n<div class=\"wp-block-media-text is-stacked-on-mobile is-vertically-aligned-top\"><figure class=\"wp-block-media-text__media\"><img loading=\"lazy\" decoding=\"async\" width=\"1080\" height=\"1080\" src=\"https:\/\/www.alliancefrancaise.cz\/pardubice\/wp-content\/uploads\/2024\/06\/image1x2.png\" alt=\"\" class=\"wp-image-20392 size-full\" srcset=\"https:\/\/www.alliancefrancaise.cz\/pardubice\/wp-content\/uploads\/2024\/06\/image1x2.png 1080w, https:\/\/www.alliancefrancaise.cz\/pardubice\/wp-content\/uploads\/2024\/06\/image1x2-460x460.png 460w, https:\/\/www.alliancefrancaise.cz\/pardubice\/wp-content\/uploads\/2024\/06\/image1x2-150x150.png 150w, https:\/\/www.alliancefrancaise.cz\/pardubice\/wp-content\/uploads\/2024\/06\/image1x2-768x768.png 768w, https:\/\/www.alliancefrancaise.cz\/pardubice\/wp-content\/uploads\/2024\/06\/image1x2-440x440.png 440w\" sizes=\"auto, (max-width: 1080px) 100vw, 1080px\" \/><\/figure><div class=\"wp-block-media-text__content\">\n<p class=\"has-black-color has-text-color has-link-color wp-elements-3522fee95727d968b45f909182210c51\">R\u00e1di tr\u00e1v\u00edte \u010das venku a setk\u00e1v\u00e1te se s p\u0159\u00e1teli? Co m\u016f\u017ee b\u00fdt lep\u0161\u00edho ne\u017e si zahr\u00e1t p\u00e9tanque na \u010derstv\u00e9m vzduchu?<\/p>\n\n\n\n<p class=\"has-black-color has-text-color has-link-color wp-elements-99d44e210f3d7efed633544f058ce3f8\">\ud83d\udece 14. \u0159\u00edjna 2024<\/p>\n\n\n\n<p class=\"has-black-color has-text-color has-link-color wp-elements-e7f337b638a1a433bc65b822020bc4d4\">\ud83c\udfe0 Zmrzlin\u00e1rna u zdymadla, Pardubice<\/p>\n\n\n\n<p class=\"has-black-color has-text-color has-link-color wp-elements-e931e0f9fc8afef7c4e627e793ef0aa0\">\ud83d\udd70 Od 16 hodin<\/p>\n\n\n\n<p class=\"has-black-color has-text-color has-link-color wp-elements-bac85f7cd1a60fc42e996a9380a77e9e\">\ud83c\udf9f Vstup zdarma<\/p>\n<\/div><\/div>\n\n\n\n<h2 class=\"wp-block-heading\"><strong>Workshop francouzsk\u00e9ho va\u0159en\u00ed<\/strong><\/h2>\n\n\n\n<div class=\"wp-block-media-text is-stacked-on-mobile is-vertically-aligned-top\"><figure class=\"wp-block-media-text__media\"><img loading=\"lazy\" decoding=\"async\" width=\"1080\" height=\"1080\" src=\"https:\/\/www.alliancefrancaise.cz\/pardubice\/wp-content\/uploads\/2024\/06\/image2x1-1.png\" alt=\"\" class=\"wp-image-20438 size-full\" srcset=\"https:\/\/www.alliancefrancaise.cz\/pardubice\/wp-content\/uploads\/2024\/06\/image2x1-1.png 1080w, https:\/\/www.alliancefrancaise.cz\/pardubice\/wp-content\/uploads\/2024\/06\/image2x1-1-460x460.png 460w, https:\/\/www.alliancefrancaise.cz\/pardubice\/wp-content\/uploads\/2024\/06\/image2x1-1-150x150.png 150w, https:\/\/www.alliancefrancaise.cz\/pardubice\/wp-content\/uploads\/2024\/06\/image2x1-1-768x768.png 768w, https:\/\/www.alliancefrancaise.cz\/pardubice\/wp-content\/uploads\/2024\/06\/image2x1-1-440x440.png 440w\" sizes=\"auto, (max-width: 1080px) 100vw, 1080px\" \/><\/figure><div class=\"wp-block-media-text__content\">\n<p class=\"has-black-color has-text-color has-link-color wp-elements-6bc3851419844e8731cd1b832e29e612\">Francie nen\u00ed jen o baget\u00e1ch a croissantech, nab\u00edz\u00ed tak\u00e9 bohat\u00e9 spektrum kulin\u00e1\u0159sk\u00fdch specialit! \ud83d\ude0b<\/p>\n\n\n\n<p class=\"has-black-color has-text-color has-link-color wp-elements-7361aa5c697c2e81303cf1f9820a654a\">&nbsp;P\u0159ij\u010fte si je p\u0159ipravit a ochutnat na kucha\u0159sk\u00fd workshop veden\u00fd \u0161\u00e9fkucha\u0159kou Mari\u00ed Verdier, kter\u00e1 pro tuto p\u0159\u00edle\u017eitost p\u0159icestovala a\u017e z Francie!\ud83d\udc69\u200d\ud83c\udf73<\/p>\n\n\n\n<p class=\"has-black-color has-text-color has-link-color wp-elements-a81ea6b6eac6c4145510d4b8ba057db3\">\ud83d\udece 18. \u0159\u00edjna 2024<\/p>\n\n\n\n<p class=\"has-black-color has-text-color has-link-color wp-elements-c0f1654b2af2122720e5d2e7a676d679\">\ud83c\udfe0 Z\u00e1kladn\u00ed \u0161kola Bratranc\u016f Veverkov\u00fdch 866 &#8211; Cvi\u010dn\u00e1 kuchyn\u011b<\/p>\n\n\n\n<p class=\"has-black-color has-text-color has-link-color wp-elements-e931e0f9fc8afef7c4e627e793ef0aa0\">\ud83d\udd70 Od 16 hodin<\/p>\n\n\n\n<p class=\"has-black-color has-text-color has-link-color wp-elements-51db5c0adcb35b8108909fdbd815d440\">\ud83c\udf9f 300 K\u010d<\/p>\n\n\n\n<p class=\"has-black-color has-text-color has-link-color wp-elements-c0be98ab1069d2816809e82dad559dab\">Reservace nutn\u00e1 na af@afpardubice.com<\/p>\n<\/div><\/div>\n\n\n\n<h2 class=\"wp-block-heading\"><strong>Koncert popul\u00e1rn\u00edch p\u00edsn\u00ed a prom\u00edt\u00e1n\u00ed dokumentu<\/strong><\/h2>\n\n\n\n<div class=\"wp-block-media-text is-stacked-on-mobile is-vertically-aligned-top\"><figure class=\"wp-block-media-text__media\"><img loading=\"lazy\" decoding=\"async\" width=\"1080\" height=\"1080\" src=\"https:\/\/www.alliancefrancaise.cz\/pardubice\/wp-content\/uploads\/2024\/06\/image1x1-1.png\" alt=\"\" class=\"wp-image-20440 size-full\" srcset=\"https:\/\/www.alliancefrancaise.cz\/pardubice\/wp-content\/uploads\/2024\/06\/image1x1-1.png 1080w, https:\/\/www.alliancefrancaise.cz\/pardubice\/wp-content\/uploads\/2024\/06\/image1x1-1-460x460.png 460w, https:\/\/www.alliancefrancaise.cz\/pardubice\/wp-content\/uploads\/2024\/06\/image1x1-1-150x150.png 150w, https:\/\/www.alliancefrancaise.cz\/pardubice\/wp-content\/uploads\/2024\/06\/image1x1-1-768x768.png 768w, https:\/\/www.alliancefrancaise.cz\/pardubice\/wp-content\/uploads\/2024\/06\/image1x1-1-440x440.png 440w\" sizes=\"auto, (max-width: 1080px) 100vw, 1080px\" \/><\/figure><div class=\"wp-block-media-text__content\">\n<p class=\"has-black-color has-text-color has-link-color wp-elements-64d00c21d5f35aa5b8729c53332b2fb8\">M\u00e1te chu\u0165 vydat se na hudebn\u00ed cestu mezi Franci\u00ed a \u010ceskem? P\u0159ij\u010fte s n\u00e1mi do Centra francouzsko-\u010desk\u00e9 literatury v Petrkov\u011b na koncert lidov\u00fdch p\u00edsn\u00ed \u010desk\u00e9ho skladatele Leo\u0161e Jan\u00e1\u010dka, kter\u00e9 zazp\u00edv\u00e1 Marie K\u0159\u00ed\u017eov\u00e1 za doprovodu harfisty Luk\u00e1\u0161e Krupi\u010dky. \ud83c\udfb6 Pot\u00e9 se m\u016f\u017eete t\u011b\u0161it na p\u0159edpremi\u00e9ru dokument\u00e1rn\u00edho filmu \u00ab\u00a0Z Vyso\u010diny do Auvergne\u00a0\u00bb o p\u0159\u00e1telstv\u00ed spisovatele Henriho Pourrata a rodiny Reynkov\u00fdch (film bude v \u010de\u0161tin\u011b). \ud83c\udfa5<\/p>\n\n\n\n<p class=\"has-black-color has-text-color has-link-color wp-elements-d996155abd8280e790154b3754e8d88d\">\ud83d\udece19. \u0159\u00edjna 2024<\/p>\n\n\n\n<p class=\"has-black-color has-text-color has-link-color wp-elements-9d9607fd0defd51a815aa5d9874c295f\">\ud83c\udfe0 Petrkov 13, 58001<\/p>\n\n\n\n<p class=\"has-black-color has-text-color has-link-color wp-elements-7f1c3aaa071b6cb02a36c7b8ff3b7e6b\">\ud83d\udd70 Od 16 hodin&nbsp;<\/p>\n\n\n\n<p class=\"has-black-color has-text-color has-link-color wp-elements-135f72d716135ec2461c6f2f2ae10a84\">\ud83c\udf9f 20 voln\u00fdch <\/p>\n\n\n\n<p class=\"has-black-color has-text-color has-link-color wp-elements-eb95f59d0c4298ddfa29d7dacf544fa4\">Rezervace nutn\u00e1 na af@afpardubice.com<\/p>\n\n\n\n<p class=\"has-black-color has-text-color has-link-color wp-elements-c2d1c336e04c3d05c3c908b1a2fb0652\">120 K\u010d (autobusov\u00e1 doprava je v cen\u011b)<\/p>\n<\/div><\/div>\n\n\n\n<p><\/p>\n","protected":false},"excerpt":{"rendered":"<p>Program Festival BONJOUR PARDUBICE je tady! A op\u011bt s pestr\u00fdm programem:&nbsp; 9. 10. &#8211; Vernis\u00e1\u017e fotografa Jind\u0159icha \u0160treita a Caf\u00e9 fran\u00e7ais v&#8230;<\/p>\n","protected":false},"featured_media":20402,"parent":0,"template":"","zarazeni":[70,48],"class_list":["post-20127","kultura","type-kultura","status-publish","has-post-thumbnail","hentry","zarazeni-archiv-akci","zarazeni-bonjour-pardubice"],"acf":[],"_links":{"self":[{"href":"https:\/\/www.alliancefrancaise.cz\/pardubice\/fr\/wp-json\/wp\/v2\/kultura\/20127","targetHints":{"allow":["GET"]}}],"collection":[{"href":"https:\/\/www.alliancefrancaise.cz\/pardubice\/fr\/wp-json\/wp\/v2\/kultura"}],"about":[{"href":"https:\/\/www.alliancefrancaise.cz\/pardubice\/fr\/wp-json\/wp\/v2\/types\/kultura"}],"version-history":[{"count":7,"href":"https:\/\/www.alliancefrancaise.cz\/pardubice\/fr\/wp-json\/wp\/v2\/kultura\/20127\/revisions"}],"predecessor-version":[{"id":20492,"href":"https:\/\/www.alliancefrancaise.cz\/pardubice\/fr\/wp-json\/wp\/v2\/kultura\/20127\/revisions\/20492"}],"wp:featuredmedia":[{"embeddable":true,"href":"https:\/\/www.alliancefrancaise.cz\/pardubice\/fr\/wp-json\/wp\/v2\/media\/20402"}],"wp:attachment":[{"href":"https:\/\/www.alliancefrancaise.cz\/pardubice\/fr\/wp-json\/wp\/v2\/media?parent=20127"}],"wp:term":[{"taxonomy":"zarazeni","embeddable":true,"href":"https:\/\/www.alliancefrancaise.cz\/pardubice\/fr\/wp-json\/wp\/v2\/zarazeni?post=20127"}],"curies":[{"name":"wp","href":"https:\/\/api.w.org\/{rel}","templated":true}]}}