{"id":20321,"date":"2024-09-18T14:39:47","date_gmt":"2024-09-18T12:39:47","guid":{"rendered":"https:\/\/www.alliancefrancaise.cz\/pardubice\/?post_type=kultura&#038;p=20321"},"modified":"2024-12-04T16:42:50","modified_gmt":"2024-12-04T15:42:50","slug":"bonjour-pardubice-festival-2024","status":"publish","type":"kultura","link":"https:\/\/www.alliancefrancaise.cz\/pardubice\/fr\/kultura\/bonjour-pardubice-festival-2024\/","title":{"rendered":"Bonjour Pardubice-Festival 2024"},"content":{"rendered":"\n<h2 class=\"wp-block-heading\">Programmation<\/h2>\n\n\n\n<blockquote class=\"wp-block-quote has-black-color has-white-background-color has-text-color has-background has-link-color has-medium-font-size wp-elements-18812fd3fc8f09d29e5ad65432c256f2 is-layout-flow wp-block-quote-is-layout-flow\">\n<p><\/p>\n<\/blockquote>\n\n\n\n<p class=\"has-black-color has-text-color has-link-color wp-elements-c42a659524d5573c1c7bdae6822d978d\">Vous l&rsquo;attendiez depuis des mois, le festival <strong>BONJOUR PARDUBICE<\/strong> est de retour avec une programmation haute en couleurs:&nbsp;<\/p>\n\n\n\n<p class=\"has-black-color has-text-color has-link-color wp-elements-96c2031822e3aad39837a3e4c112909c\"><strong>9\/10<\/strong> &#8211; Vernissage du photographe Jind\u0159ich \u0160treit et Caf\u00e9 fran\u00e7ais au Klub 29 \u00e0 partir de 19h \ud83d\udcf8<\/p>\n\n\n\n<p class=\"has-black-color has-text-color has-link-color wp-elements-2de28e88dd90aa9afba9efb405316a61\"><strong>12\/10<\/strong> &#8211; Concert pop\/rock de Gwendal White au Klub 29 \u00e0 partir de 19h \ud83c\udfa4<\/p>\n\n\n\n<p class=\"has-black-color has-text-color has-link-color wp-elements-1dcbd7b90cd0e7a6b750b5dcbf7dada8\"><strong>14\/10<\/strong> &#8211; P\u00e9tanque pr\u00e8s du Zmrzlin\u00e1rna u zdymadla \u26be\ufe0f<\/p>\n\n\n\n<p class=\"has-black-color has-text-color has-link-color wp-elements-807143671d6028cf0ec7fcf19fcd1787\"><strong>16\/10<\/strong> &#8211; Conf\u00e9rence sur les architectes tch\u00e8ques en France au Westie Coffee \u00e0 partir de 17h\ud83c\udf75<\/p>\n\n\n\n<p class=\"has-black-color has-text-color has-link-color wp-elements-b5e3d5702ed574a9d41d84b06367a8fe\"><strong>17\/10<\/strong> &#8211; D\u00e9gustation de vins fran\u00e7ais \u00e0 Vino-th\u00e9-ka \u00e0 partir de 18h \ud83c\udf77<\/p>\n\n\n\n<p class=\"has-black-color has-text-color has-link-color wp-elements-1ede3f7a847ff19cf6ecf2df48053fe9\"><strong>18\/10<\/strong> &#8211; Atelier de cuisine fran\u00e7aise \u00e0 l&rsquo;\u00e9cole Bratranc\u016f Veverk\u016f de Pardubice \u00e0 partir de 17h \ud83d\udc69\u200d\ud83c\udf73<\/p>\n\n\n\n<p class=\"has-black-color has-text-color has-link-color wp-elements-3f0a6d927bcd180b5b43edb950ca9066\"><strong>19\/10<\/strong> &#8211; Concert de chansons populaires suivi d\u2019une projection de film \u00e0 Petrkov \ud83c\udfb6\ud83c\udfa5<\/p>\n\n\n\n<p><\/p>\n\n\n\n<p><\/p>\n\n\n\n<p><\/p>\n\n\n\n<h2 class=\"wp-block-heading\">Vernissage de Jind\u0159ich \u0160treit<\/h2>\n\n\n\n<div class=\"wp-block-media-text is-stacked-on-mobile is-vertically-aligned-top\"><figure class=\"wp-block-media-text__media\"><img loading=\"lazy\" decoding=\"async\" width=\"1080\" height=\"1080\" src=\"https:\/\/www.alliancefrancaise.cz\/pardubice\/wp-content\/uploads\/2024\/09\/image2x3-3.png\" alt=\"\" class=\"wp-image-20444 size-full\" srcset=\"https:\/\/www.alliancefrancaise.cz\/pardubice\/wp-content\/uploads\/2024\/09\/image2x3-3.png 1080w, https:\/\/www.alliancefrancaise.cz\/pardubice\/wp-content\/uploads\/2024\/09\/image2x3-3-460x460.png 460w, https:\/\/www.alliancefrancaise.cz\/pardubice\/wp-content\/uploads\/2024\/09\/image2x3-3-150x150.png 150w, https:\/\/www.alliancefrancaise.cz\/pardubice\/wp-content\/uploads\/2024\/09\/image2x3-3-768x768.png 768w, https:\/\/www.alliancefrancaise.cz\/pardubice\/wp-content\/uploads\/2024\/09\/image2x3-3-440x440.png 440w\" sizes=\"auto, (max-width: 1080px) 100vw, 1080px\" \/><\/figure><div class=\"wp-block-media-text__content\">\n<p class=\"has-black-color has-text-color has-link-color wp-elements-f48ceb6ed4b5f2d2414b59736b979cc1\">L\u2019Alliance fran\u00e7aise vous convie au vernissage du c\u00e9l\u00e8bre photographe Jind\u0159ich \u0160treit intitul\u00e9e \u201cAffiches d\u2019expositions fran\u00e7aises\u201d. A travers les affiches de ses expositions, Jind\u0159ich \u0160treit nous fait voyager aux quatre coins de la France et nous emm\u00e8ne \u00e0 la rencontre des habitants.<\/p>\n\n\n\n<p class=\"has-black-color has-text-color has-link-color wp-elements-a9d814580792f4ef52e5373caa894340\">\ud83d\udece 09 octobre 2024<\/p>\n\n\n\n<p class=\"has-black-color has-text-color has-link-color wp-elements-ec4f3e6ce895488eba88a5b92c7ec92d\">\ud83c\udfe0 Klub 29, sv. Ane\u017eky \u010cesk\u00e9 29, 530 02 Pardubice<\/p>\n\n\n\n<p class=\"has-black-color has-text-color has-link-color wp-elements-3b2dc3f167e7672efd94273580e7e16c\">\ud83d\udd70 \u00c0 partir 19h\u00a0<\/p>\n\n\n\n<p class=\"has-black-color has-text-color has-link-color wp-elements-f679d4767917affd3cb58cfd6676e585\">\ud83c\udf9f Entr\u00e9e gratuite<\/p>\n<\/div><\/div>\n\n\n\n<h2 class=\"wp-block-heading\">Caf\u00e9 fran\u00e7ais<\/h2>\n\n\n\n<div class=\"wp-block-media-text is-stacked-on-mobile is-vertically-aligned-top\"><figure class=\"wp-block-media-text__media\"><img loading=\"lazy\" decoding=\"async\" width=\"1080\" height=\"1080\" src=\"https:\/\/www.alliancefrancaise.cz\/pardubice\/wp-content\/uploads\/2024\/09\/image1x3-2.png\" alt=\"\" class=\"wp-image-20446 size-full\" srcset=\"https:\/\/www.alliancefrancaise.cz\/pardubice\/wp-content\/uploads\/2024\/09\/image1x3-2.png 1080w, https:\/\/www.alliancefrancaise.cz\/pardubice\/wp-content\/uploads\/2024\/09\/image1x3-2-460x460.png 460w, https:\/\/www.alliancefrancaise.cz\/pardubice\/wp-content\/uploads\/2024\/09\/image1x3-2-150x150.png 150w, https:\/\/www.alliancefrancaise.cz\/pardubice\/wp-content\/uploads\/2024\/09\/image1x3-2-768x768.png 768w, https:\/\/www.alliancefrancaise.cz\/pardubice\/wp-content\/uploads\/2024\/09\/image1x3-2-440x440.png 440w\" sizes=\"auto, (max-width: 1080px) 100vw, 1080px\" \/><\/figure><div class=\"wp-block-media-text__content\">\n<p class=\"has-black-color has-text-color has-link-color wp-elements-6a1bc9fb2529a96ced270557f29df406\">Vous avez envie d\u2019\u00e9changer en fran\u00e7ais autour d\u2019un caf\u00e9 ou d\u2019un verre ? Que vous soyez bilingue ou que vous sachiez simplement dire \u201coui oui baguette\u201d\ud83e\udd56, vous \u00eates les bienvenus! Nous serons ravis de faire votre connaissance ! \ud83c\udf7b<\/p>\n\n\n\n<p class=\"has-black-color has-text-color has-link-color wp-elements-a9d814580792f4ef52e5373caa894340\">\ud83d\udece 09 octobre 2024<\/p>\n\n\n\n<p class=\"has-black-color has-text-color has-link-color wp-elements-ec4f3e6ce895488eba88a5b92c7ec92d\">\ud83c\udfe0 Klub 29, sv. Ane\u017eky \u010cesk\u00e9 29, 530 02 Pardubice<\/p>\n\n\n\n<p class=\"has-black-color has-text-color has-link-color wp-elements-3b2dc3f167e7672efd94273580e7e16c\">\ud83d\udd70 \u00c0 partir 19h\u00a0<\/p>\n\n\n\n<p class=\"has-black-color has-text-color has-link-color wp-elements-8be4e251be9c2765ac1eba20d59c43f9\">\ud83c\udf9f Entr\u00e9e gratuite&nbsp;<\/p>\n<\/div><\/div>\n\n\n\n<h2 class=\"wp-block-heading\">Concert Gwendal White<\/h2>\n\n\n\n<div class=\"wp-block-media-text is-stacked-on-mobile is-vertically-aligned-top\"><figure class=\"wp-block-media-text__media\"><img loading=\"lazy\" decoding=\"async\" width=\"1080\" height=\"1080\" src=\"https:\/\/www.alliancefrancaise.cz\/pardubice\/wp-content\/uploads\/2024\/09\/image3x1-5.png\" alt=\"\" class=\"wp-image-20448 size-full\" srcset=\"https:\/\/www.alliancefrancaise.cz\/pardubice\/wp-content\/uploads\/2024\/09\/image3x1-5.png 1080w, https:\/\/www.alliancefrancaise.cz\/pardubice\/wp-content\/uploads\/2024\/09\/image3x1-5-460x460.png 460w, https:\/\/www.alliancefrancaise.cz\/pardubice\/wp-content\/uploads\/2024\/09\/image3x1-5-150x150.png 150w, https:\/\/www.alliancefrancaise.cz\/pardubice\/wp-content\/uploads\/2024\/09\/image3x1-5-768x768.png 768w, https:\/\/www.alliancefrancaise.cz\/pardubice\/wp-content\/uploads\/2024\/09\/image3x1-5-440x440.png 440w\" sizes=\"auto, (max-width: 1080px) 100vw, 1080px\" \/><\/figure><div class=\"wp-block-media-text__content\">\n<p class=\"has-black-color has-text-color has-link-color wp-elements-efa50a26b68009c5df827227870116cf\">Envie de d\u00e9compresser de votre semaine et d\u2019\u00e9couter du rock \u00e0 la fran\u00e7aise? On se donne rendez-vous au Klub 29 pour un concert de Gwendal White, un chanteur plein d\u2019\u00e9nergie qui vous fera voyager \u00e0 travers sa musique pop\/rock. \ud83c\udfb6 \ud83e\udd1f<\/p>\n\n\n\n<p class=\"has-black-color has-text-color has-link-color wp-elements-b6a715b76b62f36819533a259f1400d7\">\ud83d\udece 12 octobre 2024\u00a0<\/p>\n\n\n\n<p class=\"has-black-color has-text-color has-link-color wp-elements-ec4f3e6ce895488eba88a5b92c7ec92d\">\ud83c\udfe0 Klub 29, sv. Ane\u017eky \u010cesk\u00e9 29, 530 02 Pardubice<\/p>\n\n\n\n<p class=\"has-black-color has-text-color has-link-color wp-elements-8df3f651995c27b064c8760a8e0dfc0d\">&nbsp;\ud83d\udd70 \u00c0 partir 19h<\/p>\n\n\n\n<p class=\"has-black-color has-text-color has-link-color wp-elements-9aa716e1e9b62bc8537f2540126fc4e8\">\ud83c\udf9f Participation libre<\/p>\n<\/div><\/div>\n\n\n\n<h2 class=\"wp-block-heading\">D\u00e9gustation de vins<\/h2>\n\n\n\n<div class=\"wp-block-media-text is-stacked-on-mobile is-vertically-aligned-top\"><figure class=\"wp-block-media-text__media\"><img loading=\"lazy\" decoding=\"async\" width=\"1080\" height=\"1080\" src=\"https:\/\/www.alliancefrancaise.cz\/pardubice\/wp-content\/uploads\/2024\/09\/image3x2-1.png\" alt=\"\" class=\"wp-image-20450 size-full\" srcset=\"https:\/\/www.alliancefrancaise.cz\/pardubice\/wp-content\/uploads\/2024\/09\/image3x2-1.png 1080w, https:\/\/www.alliancefrancaise.cz\/pardubice\/wp-content\/uploads\/2024\/09\/image3x2-1-460x460.png 460w, https:\/\/www.alliancefrancaise.cz\/pardubice\/wp-content\/uploads\/2024\/09\/image3x2-1-150x150.png 150w, https:\/\/www.alliancefrancaise.cz\/pardubice\/wp-content\/uploads\/2024\/09\/image3x2-1-768x768.png 768w, https:\/\/www.alliancefrancaise.cz\/pardubice\/wp-content\/uploads\/2024\/09\/image3x2-1-440x440.png 440w\" sizes=\"auto, (max-width: 1080px) 100vw, 1080px\" \/><\/figure><div class=\"wp-block-media-text__content\">\n<p class=\"has-black-color has-text-color has-link-color wp-elements-7b16603651a72c7b080d50233becc9b0\">Bordeaux, Bourgogne, Chardonnay\u2026 ces noms de vins qui vous viennent en t\u00eate sont en r\u00e9alit\u00e9 fran\u00e7ais! Quoi de mieux qu\u2019une d\u00e9gustation \u00e0 Vino-th\u00e9-ka pour d\u00e9couvrir les sp\u00e9cialit\u00e9s fran\u00e7aises ? \ud83c\udf77\ud83c\udf77<\/p>\n\n\n\n<p class=\"has-black-color has-text-color has-link-color wp-elements-521b2c08ffeefe43ba1b3a4eb56b3895\">\ud83d\udece17 octobre 2024<\/p>\n\n\n\n<p class=\"has-black-color has-text-color has-link-color wp-elements-cb231b0182eee91742f41112bcc33631\">\ud83d\udd70 A partir de 18.30h&nbsp;<\/p>\n\n\n\n<p class=\"has-black-color has-text-color has-link-color wp-elements-877d671957b67777f8423cc4e0e01229\"><strong>Les places sont limit\u00e9es<\/strong>, c&rsquo;est pourquoi la r\u00e9servation n&rsquo;est possible qu&rsquo;apr\u00e8s inscription (de pr\u00e9f\u00e9rence par e-mail ou par t\u00e9l\u00e9phone) et paiement des frais de participation.<br><strong>Prix de la d\u00e9gustation : 480 CZK.<\/strong><strong><br><\/strong>Le prix comprend une fiche de d\u00e9gustation, une d\u00e9gustation guid\u00e9e de 10 \u00e9chantillons avec explications, ainsi qu&rsquo;un petit ap\u00e9ritif (pain, fromage).<\/p>\n\n\n\n<p class=\"has-black-color has-text-color has-link-color wp-elements-2f6f416831af5e9d5d7c566d6a0e937d\">\ud83d\udcc5 <strong>R\u00e9servation et paiement :<\/strong><strong><br><\/strong>N\u00b0 de compte : 2600335516\/2010<\/p>\n\n\n\n<p class=\"has-black-color has-text-color has-link-color wp-elements-fde7b44cef44e47da2ae7d8182b9dd7a\">Nous prions les participants de <strong>ne pas utiliser de parfum<\/strong> lors de la d\u00e9gustation.<\/p>\n\n\n\n<p class=\"has-black-color has-text-color has-link-color wp-elements-ed8f587d4cad5b55616437b5e7722569\">\ud83d\udccd <strong>Vino-th\u00e9-ka, Pern\u0161t\u00fdnsk\u00e1 40, Pardubice<\/strong><strong><br><\/strong>\ud83d\udce7 info@vino-the-ka.cz<br>\ud83c\udf10<a href=\"http:\/\/www.vino-the-ka.cz\" target=\"_blank\" rel=\"noopener\"> www.vino-the-ka.cz<br><\/a>\ud83d\udcde T\u00e9l. : 603 724 899<\/p>\n<\/div><\/div>\n\n\n\n<h2 class=\"wp-block-heading\">Conf\u00e9rence sur l&rsquo;architecture <\/h2>\n\n\n\n<div class=\"wp-block-media-text is-stacked-on-mobile is-vertically-aligned-top\"><figure class=\"wp-block-media-text__media\"><img loading=\"lazy\" decoding=\"async\" width=\"1080\" height=\"1080\" src=\"https:\/\/www.alliancefrancaise.cz\/pardubice\/wp-content\/uploads\/2024\/09\/image2x2-1.png\" alt=\"\" class=\"wp-image-20454 size-full\" srcset=\"https:\/\/www.alliancefrancaise.cz\/pardubice\/wp-content\/uploads\/2024\/09\/image2x2-1.png 1080w, https:\/\/www.alliancefrancaise.cz\/pardubice\/wp-content\/uploads\/2024\/09\/image2x2-1-460x460.png 460w, https:\/\/www.alliancefrancaise.cz\/pardubice\/wp-content\/uploads\/2024\/09\/image2x2-1-150x150.png 150w, https:\/\/www.alliancefrancaise.cz\/pardubice\/wp-content\/uploads\/2024\/09\/image2x2-1-768x768.png 768w, https:\/\/www.alliancefrancaise.cz\/pardubice\/wp-content\/uploads\/2024\/09\/image2x2-1-440x440.png 440w\" sizes=\"auto, (max-width: 1080px) 100vw, 1080px\" \/><\/figure><div class=\"wp-block-media-text__content\">\n<p class=\"has-black-color has-text-color has-link-color wp-elements-600ea49c89ecca024f71691c3cb8dffc\">L&rsquo;Alliance fran\u00e7aise a l&rsquo;honneur d&rsquo;accueillir Ad\u00e9la Bric\u00ednov\u00e1 doctorante en architecture au CEFRES. Elle fera une pr\u00e9sentation sur les architectes tch\u00e8que en France au cours de la deuxi\u00e8me moiti\u00e9 du XIXe si\u00e8cle, au Westie coffee.<\/p>\n\n\n\n<p class=\"has-black-color has-text-color has-link-color wp-elements-fcc2f447222bdad5b581d7cd837f5108\">\ud83d\udece 16. octobre 2024<\/p>\n\n\n\n<p class=\"has-black-color has-text-color has-link-color wp-elements-ca12d8076aa08e57e67e1d9a9d913f4f\">\ud83c\udfe0 Westie Coffee, Smilova 1904, 530 02 Pardubice<\/p>\n\n\n\n<p class=\"has-black-color has-text-color has-link-color wp-elements-68d83d9f1c6c608caa1caf76675c7a0b\">\ud83d\udd70 \u00c0 partir de 17h<\/p>\n\n\n\n<p class=\"has-black-color has-text-color has-link-color wp-elements-6562144787d773742522c28bee3560ca\">\ud83c\udf9f Entr\u00e9e gratuite, les chiens sont les bienvenus<\/p>\n<\/div><\/div>\n\n\n\n<h2 class=\"wp-block-heading\">P\u00e9tanque <\/h2>\n\n\n\n<div class=\"wp-block-media-text is-stacked-on-mobile is-vertically-aligned-top\"><figure class=\"wp-block-media-text__media\"><img loading=\"lazy\" decoding=\"async\" width=\"1080\" height=\"1080\" src=\"https:\/\/www.alliancefrancaise.cz\/pardubice\/wp-content\/uploads\/2024\/09\/image1x2-1.png\" alt=\"\" class=\"wp-image-20456 size-full\" srcset=\"https:\/\/www.alliancefrancaise.cz\/pardubice\/wp-content\/uploads\/2024\/09\/image1x2-1.png 1080w, https:\/\/www.alliancefrancaise.cz\/pardubice\/wp-content\/uploads\/2024\/09\/image1x2-1-460x460.png 460w, https:\/\/www.alliancefrancaise.cz\/pardubice\/wp-content\/uploads\/2024\/09\/image1x2-1-150x150.png 150w, https:\/\/www.alliancefrancaise.cz\/pardubice\/wp-content\/uploads\/2024\/09\/image1x2-1-768x768.png 768w, https:\/\/www.alliancefrancaise.cz\/pardubice\/wp-content\/uploads\/2024\/09\/image1x2-1-440x440.png 440w\" sizes=\"auto, (max-width: 1080px) 100vw, 1080px\" \/><\/figure><div class=\"wp-block-media-text__content\">\n<p class=\"has-black-color has-text-color has-link-color wp-elements-a2ced9d3fb1c62ec29dfbee3b19e1472\">Vous aimez la convivialit\u00e9 et le grand air ? Quoi de mieux qu\u2019une partie de p\u00e9tanque !&nbsp;<\/p>\n\n\n\n<p class=\"has-black-color has-text-color has-link-color wp-elements-084f3a0c7111b92556c760419e8d0eb7\">On se retrouve au terrain pr\u00e8s du glacier Zmrzlin\u00e1rna u zdymadla.<\/p>\n\n\n\n<p class=\"has-black-color has-text-color has-link-color wp-elements-7c4969af14993b65039e16285f4caccf\">\ud83d\udece14 octobre 2024<\/p>\n\n\n\n<p class=\"has-black-color has-text-color has-link-color wp-elements-e7f337b638a1a433bc65b822020bc4d4\">\ud83c\udfe0 Zmrzlin\u00e1rna u zdymadla, Pardubice<\/p>\n\n\n\n<p class=\"has-black-color has-text-color has-link-color wp-elements-47838af4117e4908978d806694ad65ee\">\ud83d\udd70 \u00c0 partir 16h<\/p>\n\n\n\n<p class=\"has-black-color has-text-color has-link-color wp-elements-f679d4767917affd3cb58cfd6676e585\">\ud83c\udf9f Entr\u00e9e gratuite<\/p>\n<\/div><\/div>\n\n\n\n<h2 class=\"wp-block-heading\">Atelier de cuisine fran\u00e7aise<\/h2>\n\n\n\n<div class=\"wp-block-media-text is-stacked-on-mobile\"><figure class=\"wp-block-media-text__media\"><img loading=\"lazy\" decoding=\"async\" width=\"1080\" height=\"1080\" src=\"https:\/\/www.alliancefrancaise.cz\/pardubice\/wp-content\/uploads\/2024\/09\/image2x1-1.png\" alt=\"\" class=\"wp-image-20458 size-full\" srcset=\"https:\/\/www.alliancefrancaise.cz\/pardubice\/wp-content\/uploads\/2024\/09\/image2x1-1.png 1080w, https:\/\/www.alliancefrancaise.cz\/pardubice\/wp-content\/uploads\/2024\/09\/image2x1-1-460x460.png 460w, https:\/\/www.alliancefrancaise.cz\/pardubice\/wp-content\/uploads\/2024\/09\/image2x1-1-150x150.png 150w, https:\/\/www.alliancefrancaise.cz\/pardubice\/wp-content\/uploads\/2024\/09\/image2x1-1-768x768.png 768w, https:\/\/www.alliancefrancaise.cz\/pardubice\/wp-content\/uploads\/2024\/09\/image2x1-1-440x440.png 440w\" sizes=\"auto, (max-width: 1080px) 100vw, 1080px\" \/><\/figure><div class=\"wp-block-media-text__content\">\n<p>En dehors de la baguette et du croissant, la France regorge de sp\u00e9cialit\u00e9s culinaires! \ud83d\ude0b<\/p>\n\n\n\n<p>Pourquoi ne pas venir les go\u00fbter lors d\u2019un atelier cuisine anim\u00e9 par Marie Verdier, cuisini\u00e8re tout droit venue de France pour l\u2019occasion! \ud83d\udc69\u200d\ud83c\udf73<\/p>\n\n\n\n<p>\ud83d\udece 18 octobre 2024<\/p>\n\n\n\n<p>\ud83c\udfe0 Z\u00e1kladn\u00ed \u0161kola Pardubice, Bratranc\u016f Veverk\u016f 866 &#8211; Cvi\u010dn\u00e1 kuchyn\u011b<\/p>\n\n\n\n<p>\ud83d\udd70 \u00c0 partir de 16h\u00a0<\/p>\n\n\n\n<p>200 K\u010d<\/p>\n\n\n\n<p>R\u00e9servations sur af@afpardubice.com<\/p>\n<\/div><\/div>\n\n\n\n<h2 class=\"wp-block-heading\">Concert de musique traditionnelle et projection d&rsquo;un documentaire<\/h2>\n\n\n\n<div class=\"wp-block-media-text is-stacked-on-mobile is-vertically-aligned-top\"><figure class=\"wp-block-media-text__media\"><img loading=\"lazy\" decoding=\"async\" width=\"1080\" height=\"1080\" src=\"https:\/\/www.alliancefrancaise.cz\/pardubice\/wp-content\/uploads\/2024\/09\/image1x1-1.png\" alt=\"\" class=\"wp-image-20460 size-full\" srcset=\"https:\/\/www.alliancefrancaise.cz\/pardubice\/wp-content\/uploads\/2024\/09\/image1x1-1.png 1080w, https:\/\/www.alliancefrancaise.cz\/pardubice\/wp-content\/uploads\/2024\/09\/image1x1-1-460x460.png 460w, https:\/\/www.alliancefrancaise.cz\/pardubice\/wp-content\/uploads\/2024\/09\/image1x1-1-150x150.png 150w, https:\/\/www.alliancefrancaise.cz\/pardubice\/wp-content\/uploads\/2024\/09\/image1x1-1-768x768.png 768w, https:\/\/www.alliancefrancaise.cz\/pardubice\/wp-content\/uploads\/2024\/09\/image1x1-1-440x440.png 440w\" sizes=\"auto, (max-width: 1080px) 100vw, 1080px\" \/><\/figure><div class=\"wp-block-media-text__content\">\n<p class=\"has-black-color has-text-color has-link-color wp-elements-c7524fdb955bf4ccedfdc5b971ed9fd4\">Envie de voyager musicalement entre la France et la R\u00e9publique Tch\u00e8que? Rendez-vous au centre de litt\u00e9rature franco-tch\u00e8que Petrkov pour un concert de chants populaires du compositeur tch\u00e8que Leo\u0161 Jan\u00e1\u010dek, interpr\u00e9t\u00e9 par la chanteuse Mari K\u0159\u00ed\u017eov\u00e1 accompagn\u00e9e du musicien Luk\u00e1\u0161 Krupi\u010dka \u00e0 la harpe.\ud83c\udfb6 S\u2019en suivra la projection en avant-premi\u00e8re du film documentaire \u201cDe Vyso\u010dina en Auvergne\u201d sur l&rsquo;amiti\u00e9 de l&rsquo;\u00e9crivain Henri Pourrat et de la famille des Reynek (NB: le film sera en tch\u00e8que). \ud83c\udfa5<\/p>\n\n\n\n<p class=\"has-black-color has-text-color has-link-color wp-elements-ee46c17aa455c8ddac323d9bb3784937\">\ud83d\udece19 octobre 2024<\/p>\n\n\n\n<p class=\"has-black-color has-text-color has-link-color wp-elements-9d9607fd0defd51a815aa5d9874c295f\">\ud83c\udfe0 Petrkov 13, 58001<\/p>\n\n\n\n<p class=\"has-black-color has-text-color has-link-color wp-elements-4fadd720f41442e63ea485325f3dbb2a\">\ud83d\udd70Od 16 hod.&nbsp;<\/p>\n\n\n\n<p class=\"has-black-color has-text-color has-link-color wp-elements-0ab8dd5f732d1f693e11e448773445e9\">\ud83c\udf9f 20 places disponibles&nbsp;&#8211; R\u00e9servations sur af@afpardubice.com<\/p>\n\n\n\n<p class=\"has-black-color has-text-color has-link-color wp-elements-63bf9238ae017f314327a818c019e290\">120 K\u010d (le transport est inclu)<\/p>\n<\/div><\/div>\n\n\n\n<p><\/p>\n","protected":false},"excerpt":{"rendered":"<p>Programmation Vous l&rsquo;attendiez depuis des mois, le festival BONJOUR PARDUBICE est de retour avec une programmation haute en couleurs:&nbsp; 9\/10 &#8211; Vernissage&#8230;<\/p>\n","protected":false},"featured_media":20324,"parent":0,"template":"","zarazeni":[71,19],"class_list":["post-20321","kultura","type-kultura","status-publish","has-post-thumbnail","hentry","zarazeni-bonjour-pardubice-fr","zarazeni-evenements-passes"],"acf":[],"_links":{"self":[{"href":"https:\/\/www.alliancefrancaise.cz\/pardubice\/fr\/wp-json\/wp\/v2\/kultura\/20321","targetHints":{"allow":["GET"]}}],"collection":[{"href":"https:\/\/www.alliancefrancaise.cz\/pardubice\/fr\/wp-json\/wp\/v2\/kultura"}],"about":[{"href":"https:\/\/www.alliancefrancaise.cz\/pardubice\/fr\/wp-json\/wp\/v2\/types\/kultura"}],"version-history":[{"count":19,"href":"https:\/\/www.alliancefrancaise.cz\/pardubice\/fr\/wp-json\/wp\/v2\/kultura\/20321\/revisions"}],"predecessor-version":[{"id":20488,"href":"https:\/\/www.alliancefrancaise.cz\/pardubice\/fr\/wp-json\/wp\/v2\/kultura\/20321\/revisions\/20488"}],"wp:featuredmedia":[{"embeddable":true,"href":"https:\/\/www.alliancefrancaise.cz\/pardubice\/fr\/wp-json\/wp\/v2\/media\/20324"}],"wp:attachment":[{"href":"https:\/\/www.alliancefrancaise.cz\/pardubice\/fr\/wp-json\/wp\/v2\/media?parent=20321"}],"wp:term":[{"taxonomy":"zarazeni","embeddable":true,"href":"https:\/\/www.alliancefrancaise.cz\/pardubice\/fr\/wp-json\/wp\/v2\/zarazeni?post=20321"}],"curies":[{"name":"wp","href":"https:\/\/api.w.org\/{rel}","templated":true}]}}