{"id":20814,"date":"2025-02-13T09:58:07","date_gmt":"2025-02-13T08:58:07","guid":{"rendered":"https:\/\/www.alliancefrancaise.cz\/pardubice\/?post_type=kultura&#038;p=20814"},"modified":"2025-02-26T11:22:47","modified_gmt":"2025-02-26T10:22:47","slug":"chandeleur","status":"publish","type":"kultura","link":"https:\/\/www.alliancefrancaise.cz\/pardubice\/fr\/kultura\/chandeleur\/","title":{"rendered":"Chandeleur"},"content":{"rendered":"\n<p>\ud83c\udde8\ud83c\uddff P\u0159ij\u010fte oslavit Chandeleur v Alliance Fran\u00e7aise v Pardubic\u00edch! \ud83e\udd5e<br>Zveme v\u00e1s na p\u0159\u00edjemnou ve\u010dern\u00ed akci, kter\u00e1 se uskute\u010dn\u00ed v \u00fater\u00fd 25. \u00fanora v 19 hodin. M\u016f\u017eete se t\u011b\u0161it na skv\u011bl\u00e9 pala\u010dinky, dobrou n\u00e1ladu a spoustu francouzsk\u00fdch rozhovor\u016f. Bude to skv\u011bl\u00e1 p\u0159\u00edle\u017eitost u\u017e\u00edt si tradi\u010dn\u00ed okam\u017eik, ochutnat lahodn\u00e9 sladk\u00e9 pala\u010dinky a str\u00e1vit \u010das v p\u0159\u00e1telsk\u00e9 atmosf\u00e9\u0159e.<br>P\u0159ij\u010fte oslavit tuto francouzskou tradici s n\u00e1mi v Alliance Fran\u00e7aise! \ud83d\ude0a<\/p>\n\n\n\n<p>\ud83c\uddeb\ud83c\uddf7 Venez c\u00e9l\u00e9brer la Chandeleur \u00e0 l&rsquo;Alliance Fran\u00e7aise de Pardubice ! \ud83e\udd5e<br>Nous vous invitons \u00e0 nous rejoindre le mardi 25 f\u00e9vrier \u00e0 19h pour une soir\u00e9e conviviale autour de d\u00e9licieuses cr\u00eapes et de bonne humeur. C\u2019est l\u2019occasion id\u00e9ale de partager un moment traditionnel et chaleureux, de discuter en fran\u00e7ais et de savourer de savoureuses cr\u00eapes sucr\u00e9es !<br>Rendez-vous \u00e0 l&rsquo;Alliance Fran\u00e7aise pour f\u00eater ensemble cette tradition fran\u00e7aise \ud83d\ude0a<\/p>\n\n\n\n<p><\/p>\n","protected":false},"excerpt":{"rendered":"<p>\ud83c\udde8\ud83c\uddff P\u0159ij\u010fte oslavit Chandeleur v Alliance Fran\u00e7aise v Pardubic\u00edch! \ud83e\udd5eZveme v\u00e1s na p\u0159\u00edjemnou ve\u010dern\u00ed akci, kter\u00e1 se uskute\u010dn\u00ed v \u00fater\u00fd 25. \u00fanora&#8230;<\/p>\n","protected":false},"featured_media":20815,"parent":0,"template":"","zarazeni":[70],"class_list":["post-20814","kultura","type-kultura","status-publish","has-post-thumbnail","hentry","zarazeni-archiv-akci"],"acf":[],"_links":{"self":[{"href":"https:\/\/www.alliancefrancaise.cz\/pardubice\/fr\/wp-json\/wp\/v2\/kultura\/20814","targetHints":{"allow":["GET"]}}],"collection":[{"href":"https:\/\/www.alliancefrancaise.cz\/pardubice\/fr\/wp-json\/wp\/v2\/kultura"}],"about":[{"href":"https:\/\/www.alliancefrancaise.cz\/pardubice\/fr\/wp-json\/wp\/v2\/types\/kultura"}],"version-history":[{"count":2,"href":"https:\/\/www.alliancefrancaise.cz\/pardubice\/fr\/wp-json\/wp\/v2\/kultura\/20814\/revisions"}],"predecessor-version":[{"id":20925,"href":"https:\/\/www.alliancefrancaise.cz\/pardubice\/fr\/wp-json\/wp\/v2\/kultura\/20814\/revisions\/20925"}],"wp:featuredmedia":[{"embeddable":true,"href":"https:\/\/www.alliancefrancaise.cz\/pardubice\/fr\/wp-json\/wp\/v2\/media\/20815"}],"wp:attachment":[{"href":"https:\/\/www.alliancefrancaise.cz\/pardubice\/fr\/wp-json\/wp\/v2\/media?parent=20814"}],"wp:term":[{"taxonomy":"zarazeni","embeddable":true,"href":"https:\/\/www.alliancefrancaise.cz\/pardubice\/fr\/wp-json\/wp\/v2\/zarazeni?post=20814"}],"curies":[{"name":"wp","href":"https:\/\/api.w.org\/{rel}","templated":true}]}}