{"id":20159,"date":"2024-06-27T17:38:12","date_gmt":"2024-06-27T15:38:12","guid":{"rendered":"https:\/\/www.alliancefrancaise.cz\/pardubice\/?page_id=20159"},"modified":"2024-06-27T17:50:12","modified_gmt":"2024-06-27T15:50:12","slug":"mobilites-lyceennes-en-france","status":"publish","type":"page","link":"https:\/\/www.alliancefrancaise.cz\/pardubice\/fr\/mobilites-lyceennes-en-france\/","title":{"rendered":"Mobilit\u00e9s lyc\u00e9ennes en France"},"content":{"rendered":"\n<p>Avez-vous envie de vivre une aventure exceptionnelle, apprendre le fran\u00e7ais \u00e0 la perfection, mieux conna\u00eetre la France et la fa\u00e7on comment on y vit, vous cr\u00e9er de nouvelles amiti\u00e9s et faire ressortir le meilleur de vous-m\u00eame, et peut-\u00eatre m\u00eame prioriser votre future orientation professionnelle ?<\/p>\n\n\n\n<p>Tentez votre chance et pr\u00e9sentez votre candidature pour le programme des\u00a0<strong>sections tch\u00e8ques de Dijon et de N\u00eemes\u00a0<\/strong>ou la\u00a0<strong>mobilit\u00e9 Un an en France<\/strong>.<\/p>\n\n\n\n<div style=\"height:29px\" aria-hidden=\"true\" class=\"wp-block-spacer\"><\/div>\n\n\n\n<div class=\"wp-block-columns is-layout-flex wp-container-core-columns-is-layout-9d6595d7 wp-block-columns-is-layout-flex\">\n<div class=\"wp-block-column is-layout-flow wp-block-column-is-layout-flow\">\n<h3 class=\"wp-block-heading\"><mark>Sections tch\u00e8ques de Dijon et de<\/mark><\/h3>\n\n\n\n<h3 class=\"wp-block-heading\"><mark>N\u00eemes<\/mark><\/h3>\n\n\n\n<p><\/p>\n\n\n\n<p><strong><mark>Dur\u00e9e :<\/mark><\/strong>&nbsp;3 ans (de la classe de 2<sup>nde<\/sup>&nbsp;\u00e0 la terminale)<\/p>\n\n\n\n<p><strong><mark>Lyc\u00e9es d\u2019accueil :<\/mark><\/strong><\/p>\n\n\n\n<ul class=\"wp-block-list\">\n<li><a href=\"http:\/\/lyc21-carnot.ac-dijon.fr\/\" target=\"_blank\" rel=\"noreferrer noopener\">Lyc\u00e9e Carnot<\/a>, Dijon (concours ouvert aux gar\u00e7ons et aux filles)<\/li>\n\n\n\n<li><a href=\"https:\/\/lyc-daudet-nimes.ac-montpellier.fr\/\" target=\"_blank\" rel=\"noreferrer noopener\">Lyc\u00e9e Alphonse Daudet<\/a>, N\u00eemes (concours ouvert aux filles uniquement)<\/li>\n<\/ul>\n\n\n\n<p><strong><mark>Garants de la mobilit\u00e9 :<\/mark><\/strong><\/p>\n\n\n\n<ul class=\"wp-block-list\">\n<li><a href=\"https:\/\/www.ifp.cz\/fr\/#\/\" target=\"_blank\" rel=\"noreferrer noopener\">Institut fran\u00e7ais de Prague<\/a><\/li>\n\n\n\n<li><a href=\"http:\/\/www.msmt.cz\/\" target=\"_blank\" rel=\"noreferrer noopener\">Minist\u00e8re de l\u2019Education, de la Jeunesse et des Sports<\/a><\/li>\n\n\n\n<li><a href=\"https:\/\/www.dijon.fr\/\" target=\"_blank\" rel=\"noreferrer noopener\">Ville de Dijon<\/a><\/li>\n\n\n\n<li><a href=\"https:\/\/www.bourgognefranchecomte.fr\/\" target=\"_blank\" rel=\"noreferrer noopener\">R\u00e9gion Bourgogne-Franche-Comt\u00e9<\/a><\/li>\n\n\n\n<li><a href=\"https:\/\/www.nimes.fr\/\" target=\"_blank\" rel=\"noreferrer noopener\">Ville de N\u00eemes<\/a><\/li>\n\n\n\n<li><a href=\"https:\/\/www.laregion.fr\/\" target=\"_blank\" rel=\"noreferrer noopener\">R\u00e9gion Occitanie<\/a><\/li>\n<\/ul>\n\n\n\n<p><\/p>\n\n\n\n<p><strong><mark>Pour en savoir plus :<\/mark><\/strong><\/p>\n\n\n\n<ul class=\"wp-block-list\">\n<li><a href=\"https:\/\/www.msmt.cz\/mezinarodni-vztahy\/vyzva-pro-zajemce-zajemkyne-o-studium-na-lyceich-v-dijonu-a\" target=\"_blank\" rel=\"noreferrer noopener\">proc\u00e9dure de s\u00e9lection<\/a><\/li>\n\n\n\n<li><a href=\"https:\/\/www.ifp.cz\/fr\/sections-tcheques-en-france#\/\" target=\"_blank\" rel=\"noreferrer noopener\">pr\u00e9sentation de la mobilit\u00e9<\/a><\/li>\n\n\n\n<li><a href=\"https:\/\/dijon-nimes.eu\/\" target=\"_blank\" rel=\"noreferrer noopener\">Association des anciens \u00e9l\u00e8ves des sections tch\u00e8ques en France<\/a><\/li>\n\n\n\n<li><a href=\"https:\/\/www.alliancefrancaise.cz\/pardubice\/terminy-registrace-cenik\/\" target=\"_blank\" rel=\"noreferrer noopener\">calendrier des examens du DELF<\/a><\/li>\n<\/ul>\n<\/div>\n\n\n\n<div class=\"wp-block-column is-layout-flow wp-block-column-is-layout-flow\">\n<h3 class=\"wp-block-heading\"><mark>Programme Un an en France<\/mark><\/h3>\n\n\n\n<p><\/p>\n\n\n\n<p><\/p>\n\n\n\n<p><mark><strong>Dur\u00e9e :<\/strong><\/mark>\u00a01 ann\u00e9e scolaire (classe de 1<sup>\u00e8re<\/sup>)<\/p>\n\n\n\n<p><strong><mark>Lyc\u00e9es d\u2019accueil :<\/mark><\/strong>&nbsp;liste des \u00e9tablissements scolaires mise \u00e0 jour chaque ann\u00e9e<\/p>\n\n\n\n<p><strong><mark>Garant de la mobilit\u00e9 :<\/mark><\/strong>&nbsp;<a href=\"https:\/\/www.ifp.cz\/fr\/homepage#\/\" target=\"_blank\" rel=\"noreferrer noopener\">Institut fran\u00e7ais de Prague<\/a><\/p>\n\n\n\n<p><\/p>\n\n\n\n<p><strong><mark>Pour en savoir plus :<\/mark><\/strong><\/p>\n\n\n\n<ul class=\"wp-block-list\">\n<li><a href=\"https:\/\/www.ifp.cz\/fr\/un-an-en-france#\/\" target=\"_blank\" rel=\"noreferrer noopener\">pr\u00e9sentation de la mobilit\u00e9 et proc\u00e9dure de s\u00e9lection<\/a><\/li>\n\n\n\n<li><a href=\"https:\/\/www.alliancefrancaise.cz\/pardubice\/terminy-registrace-cenik\/\" target=\"_blank\" data-type=\"link\" data-id=\"https:\/\/www.alliancefrancaise.cz\/pardubice\/terminy-registrace-cenik\/\" rel=\"noreferrer noopener\">calendrier des examens du DELF<\/a><\/li>\n<\/ul>\n<\/div>\n<\/div>\n","protected":false},"excerpt":{"rendered":"<p>Avez-vous envie de vivre une aventure exceptionnelle, apprendre le fran\u00e7ais \u00e0 la perfection, mieux conna\u00eetre la France et la fa\u00e7on comment on y vit, vous cr\u00e9er de nouvelles&#8230;<\/p>\n","protected":false},"author":4,"featured_media":0,"parent":0,"menu_order":0,"comment_status":"closed","ping_status":"closed","template":"","meta":{"_acf_changed":false,"footnotes":""},"class_list":["post-20159","page","type-page","status-publish","hentry"],"acf":[],"_links":{"self":[{"href":"https:\/\/www.alliancefrancaise.cz\/pardubice\/fr\/wp-json\/wp\/v2\/pages\/20159","targetHints":{"allow":["GET"]}}],"collection":[{"href":"https:\/\/www.alliancefrancaise.cz\/pardubice\/fr\/wp-json\/wp\/v2\/pages"}],"about":[{"href":"https:\/\/www.alliancefrancaise.cz\/pardubice\/fr\/wp-json\/wp\/v2\/types\/page"}],"author":[{"embeddable":true,"href":"https:\/\/www.alliancefrancaise.cz\/pardubice\/fr\/wp-json\/wp\/v2\/users\/4"}],"replies":[{"embeddable":true,"href":"https:\/\/www.alliancefrancaise.cz\/pardubice\/fr\/wp-json\/wp\/v2\/comments?post=20159"}],"version-history":[{"count":3,"href":"https:\/\/www.alliancefrancaise.cz\/pardubice\/fr\/wp-json\/wp\/v2\/pages\/20159\/revisions"}],"predecessor-version":[{"id":20163,"href":"https:\/\/www.alliancefrancaise.cz\/pardubice\/fr\/wp-json\/wp\/v2\/pages\/20159\/revisions\/20163"}],"wp:attachment":[{"href":"https:\/\/www.alliancefrancaise.cz\/pardubice\/fr\/wp-json\/wp\/v2\/media?parent=20159"}],"curies":[{"name":"wp","href":"https:\/\/api.w.org\/{rel}","templated":true}]}}