{"id":6957,"date":"2023-06-26T10:30:53","date_gmt":"2023-06-26T08:30:53","guid":{"rendered":"https:\/\/www.alliancefrancaise.cz\/pardubice\/?page_id=6957"},"modified":"2024-02-06T15:49:03","modified_gmt":"2024-02-06T14:49:03","slug":"qui-sommes-nous","status":"publish","type":"page","link":"https:\/\/www.alliancefrancaise.cz\/pardubice\/fr\/qui-sommes-nous\/","title":{"rendered":"Qui sommes-nous ?"},"content":{"rendered":"\n<p>L\u2019Alliance Fran\u00e7aise de Pardubice est une des 800 associations du r\u00e9seau international de la fondation Alliance Fran\u00e7aise, qui d\u00e9fend la vision de la culture fran\u00e7aise comme appartenant \u00e0 l\u2019humanit\u00e9 en cr\u00e9ant des espaces de d\u00e9bats et d\u2019\u00e9changes autour de cette culture. Fond\u00e9e en 1999, elle est une association \u00e0 but non lucratif, qui organise ses missions de mani\u00e8re autonome, en dehors de tout engagement politique ou religieux, et sans discrimination.<\/p>\n\n\n\n<p>L\u2019Alliance Fran\u00e7aise de Pardubice est r\u00e9gie par un Conseil d\u2019Administration de b\u00e9n\u00e9voles.<\/p>\n\n\n\n<p>Nos activit\u00e9s se centrent autour de deux missions essentielles : l\u2019enseignement de la langue fran\u00e7aise et l\u2019organisation de manifestations culturelles. Ces derni\u00e8res s\u2019articulent autour de nos valeurs qui sont :&nbsp;<\/p>\n\n\n\n<ul class=\"wp-block-list\">\n<li>Le rayonnement des cultures francophones et de la langue fran\u00e7aise;<\/li>\n<\/ul>\n\n\n\n<ul class=\"wp-block-list\">\n<li>Le dialogue culturel entre cultures locales et francophones;<\/li>\n\n\n\n<li>L\u2019inclusivit\u00e9 des publics.<\/li>\n<\/ul>\n","protected":false},"excerpt":{"rendered":"<p>L\u2019Alliance Fran\u00e7aise de Pardubice est une des 800 associations du r\u00e9seau international de la fondation Alliance Fran\u00e7aise, qui d\u00e9fend la vision de la culture fran\u00e7aise comme appartenant \u00e0&#8230;<\/p>\n","protected":false},"author":4,"featured_media":0,"parent":0,"menu_order":0,"comment_status":"closed","ping_status":"closed","template":"","meta":{"_acf_changed":false,"footnotes":""},"class_list":["post-6957","page","type-page","status-publish","hentry"],"acf":[],"_links":{"self":[{"href":"https:\/\/www.alliancefrancaise.cz\/pardubice\/fr\/wp-json\/wp\/v2\/pages\/6957","targetHints":{"allow":["GET"]}}],"collection":[{"href":"https:\/\/www.alliancefrancaise.cz\/pardubice\/fr\/wp-json\/wp\/v2\/pages"}],"about":[{"href":"https:\/\/www.alliancefrancaise.cz\/pardubice\/fr\/wp-json\/wp\/v2\/types\/page"}],"author":[{"embeddable":true,"href":"https:\/\/www.alliancefrancaise.cz\/pardubice\/fr\/wp-json\/wp\/v2\/users\/4"}],"replies":[{"embeddable":true,"href":"https:\/\/www.alliancefrancaise.cz\/pardubice\/fr\/wp-json\/wp\/v2\/comments?post=6957"}],"version-history":[{"count":1,"href":"https:\/\/www.alliancefrancaise.cz\/pardubice\/fr\/wp-json\/wp\/v2\/pages\/6957\/revisions"}],"predecessor-version":[{"id":6958,"href":"https:\/\/www.alliancefrancaise.cz\/pardubice\/fr\/wp-json\/wp\/v2\/pages\/6957\/revisions\/6958"}],"wp:attachment":[{"href":"https:\/\/www.alliancefrancaise.cz\/pardubice\/fr\/wp-json\/wp\/v2\/media?parent=6957"}],"curies":[{"name":"wp","href":"https:\/\/api.w.org\/{rel}","templated":true}]}}