{"id":6959,"date":"2023-06-26T10:32:59","date_gmt":"2023-06-26T08:32:59","guid":{"rendered":"https:\/\/www.alliancefrancaise.cz\/pardubice\/?page_id=6959"},"modified":"2024-09-18T17:52:14","modified_gmt":"2024-09-18T15:52:14","slug":"notre-equipe","status":"publish","type":"page","link":"https:\/\/www.alliancefrancaise.cz\/pardubice\/fr\/notre-equipe\/","title":{"rendered":"Notre \u00e9quipe"},"content":{"rendered":"\n<div class=\"wp-block-columns is-layout-flex wp-container-core-columns-is-layout-9d6595d7 wp-block-columns-is-layout-flex\">\n<div class=\"wp-block-column is-layout-flow wp-block-column-is-layout-flow\">\n<div class=\"wp-block-media-text is-stacked-on-mobile\"><figure class=\"wp-block-media-text__media\"><img loading=\"lazy\" decoding=\"async\" width=\"500\" height=\"500\" src=\"https:\/\/www.alliancefrancaise.cz\/pardubice\/wp-content\/uploads\/2024\/03\/Black-White-Modern-Handwritten-Square-Studio-Logo-1.png\" alt=\"\" class=\"wp-image-7502 size-full\" srcset=\"https:\/\/www.alliancefrancaise.cz\/pardubice\/wp-content\/uploads\/2024\/03\/Black-White-Modern-Handwritten-Square-Studio-Logo-1.png 500w, https:\/\/www.alliancefrancaise.cz\/pardubice\/wp-content\/uploads\/2024\/03\/Black-White-Modern-Handwritten-Square-Studio-Logo-1-460x460.png 460w, https:\/\/www.alliancefrancaise.cz\/pardubice\/wp-content\/uploads\/2024\/03\/Black-White-Modern-Handwritten-Square-Studio-Logo-1-150x150.png 150w, https:\/\/www.alliancefrancaise.cz\/pardubice\/wp-content\/uploads\/2024\/03\/Black-White-Modern-Handwritten-Square-Studio-Logo-1-440x440.png 440w\" sizes=\"auto, (max-width: 500px) 100vw, 500px\" \/><\/figure><div class=\"wp-block-media-text__content\">\n<p><strong>Frank<\/strong>     <strong>Bardelletti <\/strong><\/p>\n\n\n\n<p>Enseignant<\/p>\n<\/div><\/div>\n<\/div>\n\n\n\n<div class=\"wp-block-column is-layout-flow wp-block-column-is-layout-flow\">\n<div class=\"wp-block-media-text is-stacked-on-mobile\"><figure class=\"wp-block-media-text__media\"><img loading=\"lazy\" decoding=\"async\" width=\"500\" height=\"500\" src=\"https:\/\/www.alliancefrancaise.cz\/pardubice\/wp-content\/uploads\/2024\/03\/Black-White-Modern-Handwritten-Square-Studio-Logo-2.png\" alt=\"\" class=\"wp-image-7504 size-full\" srcset=\"https:\/\/www.alliancefrancaise.cz\/pardubice\/wp-content\/uploads\/2024\/03\/Black-White-Modern-Handwritten-Square-Studio-Logo-2.png 500w, https:\/\/www.alliancefrancaise.cz\/pardubice\/wp-content\/uploads\/2024\/03\/Black-White-Modern-Handwritten-Square-Studio-Logo-2-460x460.png 460w, https:\/\/www.alliancefrancaise.cz\/pardubice\/wp-content\/uploads\/2024\/03\/Black-White-Modern-Handwritten-Square-Studio-Logo-2-150x150.png 150w, https:\/\/www.alliancefrancaise.cz\/pardubice\/wp-content\/uploads\/2024\/03\/Black-White-Modern-Handwritten-Square-Studio-Logo-2-440x440.png 440w\" sizes=\"auto, (max-width: 500px) 100vw, 500px\" \/><\/figure><div class=\"wp-block-media-text__content\">\n<p><strong>Pavl\u00edna Hoskovcov\u00e1<\/strong><\/p>\n\n\n\n<p>Enseignante<\/p>\n<\/div><\/div>\n<\/div>\n\n\n\n<div class=\"wp-block-column is-layout-flow wp-block-column-is-layout-flow\">\n<div class=\"wp-block-media-text is-stacked-on-mobile\"><figure class=\"wp-block-media-text__media\"><img loading=\"lazy\" decoding=\"async\" width=\"500\" height=\"500\" src=\"https:\/\/www.alliancefrancaise.cz\/pardubice\/wp-content\/uploads\/2024\/03\/Black-White-Modern-Handwritten-Square-Studio-Logo-3.png\" alt=\"\" class=\"wp-image-7506 size-full\" srcset=\"https:\/\/www.alliancefrancaise.cz\/pardubice\/wp-content\/uploads\/2024\/03\/Black-White-Modern-Handwritten-Square-Studio-Logo-3.png 500w, https:\/\/www.alliancefrancaise.cz\/pardubice\/wp-content\/uploads\/2024\/03\/Black-White-Modern-Handwritten-Square-Studio-Logo-3-460x460.png 460w, https:\/\/www.alliancefrancaise.cz\/pardubice\/wp-content\/uploads\/2024\/03\/Black-White-Modern-Handwritten-Square-Studio-Logo-3-150x150.png 150w, https:\/\/www.alliancefrancaise.cz\/pardubice\/wp-content\/uploads\/2024\/03\/Black-White-Modern-Handwritten-Square-Studio-Logo-3-440x440.png 440w\" sizes=\"auto, (max-width: 500px) 100vw, 500px\" \/><\/figure><div class=\"wp-block-media-text__content\">\n<p><strong>Aneta Kirchnerov\u00e1<\/strong> <\/p>\n\n\n\n<p>Enseignante<\/p>\n<\/div><\/div>\n<\/div>\n<\/div>\n\n\n\n<div class=\"wp-block-columns is-layout-flex wp-container-core-columns-is-layout-9d6595d7 wp-block-columns-is-layout-flex\">\n<div class=\"wp-block-column is-layout-flow wp-block-column-is-layout-flow\"><\/div>\n\n\n\n<div class=\"wp-block-column is-layout-flow wp-block-column-is-layout-flow\">\n<p class=\"has-text-align-center\">J&rsquo;ai d\u00e9couvert le fran\u00e7ais pour la premi\u00e8re fois \u00e0 l&rsquo;\u00e2ge de 13 ans. Apr\u00e8s ces premi\u00e8res ann\u00e9es plut\u00f4t difficiles, j&rsquo;y ai pris go\u00fbt, j&rsquo;ai \u00e9tudi\u00e9 l&rsquo;Enseignement du fran\u00e7ais \u00e0 UHK et j&rsquo;ai pass\u00e9 un s\u00e9jour Erasmus \u00e0 l&rsquo;universit\u00e9 Paul Verlain de Metz. Aujourd&rsquo;hui, j\u00b4enseigne \u00e0 l&rsquo;Alliance fran\u00e7aise de Pardubice, qui repr\u00e9sente pour moi un lien important entre ma vie en RT et mon pays \u00e9tranger pr\u00e9f\u00e9r\u00e9. Le fran\u00e7ais m&rsquo;a s\u00e9duite par sa belle m\u00e9lodie et sa prononciation, et au fil du temps, je suis \u00e9galement tomb\u00e9e amoureuse de la gastronomie fran\u00e7aise, de sa culture, ses films d&rsquo;art et des voyages dans ce pays. La France, c&rsquo;est tout simplement l&rsquo;amour !<\/p>\n<\/div>\n\n\n\n<div class=\"wp-block-column is-layout-flow wp-block-column-is-layout-flow\"><\/div>\n<\/div>\n\n\n\n<div class=\"wp-block-columns is-layout-flex wp-container-core-columns-is-layout-9d6595d7 wp-block-columns-is-layout-flex\">\n<div class=\"wp-block-column is-layout-flow wp-block-column-is-layout-flow\">\n<div class=\"wp-block-media-text is-stacked-on-mobile\"><figure class=\"wp-block-media-text__media\"><img loading=\"lazy\" decoding=\"async\" width=\"500\" height=\"500\" src=\"https:\/\/www.alliancefrancaise.cz\/pardubice\/wp-content\/uploads\/2024\/03\/Black-White-Modern-Handwritten-Square-Studio-Logo-4.png\" alt=\"\" class=\"wp-image-7508 size-full\" srcset=\"https:\/\/www.alliancefrancaise.cz\/pardubice\/wp-content\/uploads\/2024\/03\/Black-White-Modern-Handwritten-Square-Studio-Logo-4.png 500w, https:\/\/www.alliancefrancaise.cz\/pardubice\/wp-content\/uploads\/2024\/03\/Black-White-Modern-Handwritten-Square-Studio-Logo-4-460x460.png 460w, https:\/\/www.alliancefrancaise.cz\/pardubice\/wp-content\/uploads\/2024\/03\/Black-White-Modern-Handwritten-Square-Studio-Logo-4-150x150.png 150w, https:\/\/www.alliancefrancaise.cz\/pardubice\/wp-content\/uploads\/2024\/03\/Black-White-Modern-Handwritten-Square-Studio-Logo-4-440x440.png 440w\" sizes=\"auto, (max-width: 500px) 100vw, 500px\" \/><\/figure><div class=\"wp-block-media-text__content\">\n<p><strong>Hana<\/strong>       <strong>Kvapilov\u00e1 <\/strong><\/p>\n\n\n\n<p>Enseignante<\/p>\n<\/div><\/div>\n<\/div>\n\n\n\n<div class=\"wp-block-column is-layout-flow wp-block-column-is-layout-flow\">\n<div class=\"wp-block-media-text is-stacked-on-mobile\"><figure class=\"wp-block-media-text__media\"><img loading=\"lazy\" decoding=\"async\" width=\"500\" height=\"500\" src=\"https:\/\/www.alliancefrancaise.cz\/pardubice\/wp-content\/uploads\/2024\/03\/Black-White-Modern-Handwritten-Square-Studio-Logo-5.png\" alt=\"\" class=\"wp-image-7510 size-full\" srcset=\"https:\/\/www.alliancefrancaise.cz\/pardubice\/wp-content\/uploads\/2024\/03\/Black-White-Modern-Handwritten-Square-Studio-Logo-5.png 500w, https:\/\/www.alliancefrancaise.cz\/pardubice\/wp-content\/uploads\/2024\/03\/Black-White-Modern-Handwritten-Square-Studio-Logo-5-460x460.png 460w, https:\/\/www.alliancefrancaise.cz\/pardubice\/wp-content\/uploads\/2024\/03\/Black-White-Modern-Handwritten-Square-Studio-Logo-5-150x150.png 150w, https:\/\/www.alliancefrancaise.cz\/pardubice\/wp-content\/uploads\/2024\/03\/Black-White-Modern-Handwritten-Square-Studio-Logo-5-440x440.png 440w\" sizes=\"auto, (max-width: 500px) 100vw, 500px\" \/><\/figure><div class=\"wp-block-media-text__content\">\n<p><strong>Anne-Ga\u00eblle Laurent Savic <\/strong><\/p>\n\n\n\n<p>Enseignante<\/p>\n<\/div><\/div>\n<\/div>\n\n\n\n<div class=\"wp-block-column is-layout-flow wp-block-column-is-layout-flow\">\n<div class=\"wp-block-media-text is-stacked-on-mobile\"><figure class=\"wp-block-media-text__media\"><img loading=\"lazy\" decoding=\"async\" width=\"500\" height=\"500\" src=\"https:\/\/www.alliancefrancaise.cz\/pardubice\/wp-content\/uploads\/2024\/03\/Black-White-Modern-Handwritten-Square-Studio-Logo-6.png\" alt=\"\" class=\"wp-image-7512 size-full\" srcset=\"https:\/\/www.alliancefrancaise.cz\/pardubice\/wp-content\/uploads\/2024\/03\/Black-White-Modern-Handwritten-Square-Studio-Logo-6.png 500w, https:\/\/www.alliancefrancaise.cz\/pardubice\/wp-content\/uploads\/2024\/03\/Black-White-Modern-Handwritten-Square-Studio-Logo-6-460x460.png 460w, https:\/\/www.alliancefrancaise.cz\/pardubice\/wp-content\/uploads\/2024\/03\/Black-White-Modern-Handwritten-Square-Studio-Logo-6-150x150.png 150w, https:\/\/www.alliancefrancaise.cz\/pardubice\/wp-content\/uploads\/2024\/03\/Black-White-Modern-Handwritten-Square-Studio-Logo-6-440x440.png 440w\" sizes=\"auto, (max-width: 500px) 100vw, 500px\" \/><\/figure><div class=\"wp-block-media-text__content\">\n<p><strong>P\u0159emysl Machat\u00fd <\/strong><\/p>\n\n\n\n<p>Enseignant<\/p>\n<\/div><\/div>\n<\/div>\n<\/div>\n\n\n\n<div class=\"wp-block-columns is-layout-flex wp-container-core-columns-is-layout-9d6595d7 wp-block-columns-is-layout-flex\">\n<div class=\"wp-block-column is-layout-flow wp-block-column-is-layout-flow\">\n<div class=\"wp-block-media-text is-stacked-on-mobile\"><figure class=\"wp-block-media-text__media\"><img loading=\"lazy\" decoding=\"async\" width=\"500\" height=\"500\" src=\"https:\/\/www.alliancefrancaise.cz\/pardubice\/wp-content\/uploads\/2024\/03\/Black-White-Modern-Handwritten-Square-Studio-Logo-7.png\" alt=\"\" class=\"wp-image-7514 size-full\" srcset=\"https:\/\/www.alliancefrancaise.cz\/pardubice\/wp-content\/uploads\/2024\/03\/Black-White-Modern-Handwritten-Square-Studio-Logo-7.png 500w, https:\/\/www.alliancefrancaise.cz\/pardubice\/wp-content\/uploads\/2024\/03\/Black-White-Modern-Handwritten-Square-Studio-Logo-7-460x460.png 460w, https:\/\/www.alliancefrancaise.cz\/pardubice\/wp-content\/uploads\/2024\/03\/Black-White-Modern-Handwritten-Square-Studio-Logo-7-150x150.png 150w, https:\/\/www.alliancefrancaise.cz\/pardubice\/wp-content\/uploads\/2024\/03\/Black-White-Modern-Handwritten-Square-Studio-Logo-7-440x440.png 440w\" sizes=\"auto, (max-width: 500px) 100vw, 500px\" \/><\/figure><div class=\"wp-block-media-text__content\">\n<p><strong>Florie<\/strong>            <strong>Muller <\/strong><\/p>\n\n\n\n<p>Enseignante<\/p>\n<\/div><\/div>\n<\/div>\n\n\n\n<div class=\"wp-block-column is-layout-flow wp-block-column-is-layout-flow\">\n<div class=\"wp-block-media-text is-stacked-on-mobile\"><figure class=\"wp-block-media-text__media\"><img loading=\"lazy\" decoding=\"async\" width=\"500\" height=\"500\" src=\"https:\/\/www.alliancefrancaise.cz\/pardubice\/wp-content\/uploads\/2024\/03\/Black-White-Modern-Handwritten-Square-Studio-Logo-8.png\" alt=\"\" class=\"wp-image-7516 size-full\" srcset=\"https:\/\/www.alliancefrancaise.cz\/pardubice\/wp-content\/uploads\/2024\/03\/Black-White-Modern-Handwritten-Square-Studio-Logo-8.png 500w, https:\/\/www.alliancefrancaise.cz\/pardubice\/wp-content\/uploads\/2024\/03\/Black-White-Modern-Handwritten-Square-Studio-Logo-8-460x460.png 460w, https:\/\/www.alliancefrancaise.cz\/pardubice\/wp-content\/uploads\/2024\/03\/Black-White-Modern-Handwritten-Square-Studio-Logo-8-150x150.png 150w, https:\/\/www.alliancefrancaise.cz\/pardubice\/wp-content\/uploads\/2024\/03\/Black-White-Modern-Handwritten-Square-Studio-Logo-8-440x440.png 440w\" sizes=\"auto, (max-width: 500px) 100vw, 500px\" \/><\/figure><div class=\"wp-block-media-text__content\">\n<p><strong>Alena     P\u0159\u00edhodov\u00e1<\/strong><\/p>\n\n\n\n<p>Enseignante<\/p>\n<\/div><\/div>\n<\/div>\n\n\n\n<div class=\"wp-block-column is-layout-flow wp-block-column-is-layout-flow\">\n<div class=\"wp-block-media-text is-stacked-on-mobile\"><figure class=\"wp-block-media-text__media\"><img loading=\"lazy\" decoding=\"async\" width=\"500\" height=\"500\" src=\"https:\/\/www.alliancefrancaise.cz\/pardubice\/wp-content\/uploads\/2024\/03\/Black-White-Modern-Handwritten-Square-Studio-Logo-9.png\" alt=\"\" class=\"wp-image-7518 size-full\" srcset=\"https:\/\/www.alliancefrancaise.cz\/pardubice\/wp-content\/uploads\/2024\/03\/Black-White-Modern-Handwritten-Square-Studio-Logo-9.png 500w, https:\/\/www.alliancefrancaise.cz\/pardubice\/wp-content\/uploads\/2024\/03\/Black-White-Modern-Handwritten-Square-Studio-Logo-9-460x460.png 460w, https:\/\/www.alliancefrancaise.cz\/pardubice\/wp-content\/uploads\/2024\/03\/Black-White-Modern-Handwritten-Square-Studio-Logo-9-150x150.png 150w, https:\/\/www.alliancefrancaise.cz\/pardubice\/wp-content\/uploads\/2024\/03\/Black-White-Modern-Handwritten-Square-Studio-Logo-9-440x440.png 440w\" sizes=\"auto, (max-width: 500px) 100vw, 500px\" \/><\/figure><div class=\"wp-block-media-text__content\">\n<p><strong>Corinne      <\/strong> <strong>   Veisy<\/strong><\/p>\n\n\n\n<p>Ancienne directrice et enseignante<\/p>\n<\/div><\/div>\n<\/div>\n<\/div>\n\n\n\n<div class=\"wp-block-columns is-layout-flex wp-container-core-columns-is-layout-9d6595d7 wp-block-columns-is-layout-flex\">\n<div class=\"wp-block-column is-layout-flow wp-block-column-is-layout-flow\">\n<p class=\"has-text-align-center\">Apr\u00e8s des \u00e9tudes en traduction et en p\u00e9dagogie, Florie a enseign\u00e9 le fran\u00e7ais en Allemagne, \u00e0 Ta\u00efwan et en Equateur avant de venir s&rsquo;installer en R\u00e9publique tch\u00e8que. Passionn\u00e9e de langues \u00e9trang\u00e8res, elle continue d&rsquo;apprendre autant qu&rsquo;elle   enseigne! Elle partage \u00e9galement avec plaisir son go\u00fbt pour la litt\u00e9rature, le cin\u00e9ma et la musique.<\/p>\n<\/div>\n\n\n\n<div class=\"wp-block-column is-layout-flow wp-block-column-is-layout-flow\">\n<p class=\"has-text-align-center\">Alena a un dipl\u00f4me de l\u00b4enseignement de la langue fran\u00e7aise et la langue tch\u00e8que (de l&rsquo;Universit\u00e9 Palack\u00fd Olomouc). Elle a travaill\u00e9 au lyc\u00e9e en tant que professeure de fran\u00e7ais pendant 18 ans et en m\u00eame temps elle a donn\u00e9 des cours de fran\u00e7ais dans divers \u00e9tablissements y compris l\u00b4Universit\u00e9 de Hradec Kr\u00e1lov\u00e9. Elle s&rsquo;est souvent impliqu\u00e9e dans des projets francophones comme le Festival du Th\u00e9\u00e2tre fran\u00e7ais des lyc\u00e9ens et coll\u00e9giens. Maintenant, elle donne des cours \u00e0 l\u00b4Alliance fran\u00e7aise en pr\u00e9sentiel ainsi qu\u00b4en ligne. Elle est titulaire du prix Chevalier dans l&rsquo;Ordre des Palmes acad\u00e9miques.<\/p>\n<\/div>\n\n\n\n<div class=\"wp-block-column is-layout-flow wp-block-column-is-layout-flow\">\n<p>J&rsquo;ai d\u00e9couvert le fran\u00e7ais pour la premi\u00e8re fois \u00e0 l&rsquo;\u00e2ge de 13 ans. Apr\u00e8s ces premi\u00e8res ann\u00e9es plut\u00f4t difficiles, j&rsquo;y ai pris go\u00fbt, j&rsquo;ai \u00e9tudi\u00e9 l&rsquo;Enseignement du fran\u00e7ais \u00e0 UHK et j&rsquo;ai pass\u00e9 un s\u00e9jour Erasmus \u00e0 l&rsquo;universit\u00e9 Paul Verlain de Metz. Aujourd&rsquo;hui, j\u00b4enseigne \u00e0 l&rsquo;Alliance fran\u00e7aise de Pardubice, qui repr\u00e9sente pour moi un lien important entre ma vie en RT et mon pays \u00e9tranger pr\u00e9f\u00e9r\u00e9. Le fran\u00e7ais m&rsquo;a s\u00e9duite par sa belle m\u00e9lodie et sa prononciation, et au fil du temps, je suis \u00e9galement tomb\u00e9e amoureuse de la gastronomie fran\u00e7aise, de sa culture, ses films d&rsquo;art et des voyages dans ce pays. La France, c&rsquo;est tout simplement l&rsquo;amour !<\/p>\n<\/div>\n<\/div>\n\n\n\n<h2 class=\"wp-block-heading\">Nos stagiaires<\/h2>\n\n\n\n<p>2024 : C\u00e9cile Costa, Laouen Gonzalez, Elma Maset, Gwenann Capitaine<\/p>\n\n\n\n<p>2023 : Lucile Charabot, Ad\u00e8le Durieu, Shaneze Guillon, Fantine Roin\u00e9<\/p>\n\n\n\n<p>2022 : <\/p>\n\n\n\n<h2 class=\"wp-block-heading\">Administratif <\/h2>\n\n\n\n<div class=\"wp-block-columns is-layout-flex wp-container-core-columns-is-layout-9d6595d7 wp-block-columns-is-layout-flex\">\n<div class=\"wp-block-column is-layout-flow wp-block-column-is-layout-flow\">\n<div class=\"wp-block-media-text is-stacked-on-mobile\"><figure class=\"wp-block-media-text__media\"><img loading=\"lazy\" decoding=\"async\" width=\"500\" height=\"500\" src=\"https:\/\/www.alliancefrancaise.cz\/pardubice\/wp-content\/uploads\/2024\/03\/Black-White-Modern-Handwritten-Square-Studio-Logo.png\" alt=\"\" class=\"wp-image-7500 size-full\" srcset=\"https:\/\/www.alliancefrancaise.cz\/pardubice\/wp-content\/uploads\/2024\/03\/Black-White-Modern-Handwritten-Square-Studio-Logo.png 500w, https:\/\/www.alliancefrancaise.cz\/pardubice\/wp-content\/uploads\/2024\/03\/Black-White-Modern-Handwritten-Square-Studio-Logo-460x460.png 460w, https:\/\/www.alliancefrancaise.cz\/pardubice\/wp-content\/uploads\/2024\/03\/Black-White-Modern-Handwritten-Square-Studio-Logo-150x150.png 150w, https:\/\/www.alliancefrancaise.cz\/pardubice\/wp-content\/uploads\/2024\/03\/Black-White-Modern-Handwritten-Square-Studio-Logo-440x440.png 440w\" sizes=\"auto, (max-width: 500px) 100vw, 500px\" \/><\/figure><div class=\"wp-block-media-text__content\">\n<p><strong>Jakub Vondrou\u0161<\/strong><\/p>\n\n\n\n<p>Directeur et enseignant<\/p>\n<\/div><\/div>\n<\/div>\n\n\n\n<div class=\"wp-block-column is-layout-flow wp-block-column-is-layout-flow\">\n<div class=\"wp-block-media-text is-stacked-on-mobile\"><figure class=\"wp-block-media-text__media\"><\/figure><div class=\"wp-block-media-text__content\">\n<p><strong>Ivona          Kopova<\/strong><\/p>\n\n\n\n<p>Comptable<\/p>\n<\/div><\/div>\n<\/div>\n\n\n\n<div class=\"wp-block-column is-layout-flow wp-block-column-is-layout-flow\">\n<div class=\"wp-block-media-text is-stacked-on-mobile\"><figure class=\"wp-block-media-text__media\"><\/figure><div class=\"wp-block-media-text__content\">\n<p><strong>Svitlana     Shuima<\/strong><\/p>\n\n\n\n<p>Ukl\u00edze\u010dka<\/p>\n<\/div><\/div>\n<\/div>\n<\/div>\n\n\n\n<div class=\"wp-block-columns is-layout-flex wp-container-core-columns-is-layout-9d6595d7 wp-block-columns-is-layout-flex\">\n<div class=\"wp-block-column is-layout-flow wp-block-column-is-layout-flow\">\n<p class=\"has-text-align-center\"><\/p>\n<\/div>\n\n\n\n<div class=\"wp-block-column is-layout-flow wp-block-column-is-layout-flow\"><\/div>\n\n\n\n<div class=\"wp-block-column is-layout-flow wp-block-column-is-layout-flow\"><\/div>\n<\/div>\n","protected":false},"excerpt":{"rendered":"<p>Frank Bardelletti Enseignant Pavl\u00edna Hoskovcov\u00e1 Enseignante Aneta Kirchnerov\u00e1 Enseignante J&rsquo;ai d\u00e9couvert le fran\u00e7ais pour la premi\u00e8re fois \u00e0 l&rsquo;\u00e2ge de 13 ans. Apr\u00e8s ces premi\u00e8res ann\u00e9es plut\u00f4t difficiles,&#8230;<\/p>\n","protected":false},"author":4,"featured_media":0,"parent":0,"menu_order":0,"comment_status":"closed","ping_status":"closed","template":"","meta":{"_acf_changed":false,"footnotes":""},"class_list":["post-6959","page","type-page","status-publish","hentry"],"acf":[],"_links":{"self":[{"href":"https:\/\/www.alliancefrancaise.cz\/pardubice\/fr\/wp-json\/wp\/v2\/pages\/6959","targetHints":{"allow":["GET"]}}],"collection":[{"href":"https:\/\/www.alliancefrancaise.cz\/pardubice\/fr\/wp-json\/wp\/v2\/pages"}],"about":[{"href":"https:\/\/www.alliancefrancaise.cz\/pardubice\/fr\/wp-json\/wp\/v2\/types\/page"}],"author":[{"embeddable":true,"href":"https:\/\/www.alliancefrancaise.cz\/pardubice\/fr\/wp-json\/wp\/v2\/users\/4"}],"replies":[{"embeddable":true,"href":"https:\/\/www.alliancefrancaise.cz\/pardubice\/fr\/wp-json\/wp\/v2\/comments?post=6959"}],"version-history":[{"count":5,"href":"https:\/\/www.alliancefrancaise.cz\/pardubice\/fr\/wp-json\/wp\/v2\/pages\/6959\/revisions"}],"predecessor-version":[{"id":20434,"href":"https:\/\/www.alliancefrancaise.cz\/pardubice\/fr\/wp-json\/wp\/v2\/pages\/6959\/revisions\/20434"}],"wp:attachment":[{"href":"https:\/\/www.alliancefrancaise.cz\/pardubice\/fr\/wp-json\/wp\/v2\/media?parent=6959"}],"curies":[{"name":"wp","href":"https:\/\/api.w.org\/{rel}","templated":true}]}}