{"id":6992,"date":"2023-10-09T13:14:02","date_gmt":"2023-10-09T11:14:02","guid":{"rendered":"https:\/\/www.alliancefrancaise.cz\/pardubice\/?page_id=6992"},"modified":"2024-05-07T15:41:20","modified_gmt":"2024-05-07T13:41:20","slug":"les-examens-delf-et-dalf","status":"publish","type":"page","link":"https:\/\/www.alliancefrancaise.cz\/pardubice\/fr\/les-examens-delf-et-dalf\/","title":{"rendered":"Les examens DELF et DALF"},"content":{"rendered":"\n<p>L\u2019Alliance Fran\u00e7aise de Pardubice est le seul centre agr\u00e9\u00e9 pour le passage des examens DELF et DALF en Boh\u00eame Orientale. Elle propose \u00e9galement des cours d\u00e9di\u00e9s \u00e0 la pr\u00e9paration des examens DELF.<\/p>\n\n\n\n<p>Le DELF (Dipl\u00f4me d\u2019\u00c9tudes en Langue Fran\u00e7aise) et le DALF (Dipl\u00f4me Approfondi de Langue Fran\u00e7aise) sont des dipl\u00f4mes certifiant la connaissance de la langue fran\u00e7aise. D\u00e9cern\u00e9s par le Minist\u00e8re fran\u00e7ais de l\u2019\u00c9ducation nationale, ils correspondent aux crit\u00e8res du Cadre Europ\u00e9en commun de r\u00e9f\u00e9rence pour l\u2019apprentissage des langues, qui divise l\u2019apprentissage en six niveaux : A1-A2-B1-B2-C1-C2. <\/p>\n\n\n\n<p>Quatre comp\u00e9tences linguistiques sont \u00e9valu\u00e9es :La compr\u00e9hension orale, la compr\u00e9hension \u00e9crite, l\u2019expression orale, l\u2019expression \u00e9crite.<\/p>\n\n\n\n<p>Vous voulez pr\u00e9parer votre passage d\u2019un examen ? Inscrivez-vous au cours de pr\u00e9paration au DELF et au DALF propos\u00e9s par l\u2019Alliance fran\u00e7aise de Pardubice.<\/p>\n\n\n\n<div style=\"height:31px\" aria-hidden=\"true\" class=\"wp-block-spacer\"><\/div>\n\n\n\n<p class=\"has-medium-font-size\"><strong>DELF Tout Public<\/strong><\/p>\n\n\n\n<figure class=\"wp-block-image size-large is-resized\"><img loading=\"lazy\" decoding=\"async\" width=\"1360\" height=\"262\" src=\"https:\/\/www.alliancefrancaise.cz\/pardubice\/wp-content\/uploads\/2024\/02\/FEI_DELF_RVB-1360x262.png\" alt=\"\" class=\"wp-image-7171\" style=\"width:188px;height:auto\" srcset=\"https:\/\/www.alliancefrancaise.cz\/pardubice\/wp-content\/uploads\/2024\/02\/FEI_DELF_RVB-1360x262.png 1360w, https:\/\/www.alliancefrancaise.cz\/pardubice\/wp-content\/uploads\/2024\/02\/FEI_DELF_RVB-460x89.png 460w, https:\/\/www.alliancefrancaise.cz\/pardubice\/wp-content\/uploads\/2024\/02\/FEI_DELF_RVB-768x148.png 768w\" sizes=\"auto, (max-width: 1360px) 100vw, 1360px\" \/><\/figure>\n\n\n\n<p>L&rsquo;examen est destin\u00e9 au grand public.<\/p>\n\n\n\n<p>L&rsquo;examen couvre les niveaux A1 \u00e0 B2.<\/p>\n\n\n\n<p><\/p>\n\n\n\n<p class=\"has-medium-font-size\"><strong>DELF Scolaire<\/strong><\/p>\n\n\n\n<figure class=\"wp-block-image size-large is-resized\"><img loading=\"lazy\" decoding=\"async\" width=\"1360\" height=\"310\" src=\"https:\/\/www.alliancefrancaise.cz\/pardubice\/wp-content\/uploads\/2024\/02\/FEI_DELF_Scolaire_RVB-1360x310.png\" alt=\"\" class=\"wp-image-7174\" style=\"width:195px;height:auto\" srcset=\"https:\/\/www.alliancefrancaise.cz\/pardubice\/wp-content\/uploads\/2024\/02\/FEI_DELF_Scolaire_RVB-1360x310.png 1360w, https:\/\/www.alliancefrancaise.cz\/pardubice\/wp-content\/uploads\/2024\/02\/FEI_DELF_Scolaire_RVB-460x105.png 460w, https:\/\/www.alliancefrancaise.cz\/pardubice\/wp-content\/uploads\/2024\/02\/FEI_DELF_Scolaire_RVB-768x175.png 768w, https:\/\/www.alliancefrancaise.cz\/pardubice\/wp-content\/uploads\/2024\/02\/FEI_DELF_Scolaire_RVB.png 1734w\" sizes=\"auto, (max-width: 1360px) 100vw, 1360px\" \/><\/figure>\n\n\n\n<p>L&rsquo;examen DELF scolaire est pass\u00e9 par les \u00e9l\u00e8ves de 2\u00e8me primaire et les lyc\u00e9ens. Les devoirs d&rsquo;examen sont adapt\u00e9s \u00e0 un public scolaire.<\/p>\n\n\n\n<p>L&rsquo;examen couvre les niveaux A1 \u00e0 B2.<\/p>\n\n\n\n<p><\/p>\n\n\n\n<p class=\"has-medium-font-size\"><strong>DELF Junior<\/strong><\/p>\n\n\n\n<figure class=\"wp-block-image size-large is-resized\"><img loading=\"lazy\" decoding=\"async\" width=\"1360\" height=\"317\" src=\"https:\/\/www.alliancefrancaise.cz\/pardubice\/wp-content\/uploads\/2024\/02\/FEI_DELF_junior_RVB-1360x317.png\" alt=\"\" class=\"wp-image-7176\" style=\"width:193px;height:auto\" srcset=\"https:\/\/www.alliancefrancaise.cz\/pardubice\/wp-content\/uploads\/2024\/02\/FEI_DELF_junior_RVB-1360x317.png 1360w, https:\/\/www.alliancefrancaise.cz\/pardubice\/wp-content\/uploads\/2024\/02\/FEI_DELF_junior_RVB-460x107.png 460w, https:\/\/www.alliancefrancaise.cz\/pardubice\/wp-content\/uploads\/2024\/02\/FEI_DELF_junior_RVB-768x179.png 768w, https:\/\/www.alliancefrancaise.cz\/pardubice\/wp-content\/uploads\/2024\/02\/FEI_DELF_junior_RVB.png 1696w\" sizes=\"auto, (max-width: 1360px) 100vw, 1360px\" \/><\/figure>\n\n\n\n<p>Les examens du DELF junior, comme les examens du DELF scolaire, sont destin\u00e9s sp\u00e9cifiquement aux \u00e9l\u00e8ves de 2e ann\u00e9e du primaire et du secondaire.<\/p>\n\n\n\n<p>L&rsquo;examen couvre les niveaux A1 \u00e0 B2.<\/p>\n\n\n\n<p><\/p>\n\n\n\n<p class=\"has-medium-font-size\"><strong>DELF Prim<\/strong><\/p>\n\n\n\n<figure class=\"wp-block-image size-large is-resized\"><img loading=\"lazy\" decoding=\"async\" width=\"1360\" height=\"316\" src=\"https:\/\/www.alliancefrancaise.cz\/pardubice\/wp-content\/uploads\/2024\/02\/FEI_DELF_Prim_RVB-1360x316.png\" alt=\"\" class=\"wp-image-7178\" style=\"width:190px;height:auto\" srcset=\"https:\/\/www.alliancefrancaise.cz\/pardubice\/wp-content\/uploads\/2024\/02\/FEI_DELF_Prim_RVB-1360x316.png 1360w, https:\/\/www.alliancefrancaise.cz\/pardubice\/wp-content\/uploads\/2024\/02\/FEI_DELF_Prim_RVB-460x107.png 460w, https:\/\/www.alliancefrancaise.cz\/pardubice\/wp-content\/uploads\/2024\/02\/FEI_DELF_Prim_RVB-768x178.png 768w, https:\/\/www.alliancefrancaise.cz\/pardubice\/wp-content\/uploads\/2024\/02\/FEI_DELF_Prim_RVB.png 1700w\" sizes=\"auto, (max-width: 1360px) 100vw, 1360px\" \/><\/figure>\n\n\n\n<p>Les examens DELF Prim sont destin\u00e9s aux \u00e9l\u00e8ves de 1\u00e8re ann\u00e9e du primaire.<\/p>\n\n\n\n<p>L&rsquo;examen couvre les niveaux A1.1, A1 et A2.<\/p>\n\n\n\n<p><\/p>\n\n\n\n<p class=\"has-medium-font-size\"><strong>DALF<\/strong><\/p>\n\n\n\n<figure class=\"wp-block-image size-large is-resized\"><img loading=\"lazy\" decoding=\"async\" width=\"1360\" height=\"264\" src=\"https:\/\/www.alliancefrancaise.cz\/pardubice\/wp-content\/uploads\/2024\/02\/DALF-1360x264.png\" alt=\"\" class=\"wp-image-7180\" style=\"width:202px;height:auto\" srcset=\"https:\/\/www.alliancefrancaise.cz\/pardubice\/wp-content\/uploads\/2024\/02\/DALF-1360x264.png 1360w, https:\/\/www.alliancefrancaise.cz\/pardubice\/wp-content\/uploads\/2024\/02\/DALF-460x89.png 460w, https:\/\/www.alliancefrancaise.cz\/pardubice\/wp-content\/uploads\/2024\/02\/DALF-768x149.png 768w\" sizes=\"auto, (max-width: 1360px) 100vw, 1360px\" \/><\/figure>\n\n\n\n<p>L&rsquo;examen est destin\u00e9 au grand public.<\/p>\n\n\n\n<p>L&rsquo;examen couvre les niveaux C1 et C2.<\/p>\n\n\n\n<div style=\"height:31px\" aria-hidden=\"true\" class=\"wp-block-spacer\"><\/div>\n\n\n\n<p>Vous pouvez vous inscrire aux examens DELF JUNIOR et DELF\/DALF TOUT PUBLIC en remplissant le formulaire ci-dessous. Vous recevrez des informations sur le mode de paiement apr\u00e8s votre inscription. Votre inscription sera finalis\u00e9e d\u00e8s r\u00e9ception du paiement.<\/p>\n\n\n\n<div class=\"wp-block-buttons is-layout-flex wp-block-buttons-is-layout-flex\">\n<div class=\"wp-block-button\"><a class=\"wp-block-button__link wp-element-button\" href=\"https:\/\/inscrire.hanaf.net\/delfdalf\/pardubice.php\" target=\"_blank\" rel=\"noopener\">Formulaire d&rsquo;inscription DELF\/DALF<\/a><\/div>\n<\/div>\n","protected":false},"excerpt":{"rendered":"<p>L\u2019Alliance Fran\u00e7aise de Pardubice est le seul centre agr\u00e9\u00e9 pour le passage des examens DELF et DALF en Boh\u00eame Orientale. Elle propose \u00e9galement des cours d\u00e9di\u00e9s \u00e0 la&#8230;<\/p>\n","protected":false},"author":4,"featured_media":0,"parent":0,"menu_order":0,"comment_status":"closed","ping_status":"closed","template":"","meta":{"_acf_changed":false,"footnotes":""},"class_list":["post-6992","page","type-page","status-publish","hentry"],"acf":[],"_links":{"self":[{"href":"https:\/\/www.alliancefrancaise.cz\/pardubice\/fr\/wp-json\/wp\/v2\/pages\/6992","targetHints":{"allow":["GET"]}}],"collection":[{"href":"https:\/\/www.alliancefrancaise.cz\/pardubice\/fr\/wp-json\/wp\/v2\/pages"}],"about":[{"href":"https:\/\/www.alliancefrancaise.cz\/pardubice\/fr\/wp-json\/wp\/v2\/types\/page"}],"author":[{"embeddable":true,"href":"https:\/\/www.alliancefrancaise.cz\/pardubice\/fr\/wp-json\/wp\/v2\/users\/4"}],"replies":[{"embeddable":true,"href":"https:\/\/www.alliancefrancaise.cz\/pardubice\/fr\/wp-json\/wp\/v2\/comments?post=6992"}],"version-history":[{"count":6,"href":"https:\/\/www.alliancefrancaise.cz\/pardubice\/fr\/wp-json\/wp\/v2\/pages\/6992\/revisions"}],"predecessor-version":[{"id":19838,"href":"https:\/\/www.alliancefrancaise.cz\/pardubice\/fr\/wp-json\/wp\/v2\/pages\/6992\/revisions\/19838"}],"wp:attachment":[{"href":"https:\/\/www.alliancefrancaise.cz\/pardubice\/fr\/wp-json\/wp\/v2\/media?parent=6992"}],"curies":[{"name":"wp","href":"https:\/\/api.w.org\/{rel}","templated":true}]}}