{"id":16351,"date":"2026-02-05T14:51:46","date_gmt":"2026-02-05T13:51:46","guid":{"rendered":"https:\/\/www.alliancefrancaise.cz\/plzen\/?post_type=kultura&#038;p=16351"},"modified":"2026-03-25T09:58:34","modified_gmt":"2026-03-25T08:58:34","slug":"dny-frankofonie-2026","status":"publish","type":"kultura","link":"https:\/\/www.alliancefrancaise.cz\/plzen\/kultura\/dny-frankofonie-2026\/","title":{"rendered":"Dny Frankofonie 2026"},"content":{"rendered":"\n<div class=\"wp-block-columns alignwide has-background is-layout-flex wp-container-core-columns-is-layout-9d6595d7 wp-block-columns-is-layout-flex\" style=\"background:linear-gradient(135deg,rgb(246,246,246) 0%,rgb(246,246,246) 100%)\">\n<div class=\"wp-block-column is-layout-flow wp-block-column-is-layout-flow\" style=\"flex-basis:20%\">\n<figure class=\"wp-block-image size-full\"><img loading=\"lazy\" decoding=\"async\" width=\"186\" height=\"374\" src=\"https:\/\/www.alliancefrancaise.cz\/plzen\/wp-content\/uploads\/2026\/02\/image.png\" alt=\"\" class=\"wp-image-16355\"\/><\/figure>\n<\/div>\n\n\n\n<div class=\"wp-block-column is-layout-flow wp-block-column-is-layout-flow\">\n<h3 class=\"wp-block-heading\">4. b\u0159ezna &#8211; 31. b\u0159ezna 2026 | B\u011bhem otev\u00edrac\u00ed doby<\/h3>\n\n\n\n<h4 class=\"wp-block-heading\"><mark style=\"background-color:rgba(0, 0, 0, 0)\" class=\"has-inline-color has-color-text-color\">V\u00fdstava fotografi\u00ed Gustava \u0160lechty &#8211; Na skok do Francie<\/mark><\/h4>\n\n\n\n<p>\ud83d\udccd videos\u00e1l N\u011bmeck\u00e9 a Rakousk\u00e9 knihovny SVK PK, n\u00e1m. Republiky 12<\/p>\n\n\n\n<p>V\u00fdstava slo\u017eena z vybran\u00fdch fotografi\u00ed, kter\u00e9 v\u00e1s na chv\u00edli vt\u00e1hnou do atmosf\u00e9ry Francie. Byly po\u0159izovan\u00e9 autorem od roku 1990 z jeho t\u00e9m\u011b\u0159 ka\u017edoro\u010dn\u00edch cest do Francie. P\u0159ev\u00e1\u017en\u011b jde o v\u00fdtvarn\u011b zpracovan\u00e9 dokumenty z r\u016fzn\u00fdch francouzsk\u00fdch region\u016f.<\/p>\n\n\n\n<p><strong>Vstupn\u00e9<\/strong>: zdarma<\/p>\n<\/div>\n<\/div>\n\n\n\n<div class=\"wp-block-columns is-layout-flex wp-container-core-columns-is-layout-9d6595d7 wp-block-columns-is-layout-flex\">\n<div class=\"wp-block-column is-layout-flow wp-block-column-is-layout-flow\">\n<div class=\"wp-block-group\"><div class=\"wp-block-group__inner-container is-layout-constrained wp-block-group-is-layout-constrained\">\n<h3 class=\"wp-block-heading\">4. b\u0159ezna 2026 | 18:00<\/h3>\n\n\n\n<h4 class=\"wp-block-heading\"><mark style=\"background-color:rgba(0, 0, 0, 0)\" class=\"has-inline-color has-color-text-color\">Rendez-vous fran\u00e7ais<\/mark><\/h4>\n\n\n\n<p>\ud83d\udccd Fine France, Skr\u00e9tova 28, 301 00 Plze\u0148 3<\/p>\n\n\n\n<p>Zveme v\u00e1s na Rendez-vous fran\u00e7ais, na volnou konverzaci ve francouz\u0161tin\u011b, b\u011bhem kter\u00e9 se se sklenkou v\u00edna setk\u00e1v\u00e1 francouzsk\u00e1 komunita s tou \u010deskou. Akce se kon\u00e1 ve francouzsk\u00e9 vin\u00e1rn\u011b Fine France, kter\u00e1 nab\u00edz\u00ed i francouzsk\u00e9 speciality k j\u00eddlu.<\/p>\n\n\n\n<p><strong>Vstupn\u00e9<\/strong>: zdarma, plat\u00ed se vlastn\u00ed konzumace<\/p>\n<\/div><\/div>\n<\/div>\n\n\n\n<div class=\"wp-block-column is-layout-flow wp-block-column-is-layout-flow\">\n<div class=\"wp-block-group\"><div class=\"wp-block-group__inner-container is-layout-constrained wp-block-group-is-layout-constrained\">\n<h3 class=\"wp-block-heading\">10. b\u0159ezna 2026 | 17:00<\/h3>\n\n\n\n<h4 class=\"wp-block-heading\"><mark style=\"background-color:rgba(0, 0, 0, 0)\" class=\"has-inline-color has-color-text-color\">Chvilka s poh\u00e1dkou<\/mark><\/h4>\n\n\n\n<p>\ud83d\udccd Alliance Fran\u00e7aise de Plze\u0148, n\u00e1m. Republiky 12, 301 00 Plze\u0148<\/p>\n\n\n\n<p>Srde\u010dn\u011b v\u00e1s zveme na ji\u017e tradi\u010dn\u00ed akci Chvilka s poh\u00e1dkou, kter\u00e1 je ur\u010dena pro mal\u00e9 i velk\u00e9 div\u00e1ky.<br>P\u0159\u00edb\u011bhy jsou \u010dten\u00e9 dvojjazy\u010dn\u011b ve francouz\u0161tin\u011b a \u010de\u0161tin\u011b. \ud83d\udcda<br>Vypr\u00e1v\u011bj\u00ed a hraj\u00ed je lektorky a \u010dlenky Alliance Fran\u00e7aise de Plze\u0148. B\u011bhem p\u0159edstaven\u00ed zp\u00edv\u00e1me tradi\u010dn\u00ed francouzsk\u00e9 p\u00edsni\u010dky pro d\u011bti a m\u00e1me spoustu prostoru i pro tanec. \ud83c\udfb6\ud83d\udc83<\/p>\n\n\n\n<p><strong>Vstupn\u00e9<\/strong>: zdarma<\/p>\n<\/div><\/div>\n<\/div>\n<\/div>\n\n\n\n<div class=\"wp-block-columns is-layout-flex wp-container-core-columns-is-layout-9d6595d7 wp-block-columns-is-layout-flex\">\n<div class=\"wp-block-column is-layout-flow wp-block-column-is-layout-flow\">\n<div class=\"wp-block-group\"><div class=\"wp-block-group__inner-container is-layout-constrained wp-block-group-is-layout-constrained\">\n<h3 class=\"wp-block-heading\">11. b\u0159ezna 2026 | 17:00<\/h3>\n\n\n\n<h4 class=\"wp-block-heading\"><mark style=\"background-color:rgba(0, 0, 0, 0)\" class=\"has-inline-color has-color-text-color\"><mark style=\"background-color:rgba(0, 0, 0, 0)\" class=\"has-inline-color has-color-text-color\">Hv\u011bzdn\u00e1 noc nad Rhonou<\/mark><\/mark><\/h4>\n\n\n\n<p>\ud83d\udccd Alliance Fran\u00e7aise de Plze\u0148, n\u00e1m. Republiky 12, 301 00 Plze\u0148<\/p>\n\n\n\n<p>B\u011bhem autorsk\u00e9ho \u010dten\u00ed z rom\u00e1nu Hv\u011bzdn\u00e1 noc nad Rh\u00f4nou plze\u0148sk\u00e9 spisovatelky Heleny \u017d\u00e1kov\u00e9 n\u00e1v\u0161t\u011bvn\u00edci nasaj\u00ed atmosf\u00e9ru p\u0159\u00edb\u011bhu, kter\u00fd se odehr\u00e1v\u00e1 v malebn\u00e9 francouzsk\u00e9 Provence. \u010cten\u00e9 \u00faryvky bude doprov\u00e1zet koment\u00e1\u0159 k inspira\u010dn\u00edm zdroj\u016fm rom\u00e1nu, p\u0159edev\u0161\u00edm k lokalit\u00e1m na jihu Francie, kam je p\u0159\u00edb\u011bh zasazen, ale tak\u00e9 k obraz\u016fm Vincenta van Gogha, jeho\u017e odkaz knihu prov\u00e1z\u00ed.<\/p>\n\n\n\n<p><strong>Vstupn\u00e9<\/strong>: 70 K\u010d, 50 K\u010d pro \u010dleny AF<\/p>\n<\/div><\/div>\n<\/div>\n\n\n\n<div class=\"wp-block-column is-layout-flow wp-block-column-is-layout-flow\">\n<div class=\"wp-block-group\"><div class=\"wp-block-group__inner-container is-layout-constrained wp-block-group-is-layout-constrained\">\n<h3 class=\"wp-block-heading\">13. b\u0159ezna 2026 | 19:00<\/h3>\n\n\n\n<h4 class=\"wp-block-heading\"><mark style=\"background-color:rgba(0, 0, 0, 0)\" class=\"has-inline-color has-color-text-color\">P\u00e1te\u010dn\u00ed Gourmand: Raclette<\/mark><\/h4>\n\n\n\n<p>\ud83d\udccd Fine France, Skr\u00e9tova 28, 301 00 Plze\u0148 3<\/p>\n\n\n\n<p>P\u00e1te\u010dn\u00ed Gourmand je pravideln\u00e1 gurm\u00e1nsk\u00e1 s\u00e9rie ve Fine France, kter\u00e1 spojuje francouzskou kuchyni s p\u0159\u00edjemnou atmosf\u00e9rou. Tentokr\u00e1t se sejdeme na raclette: roztaven\u00fd s\u00fdr s p\u0159\u00edlohou. V cen\u011b je tak\u00e9 sklenka v\u00edna na osobu.<\/p>\n\n\n\n<p><strong>Rezervace<\/strong>: <a href=\"https:\/\/www.finefrance.cz\/eshop\" target=\"_blank\" rel=\"noopener\">https:\/\/www.finefrance.cz\/eshop<\/a> nebo e-mailem na finefrance@email.cz (390 K\u010d za rezervaci placen\u00e9 p\u0159edem na webu, nevratn\u00e9 v p\u0159\u00edpad\u011b zru\u0161en\u00ed)<\/p>\n\n\n\n<p><strong>Vstupn\u00e9<\/strong>: 469 K\u010d<\/p>\n<\/div><\/div>\n<\/div>\n<\/div>\n\n\n\n<div class=\"wp-block-columns is-layout-flex wp-container-core-columns-is-layout-9d6595d7 wp-block-columns-is-layout-flex\">\n<div class=\"wp-block-column is-layout-flow wp-block-column-is-layout-flow\">\n<div class=\"wp-block-group\"><div class=\"wp-block-group__inner-container is-layout-constrained wp-block-group-is-layout-constrained\">\n<h3 class=\"wp-block-heading\">19. b\u0159ezna 2026 | 18:00<\/h3>\n\n\n\n<h4 class=\"wp-block-heading\"><mark style=\"background-color:rgba(0, 0, 0, 0)\" class=\"has-inline-color has-color-text-color\">Ochutn\u00e1vka v\u00edn z Languedoku<\/mark><\/h4>\n\n\n\n<p>\ud83d\udccd Alliance Fran\u00e7aise de Plze\u0148, n\u00e1m. Republiky 12, 301 00 Plze\u0148<\/p>\n\n\n\n<p>Zveme v\u00e1s na ochutn\u00e1vku v\u00edn, kterou povede Sylvain Prudhomme, majitel baru Fine France. Budou se pod\u00e1vat v\u00edna z Languedoku (apelace Cabard\u00e8s a IGP M\u00e9diterran\u00e9e). V\u00edna poch\u00e1zej\u00ed z vina\u0159stv\u00ed Domaine Salitis. K v\u00edn\u016fm budou pod\u00e1v\u00e1ny ob\u010derstven\u00ed. Akci bude po\u0159\u00e1dat dcera Vina\u0159e.<\/p>\n\n\n\n<p><strong>Rezervace<\/strong>: <a href=\"https:\/\/www.finefrance.cz\/eshop\" target=\"_blank\" rel=\"noopener\">https:\/\/www.finefrance.cz\/eshop<\/a> nebo e-mailem na finefrance@email.cz (690 K\u010d za rezervaci placen\u00e9 p\u0159edem na webu, nevratn\u00e9 v p\u0159\u00edpad\u011b zru\u0161en\u00ed)<\/p>\n\n\n\n<p><strong>Vstupn\u00e9<\/strong>: 790 K\u010d<\/p>\n<\/div><\/div>\n<\/div>\n\n\n\n<div class=\"wp-block-column is-layout-flow wp-block-column-is-layout-flow\">\n<div class=\"wp-block-group\"><div class=\"wp-block-group__inner-container is-layout-constrained wp-block-group-is-layout-constrained\">\n<h3 class=\"wp-block-heading\">23. b\u0159ezna 2026 | 10:00<\/h3>\n\n\n\n<h4 class=\"wp-block-heading\"><mark style=\"background-color:rgba(0, 0, 0, 0)\" class=\"has-inline-color has-color-text-color\"><mark style=\"background-color:rgba(0, 0, 0, 0)\" class=\"has-inline-color has-color-text-color\">Le Petit Rendez-vous<\/mark><\/mark><\/h4>\n\n\n\n<p>\ud83d\udccd Alliance Fran\u00e7aise de Plze\u0148, n\u00e1m. Republiky 12, 301 00 Plze\u0148<\/p>\n\n\n\n<p>Setk\u00e1n\u00ed pro rodi\u010de s mal\u00fdmi d\u011btmi, kte\u0159\u00ed si cht\u011bj\u00ed v p\u0159\u00edjemn\u00e9 a podporuj\u00edc\u00ed atmosf\u00e9\u0159e procvi\u010dit francouz\u0161tinu \u2013 a to bez nutnosti zaji\u0161\u0165ovat hl\u00edd\u00e1n\u00ed pro ratolesti.<br>\u010cek\u00e1 v\u00e1s spole\u010dn\u00fd \u010das u dobr\u00e9 k\u00e1vy, lehk\u00e9 ob\u010derstven\u00ed a konverzace.<br>Prvn\u00ed \u010d\u00e1st setk\u00e1n\u00ed je neform\u00e1ln\u00ed pov\u00edd\u00e1n\u00ed v \u010de\u0161tin\u011b, pot\u00e9 se budeme v\u011bnovat p\u0159ipraven\u00e9mu t\u00e9matu a aktivit\u00e1m ve francouz\u0161tin\u011b.<br>D\u011btem je po celou dobu k dispozici d\u011btsk\u00fd koutek ve stejn\u00e9m prostoru, tak\u017ee jsme st\u00e1le spolu.<\/p>\n\n\n\n<p><strong>Vstupn\u00e9<\/strong>: 100 K\u010d<\/p>\n<\/div><\/div>\n<\/div>\n<\/div>\n\n\n\n<div class=\"wp-block-columns is-layout-flex wp-container-core-columns-is-layout-9d6595d7 wp-block-columns-is-layout-flex\">\n<div class=\"wp-block-column is-layout-flow wp-block-column-is-layout-flow\">\n<div class=\"wp-block-group\"><div class=\"wp-block-group__inner-container is-layout-constrained wp-block-group-is-layout-constrained\">\n<h3 class=\"wp-block-heading\">27. b\u0159ezna 2026 | 19:00<\/h3>\n\n\n\n<h4 class=\"wp-block-heading\">VYPROD\u00c1NO<mark style=\"background-color:rgba(0, 0, 0, 0)\" class=\"has-inline-color has-color-text-color\"><mark style=\"background-color:rgba(0, 0, 0, 0)\" class=\"has-inline-color has-color-text-color\"><mark style=\"background-color:rgba(0, 0, 0, 0)\" class=\"has-inline-color has-color-text-color\">P\u00e1te\u010dn\u00ed Gourmand: Fondue<\/mark><\/mark><\/mark><\/h4>\n\n\n\n<p>\ud83d\udccd Fine France, Skr\u00e9tova 28, 301 00 Plze\u0148 3<\/p>\n<\/div><\/div>\n\n\n\n<p><strong><mark style=\"background-color:rgba(0, 0, 0, 0)\" class=\"has-inline-color has-red-color\">Na fondue ve st\u0159edu 27. b\u0159ezna ji\u017e nejsou voln\u00e1 m\u00edsta. Pokud m\u00e1te z\u00e1jem, m\u016f\u017eete zavolat a rezervovat si m\u00edsto na n\u00e1sleduj\u00edc\u00ed sobotu 28. b\u0159ezna (mo\u017enost dal\u0161\u00edho fondue). Kontakt najdete na str\u00e1nk\u00e1ch Fine France zde: <a href=\"https:\/\/www.finefrance.cz\/kontakt?fbclid=IwZXh0bgNhZW0CMTAAYnJpZBExaEh5UEpjVzlaNURZRTJBVnNydGMGYXBwX2lkEDIyMjAzOTE3ODgyMDA4OTIAAR7XdfH5N4_APMTeJDPLdluu1Mciwhp2MoL4jfQrUopzfxSdGwtQg4AxxTJiHg_aem_51ipmO5ALBmfeyesF39v_A\" target=\"_blank\" rel=\"noreferrer noopener\">https:\/\/www.finefrance.cz\/kontakt<\/a><\/mark><\/strong><\/p>\n\n\n\n<div class=\"wp-block-group\"><div class=\"wp-block-group__inner-container is-layout-constrained wp-block-group-is-layout-constrained\">\n<p>P\u00e1te\u010dn\u00ed Gourmand je pravideln\u00e1 gurm\u00e1nsk\u00e1 s\u00e9rie ve Fine France, kter\u00e1 spojuje francouzskou kuchyni s p\u0159\u00edjemnou atmosf\u00e9rou. Tentokr\u00e1t se sejdeme na fondue: kousky chleba nam\u00e1\u010den\u00e9 v roztaven\u00e9m s\u00fdru. V cen\u011b je tak\u00e9 sklenka v\u00edna na osobu.<\/p>\n\n\n\n<p><strong>Rezervace<\/strong>: <a href=\"https:\/\/www.finefrance.cz\/eshop\" target=\"_blank\" rel=\"noopener\">https:\/\/www.finefrance.cz\/eshop<\/a> nebo e-mailem na finefrance@email.cz (390 K\u010d za rezervaci placen\u00e9 p\u0159edem na webu, nevratn\u00e9 v p\u0159\u00edpad\u011b zru\u0161en\u00ed)<\/p>\n\n\n\n<p><strong>Vstupn\u00e9<\/strong>: 469 K\u010d<\/p>\n<\/div><\/div>\n<\/div>\n\n\n\n<div class=\"wp-block-column is-layout-flow wp-block-column-is-layout-flow\">\n<div class=\"wp-block-group\"><div class=\"wp-block-group__inner-container is-layout-constrained wp-block-group-is-layout-constrained\">\n<h3 class=\"wp-block-heading\">31. b\u0159ezna 2026 | 19:00<\/h3>\n\n\n\n<h4 class=\"wp-block-heading\"><mark style=\"background-color:rgba(0, 0, 0, 0)\" class=\"has-inline-color has-color-text-color\"><mark style=\"background-color:rgba(0, 0, 0, 0)\" class=\"has-inline-color has-color-text-color\">Vina\u0159sk\u00fd kv\u00edz s ochutn\u00e1vkou<\/mark><\/mark><\/h4>\n\n\n\n<p>\ud83d\udccd Alliance Fran\u00e7aise de Plze\u0148, n\u00e1m. Republiky 12, 301 00 Plze\u0148<\/p>\n\n\n\n<p>P\u0159ij\u010fte ochutnat vynikaj\u00edc\u00ed v\u00edna z \u010cesk\u00e9 republiky, Francie i jin\u00fdch kout\u016f Evropy v\u010detn\u011b Kan\u00e1rsk\u00fdch ostrov\u016f a z\u00e1rove\u0148 si vyzkou\u0161et sv\u00e9 chu\u0165ov\u00e9 bu\u0148ky. Nep\u016fjde o sout\u011b\u017e, ale o hrav\u00e9 gastronomick\u00e9 dobrodru\u017estv\u00ed! V cen\u011b ob\u010derstven\u00ed. Ve\u010derem provedou Zbyn\u011bk Ka\u0161par a Vladislav \u0160trb\u00e1\u0148.<\/p>\n\n\n\n<p><strong>Vstupn\u00e9<\/strong>: 690 K\u010d, rezervace na: <a href=\"mailto:kaspar.zbynek@seznam.cz\">kaspar.zbynek@seznam.cz<\/a><\/p>\n<\/div><\/div>\n<\/div>\n<\/div>\n\n\n\n<p><\/p>\n","protected":false},"excerpt":{"rendered":"<p>Program \u2013 Dny Frankofonie 2026<\/p>\n","protected":false},"featured_media":16389,"parent":0,"template":"","zarazeni":[19],"class_list":["post-16351","kultura","type-kultura","status-publish","has-post-thumbnail","hentry","zarazeni-dny-frankofonie"],"acf":[],"_links":{"self":[{"href":"https:\/\/www.alliancefrancaise.cz\/plzen\/wp-json\/wp\/v2\/kultura\/16351","targetHints":{"allow":["GET"]}}],"collection":[{"href":"https:\/\/www.alliancefrancaise.cz\/plzen\/wp-json\/wp\/v2\/kultura"}],"about":[{"href":"https:\/\/www.alliancefrancaise.cz\/plzen\/wp-json\/wp\/v2\/types\/kultura"}],"version-history":[{"count":11,"href":"https:\/\/www.alliancefrancaise.cz\/plzen\/wp-json\/wp\/v2\/kultura\/16351\/revisions"}],"predecessor-version":[{"id":16565,"href":"https:\/\/www.alliancefrancaise.cz\/plzen\/wp-json\/wp\/v2\/kultura\/16351\/revisions\/16565"}],"wp:featuredmedia":[{"embeddable":true,"href":"https:\/\/www.alliancefrancaise.cz\/plzen\/wp-json\/wp\/v2\/media\/16389"}],"wp:attachment":[{"href":"https:\/\/www.alliancefrancaise.cz\/plzen\/wp-json\/wp\/v2\/media?parent=16351"}],"wp:term":[{"taxonomy":"zarazeni","embeddable":true,"href":"https:\/\/www.alliancefrancaise.cz\/plzen\/wp-json\/wp\/v2\/zarazeni?post=16351"}],"curies":[{"name":"wp","href":"https:\/\/api.w.org\/{rel}","templated":true}]}}