{"id":2,"date":"2018-01-27T13:09:22","date_gmt":"2018-01-27T12:09:22","guid":{"rendered":"https:\/\/www.alliancefrancaise.cz\/plzen\/?page_id=2"},"modified":"2026-04-16T11:12:01","modified_gmt":"2026-04-16T09:12:01","slug":"uvod-2","status":"publish","type":"page","link":"https:\/\/www.alliancefrancaise.cz\/plzen\/","title":{"rendered":"\u00davod"},"content":{"rendered":"\n<div class=\"wp-block-cover alignfull is-light hp-first\"><img loading=\"lazy\" decoding=\"async\" width=\"1080\" height=\"608\" class=\"wp-block-cover__image-background wp-image-14606\" alt=\"\" src=\"https:\/\/www.alliancefrancaise.cz\/plzen\/wp-content\/uploads\/2024\/07\/nova-fasada-2024-3-e1773227805437.jpg\" data-object-fit=\"cover\" srcset=\"https:\/\/www.alliancefrancaise.cz\/plzen\/wp-content\/uploads\/2024\/07\/nova-fasada-2024-3-e1773227805437.jpg 1080w, https:\/\/www.alliancefrancaise.cz\/plzen\/wp-content\/uploads\/2024\/07\/nova-fasada-2024-3-e1773227805437-460x259.jpg 460w, https:\/\/www.alliancefrancaise.cz\/plzen\/wp-content\/uploads\/2024\/07\/nova-fasada-2024-3-e1773227805437-768x432.jpg 768w\" sizes=\"auto, (max-width: 1080px) 100vw, 1080px\" \/><span aria-hidden=\"true\" class=\"wp-block-cover__background has-white-background-color has-background-dim-40 has-background-dim\"><\/span><div class=\"wp-block-cover__inner-container is-layout-flow wp-block-cover-is-layout-flow\">\n<div class=\"wp-block-columns are-vertically-aligned-center is-layout-flex wp-container-core-columns-is-layout-9d6595d7 wp-block-columns-is-layout-flex\">\n<div class=\"wp-block-column is-vertically-aligned-center is-layout-flow wp-block-column-is-layout-flow\"><\/div>\n\n\n\n<div class=\"wp-block-column is-vertically-aligned-center blockText is-layout-flow wp-block-column-is-layout-flow\" style=\"flex-basis:60%\">\n<p class=\"has-text-align-center h1 animTop has-red-color has-text-color\" style=\"font-size:50px\">Mluvte francouzsky!<\/p>\n\n\n\n<p class=\"has-text-align-center h1 animTop has-red-color has-text-color\" style=\"font-size:50px\">\u017dijte francouzsky!<\/p>\n\n\n\n<div class=\"wp-block-buttons is-content-justification-center is-layout-flex wp-container-core-buttons-is-layout-16018d1d wp-block-buttons-is-layout-flex\">\n<div class=\"wp-block-button animTop is-style-fill\"><a class=\"wp-block-button__link wp-element-button\" href=\"https:\/\/www.alliancefrancaise.cz\/plzen\/skupinove-kurzy\/\">Zobrazit Kurzy<\/a><\/div>\n<\/div>\n<\/div>\n<\/div>\n<\/div><\/div>\n\n\n\n<h1 class=\"wp-block-heading\">Co v\u00e1m nab\u00edz\u00edme<\/h1>\n\n\n\n<div class=\"wp-block-columns are-vertically-aligned-center is-layout-flex wp-container-core-columns-is-layout-9d6595d7 wp-block-columns-is-layout-flex\">\n<div class=\"wp-block-column is-vertically-aligned-center is-layout-flow wp-block-column-is-layout-flow\">\n<figure class=\"wp-block-image size-full\"><a href=\"https:\/\/www.alliancefrancaise.cz\/plzen\/faq-delf\/\"><img loading=\"lazy\" decoding=\"async\" width=\"960\" height=\"540\" src=\"https:\/\/www.alliancefrancaise.cz\/plzen\/wp-content\/uploads\/2026\/03\/Slozit-uznavane-zkousky-1.png\" alt=\"\" class=\"wp-image-16617\" srcset=\"https:\/\/www.alliancefrancaise.cz\/plzen\/wp-content\/uploads\/2026\/03\/Slozit-uznavane-zkousky-1.png 960w, https:\/\/www.alliancefrancaise.cz\/plzen\/wp-content\/uploads\/2026\/03\/Slozit-uznavane-zkousky-1-460x259.png 460w, https:\/\/www.alliancefrancaise.cz\/plzen\/wp-content\/uploads\/2026\/03\/Slozit-uznavane-zkousky-1-768x432.png 768w\" sizes=\"auto, (max-width: 960px) 100vw, 960px\" \/><\/a><\/figure>\n<\/div>\n\n\n\n<div class=\"wp-block-column is-vertically-aligned-center is-layout-flow wp-block-column-is-layout-flow\">\n<figure class=\"wp-block-image size-full\"><a href=\"https:\/\/www.alliancefrancaise.cz\/plzen\/objevte-francouzskou-kulturu\/\"><img loading=\"lazy\" decoding=\"async\" width=\"960\" height=\"540\" src=\"https:\/\/www.alliancefrancaise.cz\/plzen\/wp-content\/uploads\/2026\/03\/Objevovat-francouzskou-kulturu-3.png\" alt=\"\" class=\"wp-image-16613\" srcset=\"https:\/\/www.alliancefrancaise.cz\/plzen\/wp-content\/uploads\/2026\/03\/Objevovat-francouzskou-kulturu-3.png 960w, https:\/\/www.alliancefrancaise.cz\/plzen\/wp-content\/uploads\/2026\/03\/Objevovat-francouzskou-kulturu-3-460x259.png 460w, https:\/\/www.alliancefrancaise.cz\/plzen\/wp-content\/uploads\/2026\/03\/Objevovat-francouzskou-kulturu-3-768x432.png 768w\" sizes=\"auto, (max-width: 960px) 100vw, 960px\" \/><\/a><\/figure>\n<\/div>\n\n\n\n<div class=\"wp-block-column is-vertically-aligned-center is-layout-flow wp-block-column-is-layout-flow\">\n<figure class=\"wp-block-image size-full\"><a href=\"https:\/\/www.alliancefrancaise.cz\/plzen\/rok-ve-francii\/\"><img loading=\"lazy\" decoding=\"async\" width=\"960\" height=\"540\" src=\"https:\/\/www.alliancefrancaise.cz\/plzen\/wp-content\/uploads\/2026\/03\/Odjet-na-rok-studovat-do-Francie-1.png\" alt=\"\" class=\"wp-image-16615\" style=\"aspect-ratio:16\/9;object-fit:cover\" srcset=\"https:\/\/www.alliancefrancaise.cz\/plzen\/wp-content\/uploads\/2026\/03\/Odjet-na-rok-studovat-do-Francie-1.png 960w, https:\/\/www.alliancefrancaise.cz\/plzen\/wp-content\/uploads\/2026\/03\/Odjet-na-rok-studovat-do-Francie-1-460x259.png 460w, https:\/\/www.alliancefrancaise.cz\/plzen\/wp-content\/uploads\/2026\/03\/Odjet-na-rok-studovat-do-Francie-1-768x432.png 768w\" sizes=\"auto, (max-width: 960px) 100vw, 960px\" \/><\/a><\/figure>\n<\/div>\n<\/div>\n\n\n\n<div class=\"wp-block-columns are-vertically-aligned-center is-layout-flex wp-container-core-columns-is-layout-9d6595d7 wp-block-columns-is-layout-flex\">\n<div class=\"wp-block-column is-vertically-aligned-center is-layout-flow wp-block-column-is-layout-flow\" style=\"flex-basis:66.66%\">\n<figure class=\"wp-block-image size-full\"><a href=\"https:\/\/www.alliancefrancaise.cz\/plzen\/letni-kurz-2026\/\"><img loading=\"lazy\" decoding=\"async\" width=\"709\" height=\"194\" src=\"https:\/\/www.alliancefrancaise.cz\/plzen\/wp-content\/uploads\/2026\/04\/Letni-kurzy-francouzstiny-1-e1776330522337.png\" alt=\"\" class=\"wp-image-16721\" srcset=\"https:\/\/www.alliancefrancaise.cz\/plzen\/wp-content\/uploads\/2026\/04\/Letni-kurzy-francouzstiny-1-e1776330522337.png 709w, https:\/\/www.alliancefrancaise.cz\/plzen\/wp-content\/uploads\/2026\/04\/Letni-kurzy-francouzstiny-1-e1776330522337-460x126.png 460w\" sizes=\"auto, (max-width: 709px) 100vw, 709px\" \/><\/a><\/figure>\n<\/div>\n\n\n\n<div class=\"wp-block-column is-vertically-aligned-center is-layout-flow wp-block-column-is-layout-flow\" style=\"flex-basis:33.33%\">\n<h2 class=\"wp-block-heading\">Letn\u00ed kurzy 2026<\/h2>\n\n\n\n<p>Zjist\u011bte v\u0161echny podrobnosti o letn\u00edch intenzivn\u00edch kurzech.<\/p>\n\n\n\n<div class=\"wp-block-buttons is-content-justification-center is-layout-flex wp-container-core-buttons-is-layout-16018d1d wp-block-buttons-is-layout-flex\">\n<div class=\"wp-block-button\"><a class=\"wp-block-button__link wp-element-button\" href=\"https:\/\/www.alliancefrancaise.cz\/plzen\/letni-kurz-2026\/\">Detaily<\/a><\/div>\n<\/div>\n<\/div>\n<\/div>\n\n\n<div class=\"row kategorieKurzu my-4 position-relative\"><div class=\"col-md-8 order-md-1 order-2\"><div class=\"row\"><div class=\"col-md-6 my-4 animTop\"><div class=\"obalKategorieKurzu p-4 pt-5 h-100 w-100\"><h3 class=\"h5 mb-3\"><a href=\"https:\/\/www.alliancefrancaise.cz\/plzen\/skupinove-kurzy\/\">Skupinov\u00e9 kurzy<\/a><\/h3><p>M\u00e1te mo\u017enost nav\u0161t\u011bvovat kurzy obecn\u00e9 francouz\u0161tiny nebo konverza\u010dn\u00ed kurzy. K dispozici jsou tak\u00e9 kurzy pro d\u011bti, seniory a mnoho dal\u0161\u00edch.<\/p><a href=\"https:\/\/www.alliancefrancaise.cz\/plzen\/skupinove-kurzy\/\" class=\"btn btnMore\">Zobrazit kurzy<\/a><\/div><\/div><div class=\"col-md-6 my-4 animTop\"><div class=\"obalKategorieKurzu p-4 pt-5 h-100 w-100\"><h3 class=\"h5 mb-3\"><a href=\"https:\/\/www.alliancefrancaise.cz\/plzen\/individualni-kurzy\/\">Individu\u00e1ln\u00ed kurzy<\/a><\/h3><p>Individu\u00e1ln\u00ed v\u00fduka v\u00e1m umo\u017en\u00ed zdokonalit si znalosti francouz\u0161tiny podle sv\u00e9ho tempa. Prob\u00edhat m\u016f\u017ee p\u0159\u00edmo v prostor\u00e1ch Alliance Fran\u00e7aise nebo online \u010di na jin\u00e9m m\u00edst\u011b dle domluvy.<\/p><a href=\"https:\/\/www.alliancefrancaise.cz\/plzen\/individualni-kurzy\/\" class=\"btn btnMore\">Zobrazit kurzy<\/a><\/div><\/div><\/div><\/div><div class=\"col-md-4 order-md-2 order-1 mt-4 pb-300\"><h2>U\u010cIT SE FRANCOUZ\u0160TINU<\/h2>\n<p><em>Nab\u00edz\u00edme <strong>skupinov\u00e9 kurzy francouz\u0161tiny<\/strong>, kter\u00e9 se konaj\u00ed ve dvou semestrech od z\u00e1\u0159\u00ed do \u010dervna. M\u016f\u017eete tak\u00e9 vyu\u017e\u00edt <strong>individu\u00e1ln\u00ed lekce<\/strong> s na\u0161imi u\u010diteli.<\/em><\/p>\n<\/div><\/div>","protected":false},"excerpt":{"rendered":"<p>Co v\u00e1m nab\u00edz\u00edme Letn\u00ed kurzy 2026 Zjist\u011bte v\u0161echny podrobnosti o letn\u00edch intenzivn\u00edch kurzech.<\/p>\n","protected":false},"author":1,"featured_media":0,"parent":0,"menu_order":0,"comment_status":"closed","ping_status":"closed","template":"","meta":{"_acf_changed":false,"footnotes":""},"class_list":["post-2","page","type-page","status-publish","hentry"],"acf":[],"_links":{"self":[{"href":"https:\/\/www.alliancefrancaise.cz\/plzen\/wp-json\/wp\/v2\/pages\/2","targetHints":{"allow":["GET"]}}],"collection":[{"href":"https:\/\/www.alliancefrancaise.cz\/plzen\/wp-json\/wp\/v2\/pages"}],"about":[{"href":"https:\/\/www.alliancefrancaise.cz\/plzen\/wp-json\/wp\/v2\/types\/page"}],"author":[{"embeddable":true,"href":"https:\/\/www.alliancefrancaise.cz\/plzen\/wp-json\/wp\/v2\/users\/1"}],"replies":[{"embeddable":true,"href":"https:\/\/www.alliancefrancaise.cz\/plzen\/wp-json\/wp\/v2\/comments?post=2"}],"version-history":[{"count":19,"href":"https:\/\/www.alliancefrancaise.cz\/plzen\/wp-json\/wp\/v2\/pages\/2\/revisions"}],"predecessor-version":[{"id":16725,"href":"https:\/\/www.alliancefrancaise.cz\/plzen\/wp-json\/wp\/v2\/pages\/2\/revisions\/16725"}],"wp:attachment":[{"href":"https:\/\/www.alliancefrancaise.cz\/plzen\/wp-json\/wp\/v2\/media?parent=2"}],"curies":[{"name":"wp","href":"https:\/\/api.w.org\/{rel}","templated":true}]}}